{"id":62367,"date":"2025-03-17T14:00:32","date_gmt":"2025-03-17T13:00:32","guid":{"rendered":"https:\/\/www.hindrumfjordsenter.no\/vitejte\/obchody_s_potravinami_a_restaurace\/mesto_trondheim\/trondheim_historiske_skatter_naturperler_attraksjoner\/"},"modified":"2025-03-29T19:57:27","modified_gmt":"2025-03-29T18:57:27","slug":"muzea-priroda-atrakce-trondheim","status":"publish","type":"page","link":"https:\/\/www.hindrumfjordsenter.no\/cs\/vitejte\/obchody_s_potravinami_a_restaurace\/mesto_trondheim\/muzea-priroda-atrakce-trondheim\/","title":{"rendered":"Trondheim P\u0159ehled"},"content":{"rendered":"\t\t<div data-elementor-type=\"wp-page\" data-elementor-id=\"62367\" class=\"elementor elementor-62367 elementor-61084\">\n\t\t\t\t\t\t<section class=\"elementor-section elementor-top-section elementor-element elementor-element-300bdf88 elementor-section-full_width elementor-section-height-default elementor-section-height-default\" data-id=\"300bdf88\" data-element_type=\"section\" data-e-type=\"section\">\n\t\t\t\t\t\t<div class=\"elementor-container elementor-column-gap-default\">\n\t\t\t\t\t<div class=\"elementor-column elementor-col-100 elementor-top-column elementor-element elementor-element-b064bf3\" data-id=\"b064bf3\" data-element_type=\"column\" data-e-type=\"column\">\n\t\t\t<div class=\"elementor-widget-wrap elementor-element-populated\">\n\t\t\t\t\t\t<div class=\"elementor-element elementor-element-4f810729 animated-slow elementor-invisible elementor-widget elementor-widget-heading\" data-id=\"4f810729\" data-element_type=\"widget\" data-e-type=\"widget\" data-settings=\"{&quot;_animation&quot;:&quot;fadeIn&quot;}\" data-widget_type=\"heading.default\">\n\t\t\t\t<div class=\"elementor-widget-container\">\n\t\t\t\t\t<h1 class=\"elementor-heading-title elementor-size-default\">Trondheim Index \u2013 Tv\u016fj pr\u016fvodce historick\u00fdmi poklady, p\u0159\u00edrodn\u00edmi perlami a atrakcemi<\/h1>\t\t\t\t<\/div>\n\t\t\t\t<\/div>\n\t\t\t\t<div class=\"elementor-element elementor-element-4a34518 animated-slow elementor-invisible elementor-widget elementor-widget-heading\" data-id=\"4a34518\" data-element_type=\"widget\" data-e-type=\"widget\" data-settings=\"{&quot;_animation&quot;:&quot;fadeIn&quot;}\" data-widget_type=\"heading.default\">\n\t\t\t\t<div class=\"elementor-widget-container\">\n\t\t\t\t\t<h2 class=\"elementor-heading-title elementor-size-default\">Od st\u0159edov\u011bk\u00e9 katedr\u00e1ly Nidaros po modern\u00ed muzea a kr\u00e1sn\u00e9 turistick\u00e9 oblasti \u2013 zde si ka\u017ed\u00fd najde n\u011bco pro sebe!<\/h2>\t\t\t\t<\/div>\n\t\t\t\t<\/div>\n\t\t\t\t<div class=\"elementor-element elementor-element-22ee53ad elementor-widget-divider--view-line_icon elementor-widget-divider--separator-type-pattern elementor-widget-divider--no-spacing elementor-view-default elementor-widget-divider--element-align-center elementor-widget elementor-widget-divider\" data-id=\"22ee53ad\" data-element_type=\"widget\" data-e-type=\"widget\" data-widget_type=\"divider.default\">\n\t\t\t\t<div class=\"elementor-widget-container\">\n\t\t\t\t\t\t\t<div class=\"elementor-divider\" style=\"--divider-pattern-url: url(&quot;data:image\/svg+xml,%3Csvg xmlns=&#039;http:\/\/www.w3.org\/2000\/svg&#039; preserveAspectRatio=&#039;xMidYMid meet&#039; overflow=&#039;visible&#039; height=&#039;100%&#039; viewBox=&#039;0 0 120 26&#039; fill=&#039;black&#039; stroke=&#039;none&#039;%3E%3Cpolygon points=&#039;0,14.4 0,21 11.5,12.4 21.3,20 30.4,11.1 40.3,20 51,12.4 60.6,20 69.6,11.1 79.3,20 90.1,12.4 99.6,20 109.7,11.1 120,21 120,14.4 109.7,5 99.6,13 90.1,5 79.3,14.5 71,5.7 60.6,12.4 51,5 40.3,14.5 31.1,5 21.3,13 11.5,5 \t&#039;\/%3E%3C\/svg%3E&quot;);\">\n\t\t\t<span class=\"elementor-divider-separator\">\n\t\t\t\t\t\t\t<div class=\"elementor-icon elementor-divider__element\">\n\t\t\t\t\t<i aria-hidden=\"true\" class=\"fas fa-city\"><\/i><\/div>\n\t\t\t\t\t\t<\/span>\n\t\t<\/div>\n\t\t\t\t\t\t<\/div>\n\t\t\t\t<\/div>\n\t\t\t\t\t<\/div>\n\t\t<\/div>\n\t\t\t\t\t<\/div>\n\t\t<\/section>\n\t\t\t\t<section class=\"elementor-section elementor-top-section elementor-element elementor-element-1c69839a elementor-section-stretched elementor-section-boxed elementor-section-height-default elementor-section-height-default\" data-id=\"1c69839a\" data-element_type=\"section\" data-e-type=\"section\" data-settings=\"{&quot;background_background&quot;:&quot;classic&quot;,&quot;stretch_section&quot;:&quot;section-stretched&quot;,&quot;shape_divider_top&quot;:&quot;tilt&quot;,&quot;shape_divider_bottom&quot;:&quot;tilt&quot;,&quot;animation&quot;:&quot;none&quot;,&quot;animation_tablet&quot;:&quot;none&quot;,&quot;animation_mobile&quot;:&quot;none&quot;}\">\n\t\t\t\t\t<div class=\"elementor-shape elementor-shape-top\" aria-hidden=\"true\" data-negative=\"false\">\n\t\t\t<svg xmlns=\"http:\/\/www.w3.org\/2000\/svg\" viewBox=\"0 0 1000 100\" preserveAspectRatio=\"none\">\n\t<path class=\"elementor-shape-fill\" d=\"M0,6V0h1000v100L0,6z\"\/>\n<\/svg>\t\t<\/div>\n\t\t\t\t<div class=\"elementor-shape elementor-shape-bottom\" aria-hidden=\"true\" data-negative=\"false\">\n\t\t\t<svg xmlns=\"http:\/\/www.w3.org\/2000\/svg\" viewBox=\"0 0 1000 100\" preserveAspectRatio=\"none\">\n\t<path class=\"elementor-shape-fill\" d=\"M0,6V0h1000v100L0,6z\"\/>\n<\/svg>\t\t<\/div>\n\t\t\t\t\t<div class=\"elementor-container elementor-column-gap-default\">\n\t\t\t\t\t<div class=\"elementor-column elementor-col-100 elementor-top-column elementor-element elementor-element-51897660\" data-id=\"51897660\" data-element_type=\"column\" data-e-type=\"column\">\n\t\t\t<div class=\"elementor-widget-wrap elementor-element-populated\">\n\t\t\t\t\t\t<div class=\"elementor-element elementor-element-1d0768f7 elementor-widget elementor-widget-menu-anchor\" data-id=\"1d0768f7\" data-element_type=\"widget\" data-e-type=\"widget\" data-widget_type=\"menu-anchor.default\">\n\t\t\t\t<div class=\"elementor-widget-container\">\n\t\t\t\t\t\t\t<div class=\"elementor-menu-anchor\" id=\"austrattborgen\"><\/div>\n\t\t\t\t\t\t<\/div>\n\t\t\t\t<\/div>\n\t\t\t\t<div class=\"elementor-element elementor-element-cee4ee elementor-widget elementor-widget-text-editor\" data-id=\"cee4ee\" data-element_type=\"widget\" data-e-type=\"widget\" data-widget_type=\"text-editor.default\">\n\t\t\t\t<div class=\"elementor-widget-container\">\n\t\t\t\t\t\t\t\t\t<p class=\"p4\"><em><strong>Hrad Austr\u00e5tt<\/strong> je jedn\u00edm z nejstar\u0161\u00edch a nejzachovalej\u0161\u00edch \u0161lechtick\u00fdch s\u00eddel v Norsku, nach\u00e1zej\u00edc\u00ed se v \u00d8rlandu v regionu Tr\u00f8ndelag. S histori\u00ed sahaj\u00edc\u00ed v\u00edce ne\u017e 800 let zp\u011bt je Austr\u00e5ttborgen v\u00fdznamnou kulturn\u00ed pam\u00e1tkou a jednou z nejfascinuj\u00edc\u00edch historick\u00fdch budov v zemi.<\/em><\/p>\n<p class=\"p3\"><em><b>Historie a v\u00fdznam<\/b><\/em><\/p>\n<p class=\"p5\"><em>\u2022 Hrad Austr\u00e5tt m\u00e1 ko\u0159eny ve st\u0159edov\u011bku a po dlouhou dobu byl v\u00fdznamn\u00fdm centrem moci v Norsku.<\/em><\/p>\n<p class=\"p5\"><em>\u2022 Nejzn\u00e1m\u011bj\u0161\u00edm majitelem byl kancl\u00e9\u0159 Ove Bjelke (1611\u20131674), kter\u00fd v 17. stolet\u00ed p\u0159estav\u011bl hrad na impozantn\u00ed renesan\u010dn\u00ed s\u00eddlo.<\/em><\/p>\n<p class=\"p5\"><em>\u2022 Stavba hr\u00e1la d\u016fle\u017eitou roli v norsk\u00e9 politice a kulturn\u00ed historii a hostila \u0161lechtice, \u00fa\u0159edn\u00edky i kr\u00e1lovsk\u00e9 n\u00e1v\u0161t\u011bvn\u00edky.<\/em><\/p>\n<p class=\"p3\"><em><b>Architektura a kulturn\u00ed hodnota<\/b><\/em><\/p>\n<p class=\"p5\"><em>\u2022 Hrad Austr\u00e5tt kombinuje st\u0159edov\u011bk\u00e9 obrann\u00e9 prvky s elegantn\u00ed renesan\u010dn\u00ed architekturou a p\u0159edstavuje vz\u00e1cn\u00fd p\u0159\u00edklad norsk\u00e9ho \u0161lechtick\u00e9ho s\u00eddla.<\/em><\/p>\n<p class=\"p5\"><em>\u2022 Hlavn\u00ed budova se vyzna\u010duje charakteristickou v\u011b\u017e\u00ed, n\u00e1dhern\u00fdmi kamenn\u00fdmi detaily a impozantn\u00edm barokn\u00edm s\u00e1lem.<\/em><\/p>\n<p class=\"p5\"><em>\u2022 Dnes je Austr\u00e5ttborgen chr\u00e1n\u011bnou kulturn\u00ed pam\u00e1tkou a obl\u00edben\u00fdm c\u00edlem pro milovn\u00edky historie a architektury.<\/em><\/p>\n<p class=\"p3\"><em><b>Z\u00e1\u017eitky a prohl\u00eddky<\/b><\/em><\/p>\n<p class=\"p5\"><em>\u2022 N\u00e1v\u0161t\u011bvn\u00edci se mohou z\u00fa\u010dastnit komentovan\u00fdch prohl\u00eddek, kter\u00e9 p\u0159ibl\u00ed\u017e\u00ed dramatickou historii hradu od st\u0159edov\u011bku a\u017e po sou\u010dasnost.<\/em><\/p>\n<p class=\"p5\"><em>\u2022 Interi\u00e9r hradu nab\u00edz\u00ed jedine\u010dn\u00fd pohled na \u017eivot norsk\u00e9 \u0161lechty, v\u010detn\u011b p\u016fvodn\u00edho n\u00e1bytku, um\u011bn\u00ed a historick\u00fdch p\u0159edm\u011bt\u016f.<\/em><\/p>\n<p class=\"p5\"><em>\u2022 Okol\u00ed hradu Austr\u00e5tt poskytuje kr\u00e1sn\u00e9 mo\u017enosti pro turistiku s v\u00fdhledem na Trondheimsfjord a upraven\u00e9 parky.<\/em><\/p>\n<p class=\"p3\"><em><b>Austr\u00e5tt a \u00d8rland<\/b><\/em><\/p>\n<p class=\"p5\"><em>\u2022 Austr\u00e5tt se nach\u00e1z\u00ed v obci \u00d8rland, kter\u00e1 je zn\u00e1m\u00e1 bohat\u00fdm pta\u010d\u00edm \u017eivotem a n\u00e1dhernou p\u0159\u00edrodou.<\/em><\/p>\n<p class=\"p5\"><em>\u2022 Nedaleko hradu se nach\u00e1z\u00ed Austr\u00e5ttlunden, malebn\u00e1 lesn\u00ed oblast ide\u00e1ln\u00ed pro proch\u00e1zky a rekrea\u010dn\u00ed aktivity.<\/em><\/p>\n<p class=\"p5\"><em>\u2022 \u00d8rland Kultursenter \u010dasto po\u0159\u00e1d\u00e1 p\u0159edn\u00e1\u0161ky a kulturn\u00ed akce spojen\u00e9 s histori\u00ed hradu Austr\u00e5tt a regionu.<\/em><\/p>\n<p class=\"p3\"><em><b>Doprava a dostupnost<\/b><\/em><\/p>\n<p class=\"p5\"><em>\u2022 Hrad Austr\u00e5tt le\u017e\u00ed asi 2 hodiny j\u00edzdy od Trondheimu a lze se k n\u011bmu dostat trajektem Flakk-R\u00f8rvik a malebn\u00fdmi silnicemi p\u0159es \u00d8rland.<\/em><\/p>\n<p class=\"p5\"><em>\u2022 U hradu je k dispozici dostatek parkovac\u00edch m\u00edst a n\u00e1v\u0161t\u011bvn\u00edci mohou v\u00fdlet spojit s dal\u0161\u00edmi atrakcemi v \u00d8rlandu.<\/em><\/p>\n<p class=\"p5\"><em>\u2022 Snadno si napl\u00e1nujte cestu pomoc\u00ed <a href=\"https:\/\/www.google.com\/maps\/place\/7140+Austr%C3%A5tt\/@63.7080728,9.7596334,15z\/data=!3m1!4b1!4m6!3m5!1s0x4612bea36f71d8e3:0xc2c5a239c04c5e0b!8m2!3d63.7074987!4d9.7697416!16s%2Fg%2F1jkxgbnkl?entry=ttu&amp;g_ep=EgoyMDI1MDMxNi4wIKXMDSoJLDEwMjExNjQwSAFQAw%3D%3D\">Google Maps<\/a> a nav\u0161tivte n\u00e1s je\u0161t\u011b dnes!<\/em><\/p>\t\t\t\t\t\t\t\t<\/div>\n\t\t\t\t<\/div>\n\t\t\t\t\t<\/div>\n\t\t<\/div>\n\t\t\t\t\t<\/div>\n\t\t<\/section>\n\t\t\t\t<section class=\"elementor-section elementor-top-section elementor-element elementor-element-29da5459 elementor-section-full_width elementor-section-stretched elementor-section-height-default elementor-section-height-default\" data-id=\"29da5459\" data-element_type=\"section\" data-e-type=\"section\" data-settings=\"{&quot;stretch_section&quot;:&quot;section-stretched&quot;}\">\n\t\t\t\t\t\t<div class=\"elementor-container elementor-column-gap-default\">\n\t\t\t\t\t<div class=\"elementor-column elementor-col-100 elementor-top-column elementor-element elementor-element-16751cf9\" data-id=\"16751cf9\" data-element_type=\"column\" data-e-type=\"column\">\n\t\t\t<div class=\"elementor-widget-wrap elementor-element-populated\">\n\t\t\t\t\t\t<div class=\"elementor-element elementor-element-1b22311a elementor-widget elementor-widget-menu-anchor\" data-id=\"1b22311a\" data-element_type=\"widget\" data-e-type=\"widget\" data-widget_type=\"menu-anchor.default\">\n\t\t\t\t<div class=\"elementor-widget-container\">\n\t\t\t\t\t\t\t<div class=\"elementor-menu-anchor\" id=\"bakklandet\"><\/div>\n\t\t\t\t\t\t<\/div>\n\t\t\t\t<\/div>\n\t\t\t\t<div class=\"elementor-element elementor-element-65765aea elementor-widget elementor-widget-text-editor\" data-id=\"65765aea\" data-element_type=\"widget\" data-e-type=\"widget\" data-widget_type=\"text-editor.default\">\n\t\t\t\t<div class=\"elementor-widget-container\">\n\t\t\t\t\t\t\t\t\t<p class=\"p4\"><em><strong>Bakklandet<\/strong> je jednou z nejkouzeln\u011bj\u0161\u00edch \u010dtvrt\u00ed Trondheimu, zn\u00e1mou sv\u00fdmi barevn\u00fdmi d\u0159ev\u011bn\u00fdmi domy, dl\u00e1\u017ed\u011bn\u00fdmi uli\u010dkami a \u00fatuln\u00fdmi kav\u00e1rnami. Nach\u00e1z\u00ed se pod\u00e9l \u0159eky Nidelva a nab\u00edz\u00ed jedine\u010dnou atmosf\u00e9ru, kter\u00e1 spojuje historick\u00e9 kouzlo s pulzuj\u00edc\u00edm m\u011bstsk\u00fdm \u017eivotem.<\/em><\/p>\n<p class=\"p3\"><em><b>Historie a kultura<\/b><\/em><\/p>\n<p class=\"p5\"><em>\u2022 Bakklandet bylo p\u016fvodn\u011b domovem d\u011bln\u00edk\u016f a \u0159emesln\u00edk\u016f a od 17. stolet\u00ed tvo\u0159\u00ed d\u016fle\u017eitou sou\u010d\u00e1st m\u011bstsk\u00e9 krajiny Trondheimu.<\/em><\/p>\n<p class=\"p5\"><em>\u2022 B\u011bhem druh\u00e9 sv\u011btov\u00e9 v\u00e1lky hrozila \u010dtvrti demolice, ale d\u00edky siln\u00e9 m\u00edstn\u00ed iniciativ\u011b byla zachr\u00e1n\u011bna a dnes pat\u0159\u00ed k nejnav\u0161t\u011bvovan\u011bj\u0161\u00edm m\u00edst\u016fm ve m\u011bst\u011b.<\/em><\/p>\n<p class=\"p5\"><em>\u2022 Bakklandet je centrem kultury a kav\u00e1ren, s mnoha mal\u00fdmi galeriiemi, butiky a tradi\u010dn\u00edmi restauracemi.<\/em><\/p>\n<p class=\"p3\"><em><b>Atrakce a z\u00e1\u017eitky<\/b><\/em><\/p>\n<p class=\"p5\"><em>\u2022 <span class=\"s1\"><b>Historick\u00e9 d\u0159ev\u011bn\u00e9 domy a mosty<\/b><\/span>: \u010ctvr\u0165 je zn\u00e1m\u00e1 sv\u00fdmi ikonick\u00fdmi pastelov\u011b zbarven\u00fdmi domy pod\u00e9l \u0159eky Nidelva.<\/em><\/p>\n<p class=\"p5\"><em>\u2022 <span class=\"s1\"><b>Star\u00fd most (Gamle Bybro)<\/b><\/span>: P\u0159ezd\u00edvan\u00fd \u201eBr\u00e1na \u0161t\u011bst\u00ed\u201c, tento historick\u00fd most z roku 1681 nab\u00edz\u00ed jeden z nejkr\u00e1sn\u011bj\u0161\u00edch v\u00fdhled\u016f na Trondheim.<\/em><\/p>\n<p class=\"p5\"><em>\u2022 <span class=\"s1\"><b>Bakklandet Skydsstation<\/b><\/span>: Jedna z nejzn\u00e1m\u011bj\u0161\u00edch kav\u00e1ren v Trondheimu, proslul\u00e1 nostalgick\u00fdm interi\u00e9rem a tradi\u010dn\u00ed norskou kuchyn\u00ed.<\/em><\/p>\n<p class=\"p5\"><em>\u2022 <span class=\"s1\"><b>Trampe cyklov\u00fdtah<\/b><\/span>: Prvn\u00ed a jedin\u00fd cyklov\u00fdtah na sv\u011bt\u011b, z\u00e1bavn\u00fd z\u00e1\u017eitek pro n\u00e1v\u0161t\u011bvn\u00edky, kte\u0159\u00ed cht\u011bj\u00ed vyzkou\u0161et jedine\u010dn\u00fd zp\u016fsob, jak zdolat prudk\u00e9 ulice.<\/em><\/p>\n<p class=\"p3\"><em><b>Outdoorov\u00e9 aktivity a objevov\u00e1n\u00ed<\/b><\/em><\/p>\n<p class=\"p5\"><em>\u2022 Bakklandet je skv\u011bl\u00fdm v\u00fdchoz\u00edm bodem pro proch\u00e1zky pod\u00e9l \u0159eky Nidelva s mnoha kr\u00e1sn\u00fdmi v\u00fdhledy.<\/em><\/p>\n<p class=\"p5\"><em>\u2022 \u010ctvr\u0165 je p\u0159\u00e1telsk\u00e1 k cyklist\u016fm a mnoho n\u00e1v\u0161t\u011bvn\u00edk\u016f si p\u016fj\u010duje kola k prozkoum\u00e1n\u00ed malebn\u00fdch uli\u010dek a okoln\u00edch \u010dtvrt\u00ed Trondheimu.<\/em><\/p>\n<p class=\"p5\"><em>\u2022 V zim\u011b z\u00edsk\u00e1v\u00e1 Bakklandet kouzelnou atmosf\u00e9ru d\u00edky v\u00e1no\u010dn\u00edm sv\u011bt\u00fdlk\u016fm a \u00fatuln\u00fdm kav\u00e1rn\u00e1m, kde si m\u016f\u017eete vychutnat horkou \u010dokol\u00e1du.<\/em><\/p>\n<p class=\"p3\"><em><b>Doprava a dostupnost<\/b><\/em><\/p>\n<p class=\"p5\"><em>\u2022 Bakklandet se nach\u00e1z\u00ed jen p\u00e1r minut ch\u016fze od centra Trondheimu s jednoduch\u00fdm p\u0159\u00edstupem z Torvetu a Solsiden.<\/em><\/p>\n<p class=\"p5\"><em>\u2022 Snadno dostupn\u00e9 p\u011b\u0161ky, autobusem nebo na kole \u2013 v okol\u00ed je mo\u017enost pron\u00e1jmu kol pro ty, kte\u0159\u00ed cht\u011bj\u00ed prozkoumat \u010dtvr\u0165 na dvou kolech.<\/em><\/p>\n<p class=\"p5\"><em>\u2022 Snadno si napl\u00e1nujte n\u00e1v\u0161t\u011bvu pomoc\u00ed <a title=\"Pod\u00edvejte se na Bakklandet na Google Maps\" href=\"https:\/\/maps.app.goo.gl\/AEXoCs8dnWzu7XMx7\">Google Maps<\/a> a objevte jednu z nejkouzeln\u011bj\u0161\u00edch \u010dtvrt\u00ed Trondheimu.<\/em><\/p>\t\t\t\t\t\t\t\t<\/div>\n\t\t\t\t<\/div>\n\t\t\t\t\t<\/div>\n\t\t<\/div>\n\t\t\t\t\t<\/div>\n\t\t<\/section>\n\t\t\t\t<section class=\"elementor-section elementor-top-section elementor-element elementor-element-647bab4 elementor-section-stretched elementor-section-boxed elementor-section-height-default elementor-section-height-default\" data-id=\"647bab4\" data-element_type=\"section\" data-e-type=\"section\" data-settings=\"{&quot;stretch_section&quot;:&quot;section-stretched&quot;}\">\n\t\t\t\t\t\t<div class=\"elementor-container elementor-column-gap-default\">\n\t\t\t\t\t<div class=\"elementor-column elementor-col-100 elementor-top-column elementor-element elementor-element-c7f7506\" data-id=\"c7f7506\" data-element_type=\"column\" data-e-type=\"column\" data-settings=\"{&quot;background_background&quot;:&quot;classic&quot;}\">\n\t\t\t<div class=\"elementor-widget-wrap elementor-element-populated\">\n\t\t\t\t\t\t<div class=\"elementor-element elementor-element-8f1d773 elementor-widget elementor-widget-menu-anchor\" data-id=\"8f1d773\" data-element_type=\"widget\" data-e-type=\"widget\" data-widget_type=\"menu-anchor.default\">\n\t\t\t\t<div class=\"elementor-widget-container\">\n\t\t\t\t\t\t\t<div class=\"elementor-menu-anchor\" id=\"bondens_marked\"><\/div>\n\t\t\t\t\t\t<\/div>\n\t\t\t\t<\/div>\n\t\t\t\t<div class=\"elementor-element elementor-element-5bb3c5f0 elementor-widget elementor-widget-text-editor\" data-id=\"5bb3c5f0\" data-element_type=\"widget\" data-e-type=\"widget\" data-widget_type=\"text-editor.default\">\n\t\t\t\t<div class=\"elementor-widget-container\">\n\t\t\t\t\t\t\t\t\t<p class=\"p4\"><em><strong>Farm\u00e1\u0159sk\u00fd trh<\/strong> v Trondheimu je jedine\u010dn\u00fdm m\u00edstem setk\u00e1n\u00ed, kde m\u00edstn\u00ed farm\u00e1\u0159i a producenti prod\u00e1vaj\u00ed sv\u00e9 produkty p\u0159\u00edmo z\u00e1kazn\u00edk\u016fm. Trh se pravideln\u011b kon\u00e1 na n\u00e1m\u011bst\u00ed Torvet a d\u00e1v\u00e1 obyvatel\u016fm i n\u00e1v\u0161t\u011bvn\u00edk\u016fm mo\u017enost nakoupit \u010derstv\u00e9, lok\u00e1ln\u00ed suroviny t\u00e9 nejvy\u0161\u0161\u00ed kvality.<\/em><\/p>\n<p class=\"p3\"><em><b>Co najdete na farm\u00e1\u0159sk\u00e9m trhu<\/b><\/em><\/p>\n<p class=\"p5\"><em>\u2022 <span class=\"s1\"><b>M\u00edstn\u00ed suroviny<\/b><\/span>: Nejlep\u0161\u00ed sez\u00f3nn\u00ed zelenina, ovoce a bobuloviny z oblasti Tr\u00f8ndelagu.<\/em><\/p>\n<p class=\"p5\"><em>\u2022 <span class=\"s1\"><b>\u0158emesln\u00e9 s\u00fdry a ml\u00e9\u010dn\u00e9 v\u00fdrobky<\/b><\/span>: \u010cerstv\u00e9 ml\u00e9ko, m\u00e1slo a oce\u0148ovan\u00e9 s\u00fdry z m\u00edstn\u00edch farem.<\/em><\/p>\n<p class=\"p5\"><em>\u2022 <span class=\"s1\"><b>Maso a uzeniny<\/b><\/span>: Biomaso, su\u0161en\u00e9 klob\u00e1sy a dom\u00e1c\u00ed produkty z farm\u00e1\u0159sk\u00fdch chov\u016f.<\/em><\/p>\n<p class=\"p5\"><em>\u2022 <span class=\"s1\"><b>Tradi\u010dn\u00ed pe\u010divo<\/b><\/span>: Dom\u00e1c\u00ed chl\u00e9b, med, marmel\u00e1dy a \u0161\u0165\u00e1vy \u2013 v\u0161e vyr\u00e1b\u011bn\u00e9 s l\u00e1skou.<\/em><\/p>\n<p class=\"p5\"><em>\u2022 <span class=\"s1\"><b>Unik\u00e1tn\u00ed pochoutky<\/b><\/span>: M\u00edstn\u00ed speciality jako tradi\u010dn\u00ed placky, fermentovan\u00e9 ryby a dal\u0161\u00ed skandin\u00e1vsk\u00e9 delikatesy.<\/em><\/p>\n<p class=\"p3\"><em><b>Z\u00e1\u017eitek na trhu<\/b><\/em><\/p>\n<p class=\"p5\"><em>\u2022 <span class=\"s1\"><b>Setk\u00e1n\u00ed s producenty<\/b><\/span>: Zjist\u011bte, jak se vyr\u00e1b\u00ed potraviny a poslechn\u011bte si p\u0159\u00edb\u011bhy farm\u00e1\u0159\u016f.<\/em><\/p>\n<p class=\"p5\"><em>\u2022 <span class=\"s1\"><b>Ochutn\u00e1vky<\/b><\/span>: Mnoho prodejc\u016f nab\u00edz\u00ed bezplatn\u00e9 ochutn\u00e1vky sv\u00fdch produkt\u016f.<\/em><\/p>\n<p class=\"p5\"><em>\u2022 <span class=\"s1\"><b>P\u0159\u00edjemn\u00e1 atmosf\u00e9ra<\/b><\/span>: \u017div\u00fd trh pln\u00fd p\u0159\u00e1telsk\u00fdch lid\u00ed a l\u00e1sky k dobr\u00e9mu j\u00eddlu.<\/em><\/p>\n<p class=\"p5\"><em>\u2022 <span class=\"s1\"><b>Udr\u017eiteln\u00fd n\u00e1kup<\/b><\/span>: Podpo\u0159te mal\u00e9 farm\u00e1\u0159e a p\u0159isp\u011bjte k udr\u017eiteln\u011bj\u0161\u00edmu potravinov\u00e9mu syst\u00e9mu.<\/em><\/p>\n<p class=\"p3\"><em><b>Kdy a kde<\/b><\/em><\/p>\n<p class=\"p5\"><em>\u2022 <span class=\"s1\"><b>M\u00edsto:<\/b><\/span> N\u00e1m\u011bst\u00ed Torvet v Trondheimu.<\/em><\/p>\n<p class=\"p5\"><em>\u2022 <span class=\"s1\"><b>\u010cas:<\/b><\/span> Trh se kon\u00e1 pravideln\u011b b\u011bhem cel\u00e9ho roku, \u010dasto v sobotu.<\/em><\/p>\n<p class=\"p5\"><em>\u2022 <span class=\"s1\"><b>Sez\u00f3nn\u00ed nab\u00eddka<\/b><\/span>: Sortiment se m\u011bn\u00ed podle ro\u010dn\u00edho obdob\u00ed \u2013 \u010derstv\u00e9 jahody v l\u00e9t\u011b, v\u00e1no\u010dn\u00ed dobroty v zim\u011b.<\/em><\/p>\n<p class=\"p3\"><em><b>Doprava a dostupnost<\/b><\/em><\/p>\n<p class=\"p5\"><em>\u2022 <span class=\"s1\"><b>Dostupnost<\/b><\/span>: Snadn\u00fd p\u0159\u00edstup autobusem, na kole nebo p\u011b\u0161ky z centra m\u011bsta.<\/em><\/p>\n<p class=\"p5\"><em>\u2022 <span class=\"s1\"><b>Parkov\u00e1n\u00ed<\/b><\/span>: Parkovac\u00ed m\u00edsta pobl\u00ed\u017e pro n\u00e1v\u0161t\u011bvn\u00edky, kte\u0159\u00ed p\u0159ijedou autem.<\/em><\/p>\n<p class=\"p5\"><em>\u2022 <span class=\"s1\"><b>Vstup zdarma<\/b><\/span>: N\u00e1v\u0161t\u011bva trhu je zdarma.<\/em><\/p>\n<p class=\"p5\"><em>\u2022 <span class=\"s1\"><b>Najd\u011bte si cestu<\/b><\/span>: Pod\u00edvejte se na um\u00edst\u011bn\u00ed farm\u00e1\u0159sk\u00e9ho trhu na <a title=\"Pod\u00edvejte se na Farm\u00e1\u0159sk\u00fd trh na Google Maps\" href=\"https:\/\/maps.app.goo.gl\/sevYkEASkdfUppou9\">Google Maps<\/a> a napl\u00e1nujte si svou n\u00e1v\u0161t\u011bvu.<\/em><\/p>\t\t\t\t\t\t\t\t<\/div>\n\t\t\t\t<\/div>\n\t\t\t\t\t<\/div>\n\t\t<\/div>\n\t\t\t\t\t<\/div>\n\t\t<\/section>\n\t\t\t\t<section class=\"elementor-section elementor-top-section elementor-element elementor-element-1e2efcc9 elementor-section-full_width elementor-section-stretched elementor-section-height-default elementor-section-height-default\" data-id=\"1e2efcc9\" data-element_type=\"section\" data-e-type=\"section\" data-settings=\"{&quot;stretch_section&quot;:&quot;section-stretched&quot;}\">\n\t\t\t\t\t\t<div class=\"elementor-container elementor-column-gap-default\">\n\t\t\t\t\t<div class=\"elementor-column elementor-col-100 elementor-top-column elementor-element elementor-element-5225e77\" data-id=\"5225e77\" data-element_type=\"column\" data-e-type=\"column\">\n\t\t\t<div class=\"elementor-widget-wrap elementor-element-populated\">\n\t\t\t\t\t\t<div class=\"elementor-element elementor-element-502d5112 elementor-widget elementor-widget-menu-anchor\" data-id=\"502d5112\" data-element_type=\"widget\" data-e-type=\"widget\" data-widget_type=\"menu-anchor.default\">\n\t\t\t\t<div class=\"elementor-widget-container\">\n\t\t\t\t\t\t\t<div class=\"elementor-menu-anchor\" id=\"bymarka\"><\/div>\n\t\t\t\t\t\t<\/div>\n\t\t\t\t<\/div>\n\t\t\t\t<div class=\"elementor-element elementor-element-1943a752 elementor-widget elementor-widget-text-editor\" data-id=\"1943a752\" data-element_type=\"widget\" data-e-type=\"widget\" data-widget_type=\"text-editor.default\">\n\t\t\t\t<div class=\"elementor-widget-container\">\n\t\t\t\t\t\t\t\t\t<p class=\"p4\"><em><strong>Bymarka<\/strong> je nejv\u011bt\u0161\u00ed p\u0159\u00edrodn\u00ed oblast Trondheimu a r\u00e1j pro milovn\u00edky p\u0159\u00edrody po cel\u00fd rok. S v\u00edce ne\u017e 80 km zna\u010den\u00fdch stezek, jezery, lesy a horskou krajinou je Bymarka ide\u00e1ln\u00edm m\u00edstem pro turistiku, cyklistiku, b\u011b\u017eeck\u00e9 ly\u017eov\u00e1n\u00ed a ryba\u0159en\u00ed.<\/em><\/p>\n<p class=\"p3\"><em><b>Outdoorov\u00e9 aktivity<\/b><\/em><\/p>\n<p class=\"p5\"><em>\u2022 <span class=\"s1\"><b>Turistika a p\u011b\u0161\u00ed t\u00fary<\/b><\/span>: Bymarka nab\u00edz\u00ed rozs\u00e1hlou s\u00ed\u0165 tras od kr\u00e1tk\u00fdch rodinn\u00fdch proch\u00e1zek po n\u00e1ro\u010dn\u011bj\u0161\u00ed horsk\u00e9 t\u00fary.<\/em><\/p>\n<p class=\"p5\"><em>\u2022 <span class=\"s1\"><b>Zimn\u00ed sporty<\/b><\/span>: V zim\u011b se Bymarka m\u011bn\u00ed v r\u00e1j pro b\u011b\u017eeck\u00e9 ly\u017eov\u00e1n\u00ed s v\u00edce ne\u017e 200 km upravovan\u00fdch tras.<\/em><\/p>\n<p class=\"p5\"><em>\u2022 <span class=\"s1\"><b>Rybolov<\/b><\/span>: Oblast m\u00e1 n\u011bkolik jezer, v\u010detn\u011b Skjellbreia a Lianvannet, kde m\u016f\u017eete chytat pstruhy a okouny.<\/em><\/p>\n<p class=\"p5\"><em>\u2022 <span class=\"s1\"><b>Cyklistika<\/b><\/span>: Stezky v Bymarce jsou obl\u00edben\u00e9 pro horskou cyklistiku, s n\u00e1ro\u010dn\u00fdmi trasami a kr\u00e1sn\u00fdmi p\u0159\u00edrodn\u00edmi scen\u00e9riemi.<\/em><\/p>\n<p class=\"p3\"><em><b>Obl\u00edben\u00e9 turistick\u00e9 c\u00edle<\/b><\/em><\/p>\n<p class=\"p5\"><em>\u2022 <span class=\"s1\"><b>Gr\u00e5kallen (552 m n. m.)<\/b><\/span>: Jeden z nejpopul\u00e1rn\u011bj\u0161\u00edch vrchol\u016f s n\u00e1dhern\u00fdm v\u00fdhledem na Trondheim a Trondheimsk\u00fd fjord.<\/em><\/p>\n<p class=\"p5\"><em>\u2022 <span class=\"s1\"><b>Skjellbreia<\/b><\/span>: Malebn\u00e9 jezero ide\u00e1ln\u00ed pro relaxa\u010dn\u00ed proch\u00e1zku nebo piknik v p\u0159\u00edrod\u011b.<\/em><\/p>\n<p class=\"p5\"><em>\u2022 <span class=\"s1\"><b>Elgsethytta<\/b><\/span>: Obl\u00edben\u00e1 turistick\u00e1 chata s ob\u010derstven\u00edm, kde si po t\u00fa\u0159e m\u016f\u017eete vychutnat \u010derstv\u00e9 vafle a k\u00e1vu.<\/em><\/p>\n<p class=\"p5\"><em>\u2022 <span class=\"s1\"><b>Lian<\/b><\/span>: Skv\u011bl\u00e9 v\u00fdchoz\u00ed m\u00edsto pro p\u011b\u0161\u00ed t\u00fary, s p\u0159\u00edstupem k lesn\u00edm stezk\u00e1m a jezer\u016fm.<\/em><\/p>\n<p class=\"p3\"><em><b>Zimn\u00ed aktivity v Bymarce<\/b><\/em><\/p>\n<p class=\"p5\"><em>\u2022 Bymarka je jedn\u00edm z nejlep\u0161\u00edch m\u00edst v Trondheimu pro b\u011b\u017eeck\u00e9 ly\u017eov\u00e1n\u00ed, s trasami pro klasick\u00fd i brusla\u0159sk\u00fd styl.<\/em><\/p>\n<p class=\"p5\"><em>\u2022 Mnoho n\u00e1v\u0161t\u011bvn\u00edk\u016f zde podnik\u00e1 t\u00fary na sn\u011b\u017enic\u00edch, b\u011b\u017ek\u00e1ch nebo si u\u017e\u00edv\u00e1 hry ve sn\u011bhu.<\/em><\/p>\n<p class=\"p5\"><em>\u2022 <span class=\"s1\"><b>Gr\u00e5kallparken<\/b><\/span>: Mal\u00fd ly\u017ea\u0159sk\u00fd svah ide\u00e1ln\u00ed pro d\u011bti a za\u010d\u00e1te\u010dn\u00edky.<\/em><\/p>\n<p class=\"p3\"><em><b>Doprava a dostupnost<\/b><\/em><\/p>\n<p class=\"p5\"><em>\u2022 <span class=\"s1\"><b>Tramvaj na Lian<\/b><\/span>: Historick\u00e1 tramvajov\u00e1 linka Gr\u00e5kallbanen jezd\u00ed z centra Trondheimu na Lian, skv\u011bl\u00e9 v\u00fdchoz\u00ed m\u00edsto pro t\u00fary v Bymarce.<\/em><\/p>\n<p class=\"p5\"><em>\u2022 <span class=\"s1\"><b>Autobusov\u00e9 spojen\u00ed<\/b><\/span>: Z centra Trondheimu jezd\u00ed autobusy k r\u016fzn\u00fdm vstupn\u00edm bod\u016fm do Bymarky.<\/em><\/p>\n<p class=\"p5\"><em>\u2022 <span class=\"s1\"><b>Parkov\u00e1n\u00ed<\/b><\/span>: Parkovac\u00ed m\u00edsta jsou dostupn\u00e1 u vstup\u016f, jako jsou Lian, Skistua a Gran\u00e5sen.<\/em><\/p>\n<p class=\"p5\"><em>\u2022 <span class=\"s1\"><b>Najd\u011bte si cestu do Bymarky<\/b><\/span>: Pod\u00edvejte se na mapu a napl\u00e1nujte si n\u00e1v\u0161t\u011bvu pomoc\u00ed <a title=\"Pod\u00edvejte se na Bymarku na Google Maps\" href=\"https:\/\/maps.app.goo.gl\/7F4CLkZXReLgRAh79\">Google Maps<\/a>.<\/em><\/p>\t\t\t\t\t\t\t\t<\/div>\n\t\t\t\t<\/div>\n\t\t\t\t\t<\/div>\n\t\t<\/div>\n\t\t\t\t\t<\/div>\n\t\t<\/section>\n\t\t\t\t<section class=\"elementor-section elementor-top-section elementor-element elementor-element-5a8d47b5 elementor-section-stretched elementor-section-boxed elementor-section-height-default elementor-section-height-default\" data-id=\"5a8d47b5\" data-element_type=\"section\" data-e-type=\"section\" data-settings=\"{&quot;background_background&quot;:&quot;classic&quot;,&quot;stretch_section&quot;:&quot;section-stretched&quot;,&quot;shape_divider_top&quot;:&quot;tilt&quot;,&quot;shape_divider_bottom&quot;:&quot;tilt&quot;,&quot;animation&quot;:&quot;none&quot;,&quot;animation_tablet&quot;:&quot;none&quot;,&quot;animation_mobile&quot;:&quot;none&quot;}\">\n\t\t\t\t\t<div class=\"elementor-shape elementor-shape-top\" aria-hidden=\"true\" data-negative=\"false\">\n\t\t\t<svg xmlns=\"http:\/\/www.w3.org\/2000\/svg\" viewBox=\"0 0 1000 100\" preserveAspectRatio=\"none\">\n\t<path class=\"elementor-shape-fill\" d=\"M0,6V0h1000v100L0,6z\"\/>\n<\/svg>\t\t<\/div>\n\t\t\t\t<div class=\"elementor-shape elementor-shape-bottom\" aria-hidden=\"true\" data-negative=\"false\">\n\t\t\t<svg xmlns=\"http:\/\/www.w3.org\/2000\/svg\" viewBox=\"0 0 1000 100\" preserveAspectRatio=\"none\">\n\t<path class=\"elementor-shape-fill\" d=\"M0,6V0h1000v100L0,6z\"\/>\n<\/svg>\t\t<\/div>\n\t\t\t\t\t<div class=\"elementor-container elementor-column-gap-default\">\n\t\t\t\t\t<div class=\"elementor-column elementor-col-100 elementor-top-column elementor-element elementor-element-7ccc8a3e\" data-id=\"7ccc8a3e\" data-element_type=\"column\" data-e-type=\"column\">\n\t\t\t<div class=\"elementor-widget-wrap elementor-element-populated\">\n\t\t\t\t\t\t<div class=\"elementor-element elementor-element-34100f7c elementor-widget elementor-widget-menu-anchor\" data-id=\"34100f7c\" data-element_type=\"widget\" data-e-type=\"widget\" data-widget_type=\"menu-anchor.default\">\n\t\t\t\t<div class=\"elementor-widget-container\">\n\t\t\t\t\t\t\t<div class=\"elementor-menu-anchor\" id=\"erkebispegarden\"><\/div>\n\t\t\t\t\t\t<\/div>\n\t\t\t\t<\/div>\n\t\t\t\t<div class=\"elementor-element elementor-element-1350632d elementor-widget elementor-widget-text-editor\" data-id=\"1350632d\" data-element_type=\"widget\" data-e-type=\"widget\" data-widget_type=\"text-editor.default\">\n\t\t\t\t<div class=\"elementor-widget-container\">\n\t\t\t\t\t\t\t\t\t<p class=\"p4\"><em><strong>Erkebiskupsk\u00fd pal\u00e1c<\/strong> (Erkebispeg\u00e5rden) je jednou z nejv\u00fdznamn\u011bj\u0161\u00edch historick\u00fdch staveb v Norsku. Nach\u00e1z\u00ed se vedle katedr\u00e1ly Nidaros v Trondheimu a slou\u017eil jako s\u00eddlo norsk\u00fdch arcibiskup\u016f od 12. stolet\u00ed a\u017e do reformace v roce 1537. Po stalet\u00ed byl kl\u00ed\u010dov\u00fdm centrem moci.<\/em><\/p>\n<p class=\"p3\"><em><b>Historie a v\u00fdznam<\/b><\/em><\/p>\n<p class=\"p5\"><em>\u2022 <span class=\"s1\"><b>S\u00eddlo arcibiskupa<\/b><\/span>: Od 1160. let byl Erkebiskupsk\u00fd pal\u00e1c domovem norsk\u00fdch arcibiskup\u016f, kte\u0159\u00ed m\u011bli v\u00fdznamn\u00fd politick\u00fd a n\u00e1bo\u017eensk\u00fd vliv.<\/em><\/p>\n<p class=\"p5\"><em>\u2022 <span class=\"s1\"><b>Reformace<\/b><\/span>: Po reformaci v roce 1537 arcibiskupov\u00e9 ztratili moc a budova za\u010dala slou\u017eit vojensk\u00fdm \u00fa\u010del\u016fm.<\/em><\/p>\n<p class=\"p5\"><em>\u2022 <span class=\"s1\"><b>Zachovan\u00e9 ruiny<\/b><\/span>: Velk\u00e1 \u010d\u00e1st pal\u00e1ce byla obnovena a dnes mohou n\u00e1v\u0161t\u011bvn\u00edci objevovat p\u016fvodn\u00ed kamenn\u00e9 zdi a klenby ze st\u0159edov\u011bku.<\/em><\/p>\n<p class=\"p3\"><em><b>Expozice a muzea<\/b><\/em><\/p>\n<p class=\"p5\"><em>\u2022 <span class=\"s1\"><b>Muzeum Erkebispeg\u00e5rden<\/b><\/span>: Expozice archeologick\u00fdch n\u00e1lez\u016f a historick\u00fdch p\u0159edm\u011bt\u016f spojen\u00fdch s obdob\u00edm arcibiskup\u016f v Trondheimu.<\/em><\/p>\n<p class=\"p5\"><em>\u2022 <span class=\"s1\"><b>Rustkammeret<\/b><\/span>: Muzeum vojensk\u00e9 historie s uk\u00e1zkami zbran\u00ed, uniforem a vojensk\u00fdch artefakt\u016f od st\u0159edov\u011bku po sou\u010dasnost.<\/em><\/p>\n<p class=\"p5\"><em>\u2022 <span class=\"s1\"><b>Kr\u00e1lovsk\u00e1 mincovna<\/b><\/span>: St\u00e1l\u00e1 v\u00fdstava o ra\u017eb\u011b minc\u00ed v Erkebiskupsk\u00e9m pal\u00e1ci, kde si m\u016f\u017eete prohl\u00e9dnout star\u00e9 norsk\u00e9 mince vyroben\u00e9 p\u0159\u00edmo na tomto m\u00edst\u011b.<\/em><\/p>\n<p class=\"p5\"><em>\u2022 <span class=\"s1\"><b>Prohl\u00eddky s pr\u016fvodcem<\/b><\/span>: N\u00e1v\u0161t\u011bvn\u00edci se mohou z\u00fa\u010dastnit komentovan\u00fdch prohl\u00eddek, kter\u00e9 p\u0159ibli\u017euj\u00ed historii pal\u00e1ce a jeho roli ve st\u0159edov\u011bk\u00e9 norsk\u00e9 politice.<\/em><\/p>\n<p class=\"p3\"><em><b>Sou\u010dasn\u00e9 vyu\u017eit\u00ed a akce<\/b><\/em><\/p>\n<p class=\"p5\"><em>\u2022 Dnes se Erkebiskupsk\u00fd pal\u00e1c vyu\u017e\u00edv\u00e1 pro slavnostn\u00ed ud\u00e1losti, koncerty a v\u00fdstavy.<\/em><\/p>\n<p class=\"p5\"><em>\u2022 B\u011bhem festivalu Olavfest je pal\u00e1c centrem kulturn\u00edch akc\u00ed a historick\u00fdch p\u0159edstaven\u00ed.<\/em><\/p>\n<p class=\"p3\"><em><b>Doprava a dostupnost<\/b><\/em><\/p>\n<p class=\"p5\"><em>\u2022 <span class=\"s1\"><b>Centr\u00e1ln\u00ed poloha<\/b><\/span>: Erkebiskupsk\u00fd pal\u00e1c se nach\u00e1z\u00ed v srdci Trondheimu, p\u0159\u00edmo vedle katedr\u00e1ly Nidaros.<\/em><\/p>\n<p class=\"p5\"><em>\u2022 <span class=\"s1\"><b>Ve\u0159ejn\u00e1 doprava<\/b><\/span>: V p\u011b\u0161\u00ed vzd\u00e1lenosti od hlavn\u00edch autobusov\u00fdch zast\u00e1vek, jako jsou Prinsens gate a Torget.<\/em><\/p>\n<p class=\"p5\"><em>\u2022 <span class=\"s1\"><b>Parkov\u00e1n\u00ed<\/b><\/span>: K dispozici jsou parkovac\u00ed m\u00edsta v bl\u00edzkosti, nap\u0159\u00edklad u obchodn\u00edho centra Trondheim Torg.<\/em><\/p>\n<p class=\"p5\"><em>\u2022 <span class=\"s1\"><b>Najd\u011bte si cestu k Erkebiskupsk\u00e9mu pal\u00e1ci<\/b><\/span>: Prohl\u00e9dn\u011bte si mapu a napl\u00e1nujte si n\u00e1v\u0161t\u011bvu pomoc\u00ed <a title=\"Pod\u00edvejte se na Erkebiskupsk\u00fd pal\u00e1c na Google Maps\" href=\"https:\/\/maps.app.goo.gl\/vDsTc4JThxoXAQqz7\">Google Maps<\/a>.<\/em><\/p>\t\t\t\t\t\t\t\t<\/div>\n\t\t\t\t<\/div>\n\t\t\t\t\t<\/div>\n\t\t<\/div>\n\t\t\t\t\t<\/div>\n\t\t<\/section>\n\t\t\t\t<section class=\"elementor-section elementor-top-section elementor-element elementor-element-226b13b6 elementor-section-full_width elementor-section-stretched elementor-section-height-default elementor-section-height-default\" data-id=\"226b13b6\" data-element_type=\"section\" data-e-type=\"section\" data-settings=\"{&quot;stretch_section&quot;:&quot;section-stretched&quot;}\">\n\t\t\t\t\t\t<div class=\"elementor-container elementor-column-gap-default\">\n\t\t\t\t\t<div class=\"elementor-column elementor-col-100 elementor-top-column elementor-element elementor-element-6d8752c2\" data-id=\"6d8752c2\" data-element_type=\"column\" data-e-type=\"column\">\n\t\t\t<div class=\"elementor-widget-wrap elementor-element-populated\">\n\t\t\t\t\t\t<div class=\"elementor-element elementor-element-5d51834a elementor-widget elementor-widget-menu-anchor\" data-id=\"5d51834a\" data-element_type=\"widget\" data-e-type=\"widget\" data-widget_type=\"menu-anchor.default\">\n\t\t\t\t<div class=\"elementor-widget-container\">\n\t\t\t\t\t\t\t<div class=\"elementor-menu-anchor\" id=\"granasen\"><\/div>\n\t\t\t\t\t\t<\/div>\n\t\t\t\t<\/div>\n\t\t\t\t<div class=\"elementor-element elementor-element-299ecae4 elementor-widget elementor-widget-text-editor\" data-id=\"299ecae4\" data-element_type=\"widget\" data-e-type=\"widget\" data-widget_type=\"text-editor.default\">\n\t\t\t\t<div class=\"elementor-widget-container\">\n\t\t\t\t\t\t\t\t\t<p class=\"p4\"><em><strong>Gran\u00e5sen<\/strong> je nejv\u011bt\u0161\u00ed zimn\u00ed sportovn\u00ed are\u00e1l v Trondheimu a jedno z nejv\u00fdznamn\u011bj\u0161\u00edch norsk\u00fdch ly\u017ea\u0159sk\u00fdch st\u0159edisek. Je zn\u00e1m\u00fd sv\u00fdmi p\u016fsobiv\u00fdmi skokansk\u00fdmi m\u016fstky, b\u011b\u017eka\u0159sk\u00fdmi trat\u011bmi a modern\u00edm z\u00e1zem\u00edm, kter\u00e9 slou\u017e\u00ed jak pro mezin\u00e1rodn\u00ed mistrovstv\u00ed, tak pro ka\u017edodenn\u00ed tr\u00e9ninky sportovc\u016f.<\/em><\/p>\n<p class=\"p3\"><em><b>Ly\u017ea\u0159sk\u00fd sport a mezin\u00e1rodn\u00ed akce<\/b><\/em><\/p>\n<p class=\"p5\"><em>\u2022 <span class=\"s1\"><b>FIS Sv\u011btov\u00fd poh\u00e1r<\/b><\/span>: Gran\u00e5sen je pravideln\u00fdm hostitelem Sv\u011btov\u00e9ho poh\u00e1ru ve skoc\u00edch na ly\u017e\u00edch a seversk\u00e9 kombinaci a ka\u017edoro\u010dn\u011b p\u0159itahuje nejlep\u0161\u00ed sv\u011btov\u00e9 z\u00e1vodn\u00edky.<\/em><\/p>\n<p class=\"p5\"><em>\u2022 <span class=\"s1\"><b>Historie mistrovstv\u00ed sv\u011bta<\/b><\/span>: Gran\u00e5sen hostil n\u011bkolik velk\u00fdch mezin\u00e1rodn\u00edch \u0161ampion\u00e1t\u016f, v\u010detn\u011b Mistrovstv\u00ed sv\u011bta v klasick\u00e9m ly\u017eov\u00e1n\u00ed 1997 a nadch\u00e1zej\u00edc\u00edho MS 2025, kde se sout\u011b\u017e\u00ed v b\u011bhu na ly\u017e\u00edch, skoc\u00edch a seversk\u00e9 kombinaci.<\/em><\/p>\n<p class=\"p3\"><em><b>Rekreace a aktivity<\/b><\/em><\/p>\n<p class=\"p5\"><em>\u2022 <span class=\"s1\"><b>B\u011b\u017eeck\u00e9 trat\u011b<\/b><\/span>: Rozs\u00e1hl\u00e1 s\u00ed\u0165 tras vhodn\u00e1 jak pro rekrea\u010dn\u00ed ly\u017ea\u0159e, tak pro elitn\u00ed sportovce.<\/em><\/p>\n<p class=\"p5\"><em>\u2022 <span class=\"s1\"><b>Skokansk\u00e9 m\u016fstky<\/b><\/span>: Ikonick\u00e9 m\u016fstky, kter\u00e9 slou\u017e\u00ed k tr\u00e9nink\u016fm i sout\u011b\u017e\u00edm, s n\u00e1dhern\u00fdm v\u00fdhledem na Trondheim.<\/em><\/p>\n<p class=\"p5\"><em>\u2022 <span class=\"s1\"><b>Turistika a cyklistika<\/b><\/span>: Okol\u00ed Gran\u00e5senu nab\u00edz\u00ed kr\u00e1sn\u00e9 stezky pro horskou cyklistiku a p\u011b\u0161\u00ed turistiku b\u011bhem letn\u00edch m\u011bs\u00edc\u016f.<\/em><\/p>\n<p class=\"p5\"><em>\u2022 <span class=\"s1\"><b>Ly\u017ea\u0159sk\u00e1 dr\u00e1ha pro kole\u010dkov\u00e9 ly\u017ee<\/b><\/span>: Celoro\u010dn\u00ed tr\u00e9ninkov\u00e1 oblast pro b\u011b\u017eeck\u00e9 ly\u017ea\u0159e.<\/em><\/p>\n<p class=\"p3\"><em><b>Gran\u00e5sen Sportovn\u00ed park<\/b><\/em><\/p>\n<p class=\"p5\"><em>\u2022 <span class=\"s1\"><b>Tr\u00e9ninkov\u00e9 centrum<\/b><\/span>: Vyu\u017e\u00edvaj\u00ed jej jak vrcholov\u00ed sportovci, tak amat\u00e9r\u0161t\u00ed ly\u017ea\u0159i pro b\u011bh na ly\u017e\u00edch, skoky na ly\u017e\u00edch a severskou kombinaci.<\/em><\/p>\n<p class=\"p5\"><em>\u2022 <span class=\"s1\"><b>Biatlonov\u00fd are\u00e1l<\/b><\/span>: Modern\u00ed centrum pro biatlon, kter\u00e9 \u010dasto host\u00ed n\u00e1rodn\u00ed z\u00e1vody.<\/em><\/p>\n<p class=\"p5\"><em>\u2022 <span class=\"s1\"><b>Gran\u00e5sen Arena<\/b><\/span>: M\u00edsto pro koncerty, sportovn\u00ed akce a festivaly po cel\u00fd rok.<\/em><\/p>\n<p class=\"p3\"><em><b>Doprava a dostupnost<\/b><\/em><\/p>\n<p class=\"p5\"><em>\u2022 <span class=\"s1\"><b>Ve\u0159ejn\u00e1 doprava<\/b><\/span>: Autobusov\u00e9 spoje z centra Trondheimu zaji\u0161\u0165uj\u00ed snadn\u00fd p\u0159\u00edstup do Gran\u00e5senu.<\/em><\/p>\n<p class=\"p5\"><em>\u2022 <span class=\"s1\"><b>Parkov\u00e1n\u00ed<\/b><\/span>: K dispozici jsou rozs\u00e1hl\u00e1 parkovi\u0161t\u011b pro n\u00e1v\u0161t\u011bvn\u00edky.<\/em><\/p>\n<p class=\"p5\"><em>\u2022 <span class=\"s1\"><b>Bl\u00edzkost Bymarky<\/b><\/span>: Gran\u00e5sen se nach\u00e1z\u00ed u vstupu do Bymarky, jednoho z nejlep\u0161\u00edch turistick\u00fdch oblast\u00ed v Trondheimu.<\/em><\/p>\n<p class=\"p5\"><em>\u2022 <span class=\"s1\"><b>Najd\u011bte si cestu do Gran\u00e5senu<\/b><\/span>: Zobrazte mapu a napl\u00e1nujte si n\u00e1v\u0161t\u011bvu pomoc\u00ed <a title=\"Pod\u00edvejte se na Gran\u00e5sen na Google Maps\" href=\"https:\/\/maps.app.goo.gl\/xS1RvS8gvdksWs7F6\">Google Maps<\/a>.<\/em><\/p>\t\t\t\t\t\t\t\t<\/div>\n\t\t\t\t<\/div>\n\t\t\t\t\t<\/div>\n\t\t<\/div>\n\t\t\t\t\t<\/div>\n\t\t<\/section>\n\t\t\t\t<section class=\"elementor-section elementor-top-section elementor-element elementor-element-119e620 elementor-section-stretched elementor-section-boxed elementor-section-height-default elementor-section-height-default\" data-id=\"119e620\" data-element_type=\"section\" data-e-type=\"section\" data-settings=\"{&quot;stretch_section&quot;:&quot;section-stretched&quot;}\">\n\t\t\t\t\t\t<div class=\"elementor-container elementor-column-gap-default\">\n\t\t\t\t\t<div class=\"elementor-column elementor-col-100 elementor-top-column elementor-element elementor-element-6bc576ad\" data-id=\"6bc576ad\" data-element_type=\"column\" data-e-type=\"column\" data-settings=\"{&quot;background_background&quot;:&quot;classic&quot;}\">\n\t\t\t<div class=\"elementor-widget-wrap elementor-element-populated\">\n\t\t\t\t\t\t<div class=\"elementor-element elementor-element-636ceaa4 elementor-widget elementor-widget-menu-anchor\" data-id=\"636ceaa4\" data-element_type=\"widget\" data-e-type=\"widget\" data-widget_type=\"menu-anchor.default\">\n\t\t\t\t<div class=\"elementor-widget-container\">\n\t\t\t\t\t\t\t<div class=\"elementor-menu-anchor\" id=\"gramolna\"><\/div>\n\t\t\t\t\t\t<\/div>\n\t\t\t\t<\/div>\n\t\t\t\t<div class=\"elementor-element elementor-element-7835c9f5 elementor-widget elementor-widget-text-editor\" data-id=\"7835c9f5\" data-element_type=\"widget\" data-e-type=\"widget\" data-widget_type=\"text-editor.default\">\n\t\t\t\t<div class=\"elementor-widget-container\">\n\t\t\t\t\t\t\t\t\t<p class=\"p4\"><em><strong>Gr\u00e5m\u00f8lna<\/strong> je modern\u00ed kunsthalle v Trondheimu, kter\u00e1 je sou\u010d\u00e1st\u00ed Trondheimsk\u00e9ho um\u011bleck\u00e9ho muzea. Nach\u00e1z\u00ed se na Solsiden a slou\u017e\u00ed jako v\u00fdznamn\u00e1 platforma pro sou\u010dasn\u00e9 um\u011bn\u00ed a experiment\u00e1ln\u00ed v\u00fdstavy s d\u016frazem na norsk\u00e9 i mezin\u00e1rodn\u00ed um\u011blce.<\/em><\/p>\n<p class=\"p3\"><em><b>V\u00fdstavy a um\u011bleck\u00e9 koncepty<\/b><\/em><\/p>\n<p class=\"p5\"><em>\u2022 <span class=\"s1\"><b>Sou\u010dasn\u00e9 um\u011bn\u00ed<\/b><\/span>: Gr\u00e5m\u00f8lna p\u0159edstavuje modern\u00ed um\u011bleck\u00e1 d\u00edla v \u0161irok\u00e9m spektru m\u00e9di\u00ed, v\u010detn\u011b malby, socha\u0159stv\u00ed, instalac\u00ed a videa.<\/em><\/p>\n<p class=\"p5\"><em>\u2022 <span class=\"s1\"><b>Tematick\u00e9 v\u00fdstavy<\/b><\/span>: Kunsthalle host\u00ed expozice reflektuj\u00edc\u00ed aktu\u00e1ln\u00ed spole\u010densk\u00e1 t\u00e9mata a um\u011bleck\u00e9 experimenty.<\/em><\/p>\n<p class=\"p5\"><em>\u2022 <span class=\"s1\"><b>Rotuj\u00edc\u00ed kolekce z TKM<\/b><\/span>: Jako sou\u010d\u00e1st Trondheimsk\u00e9ho um\u011bleck\u00e9ho muzea pravideln\u011b vystavuje d\u00edla ze sb\u00edrky hlavn\u00edho muzea.<\/em><\/p>\n<p class=\"p3\"><em><b>Um\u011bn\u00ed a z\u00e1\u017eitky<\/b><\/em><\/p>\n<p class=\"p5\"><em>\u2022 <span class=\"s1\"><b>Interaktivn\u00ed um\u011bn\u00ed<\/b><\/span>: N\u011bkter\u00e9 v\u00fdstavy umo\u017e\u0148uj\u00ed n\u00e1v\u0161t\u011bvn\u00edk\u016fm aktivn\u011b se zapojit do um\u011bleck\u00e9ho procesu.<\/em><\/p>\n<p class=\"p5\"><em>\u2022 <span class=\"s1\"><b>Prezentace um\u011blc\u016f<\/b><\/span>: Pravideln\u00e1 setk\u00e1n\u00ed s um\u011blci, kte\u0159\u00ed sd\u00edlej\u00ed sv\u00e9 my\u0161lenky a inspirace.<\/em><\/p>\n<p class=\"p5\"><em>\u2022 <span class=\"s1\"><b>Prohl\u00eddky s pr\u016fvodcem<\/b><\/span>: Nab\u00edz\u00ed hlub\u0161\u00ed vhled do v\u00fdstav a jednotliv\u00fdch d\u011bl.<\/em><\/p>\n<p class=\"p3\"><em><b>Um\u00edst\u011bn\u00ed a historie<\/b><\/em><\/p>\n<p class=\"p5\"><em>\u2022 <span class=\"s1\"><b>Od pr\u016fmyslov\u00e9 budovy k um\u011bleck\u00e9mu centru<\/b><\/span>: Gr\u00e5m\u00f8lna s\u00eddl\u00ed v b\u00fdval\u00e9 pr\u016fmyslov\u00e9 budov\u011b na Solsiden, kter\u00e1 se prom\u011bnila v dynamickou kulturn\u00ed a obchodn\u00ed destinaci.<\/em><\/p>\n<p class=\"p5\"><em>\u2022 <span class=\"s1\"><b>Sou\u010d\u00e1st Trondheimsk\u00e9ho um\u011bleck\u00e9ho muzea<\/b><\/span>: Funguje jako roz\u0161\u00ed\u0159en\u00ed hlavn\u00edho muzea nach\u00e1zej\u00edc\u00edho se u katedr\u00e1ly Nidaros.<\/em><\/p>\n<p class=\"p3\"><em><b>Praktick\u00e9 informace<\/b><\/em><\/p>\n<p class=\"p5\"><em>\u2022 <span class=\"s1\"><b>Otev\u00edrac\u00ed doba<\/b><\/span>: Gr\u00e5m\u00f8lna se \u0159\u00edd\u00ed otev\u00edrac\u00ed dobou Trondheimsk\u00e9ho um\u011bleck\u00e9ho muzea.<\/em><\/p>\n<p class=\"p5\"><em>\u2022 <span class=\"s1\"><b>Voln\u00fd vstup ve vybran\u00e9 dny<\/b><\/span>: Muzeum nab\u00edz\u00ed bezplatn\u00fd vstup nebo zlevn\u011bn\u00e9 vstupn\u00e9 v ur\u010dit\u00fdch dnech.<\/em><\/p>\n<p class=\"p5\"><em>\u2022 <span class=\"s1\"><b>Poloha<\/b><\/span>: Nach\u00e1z\u00ed se v p\u011b\u0161\u00ed vzd\u00e1lenosti od centra Trondheimu, ide\u00e1ln\u00ed pro kombinaci s n\u00e1v\u0161t\u011bvou Solsiden.<\/em><\/p>\n<p class=\"p3\"><em><b>Doprava a dostupnost<\/b><\/em><\/p>\n<p class=\"p5\"><em>\u2022 <span class=\"s1\"><b>Ve\u0159ejn\u00e1 doprava<\/b><\/span>: Snadn\u00fd p\u0159\u00edstup autobusem nebo p\u016fj\u010den\u00fdm m\u011bstsk\u00fdm kolem.<\/em><\/p>\n<p class=\"p5\"><em>\u2022 <span class=\"s1\"><b>Parkov\u00e1n\u00ed<\/b><\/span>: Mo\u017enost parkov\u00e1n\u00ed v obchodn\u00edm centru Solsiden.<\/em><\/p>\n<p class=\"p5\"><em>\u2022 <span class=\"s1\"><b>Najd\u011bte cestu do Gr\u00e5m\u00f8lna<\/b><\/span>: Zobrazte mapu a napl\u00e1nujte si n\u00e1v\u0161t\u011bvu pomoc\u00ed <a title=\"Pod\u00edvejte se na Gr\u00e5m\u00f8lna na Google Maps\" href=\"https:\/\/maps.app.goo.gl\/uPVwci1N9auPE56r5\">Google Maps<\/a>.<\/em><\/p>\t\t\t\t\t\t\t\t<\/div>\n\t\t\t\t<\/div>\n\t\t\t\t\t<\/div>\n\t\t<\/div>\n\t\t\t\t\t<\/div>\n\t\t<\/section>\n\t\t\t\t<section class=\"elementor-section elementor-top-section elementor-element elementor-element-2a09448c elementor-section-full_width elementor-section-stretched elementor-section-height-default elementor-section-height-default\" data-id=\"2a09448c\" data-element_type=\"section\" data-e-type=\"section\" data-settings=\"{&quot;stretch_section&quot;:&quot;section-stretched&quot;}\">\n\t\t\t\t\t\t<div class=\"elementor-container elementor-column-gap-default\">\n\t\t\t\t\t<div class=\"elementor-column elementor-col-100 elementor-top-column elementor-element elementor-element-2aebbfa6\" data-id=\"2aebbfa6\" data-element_type=\"column\" data-e-type=\"column\">\n\t\t\t<div class=\"elementor-widget-wrap elementor-element-populated\">\n\t\t\t\t\t\t<div class=\"elementor-element elementor-element-2dfc6674 elementor-widget elementor-widget-menu-anchor\" data-id=\"2dfc6674\" data-element_type=\"widget\" data-e-type=\"widget\" data-widget_type=\"menu-anchor.default\">\n\t\t\t\t<div class=\"elementor-widget-container\">\n\t\t\t\t\t\t\t<div class=\"elementor-menu-anchor\" id=\"hanna_ryggen\"><\/div>\n\t\t\t\t\t\t<\/div>\n\t\t\t\t<\/div>\n\t\t\t\t<div class=\"elementor-element elementor-element-5f537507 elementor-widget elementor-widget-text-editor\" data-id=\"5f537507\" data-element_type=\"widget\" data-e-type=\"widget\" data-widget_type=\"text-editor.default\">\n\t\t\t\t<div class=\"elementor-widget-container\">\n\t\t\t\t\t\t\t\t\t<p class=\"p4\"><em><strong>Hannah Ryggen-senteret<\/strong> je jedine\u010dn\u00e9 centrum um\u011bn\u00ed v Brekstad, v\u011bnovan\u00e9 slavn\u00e9 textiln\u00ed um\u011blkyni Hannah Ryggen. Nach\u00e1z\u00ed se v r\u00e1mci kulturn\u00edho centra \u00d8rland a pat\u0159\u00ed mezi n\u011bkolik m\u00e1lo m\u00edst na sv\u011bt\u011b, kde lze vid\u011bt jej\u00ed monument\u00e1ln\u00ed tkan\u00e9 tapiserie v pln\u00e9 \u0161\u00ed\u0159i.<\/em><\/p>\n<p class=\"p3\"><em><b>Hannah Ryggen \u2013 pr\u016fkopnick\u00e1 um\u011blkyn\u011b<\/b><\/em><\/p>\n<p class=\"p5\"><em>\u2022 <span class=\"s1\"><b>Politick\u00e9 textiln\u00ed um\u011bn\u00ed<\/b><\/span>: Hannah Ryggen (1894\u20131970) byla jednou z nejv\u00fdznamn\u011bj\u0161\u00edch norsk\u00fdch um\u011blky\u0148, zn\u00e1m\u00e1 sv\u00fdmi tkan\u00fdmi d\u00edly reflektuj\u00edc\u00edmi politick\u00e1 a soci\u00e1ln\u00ed t\u00e9mata.<\/em><\/p>\n<p class=\"p5\"><em>\u2022 <span class=\"s1\"><b>V\u00e1lka, m\u00edr a lidsk\u00e1 pr\u00e1va<\/b><\/span>: Jej\u00ed tvorba byla protestem proti fa\u0161ismu, v\u00e1lce a \u00fatlaku, odr\u00e1\u017eej\u00edc\u00ed kl\u00ed\u010dov\u00e9 ud\u00e1losti 20. stolet\u00ed.<\/em><\/p>\n<p class=\"p5\"><em>\u2022 <span class=\"s1\"><b>Autodidaktka a inov\u00e1torka<\/b><\/span>: P\u0159esto\u017ee byla samoukem, vytvo\u0159ila vlastn\u00ed nezam\u011bniteln\u00fd styl a techniku v oblasti tkan\u00e9ho um\u011bn\u00ed.<\/em><\/p>\n<p class=\"p3\"><em><b>V\u00fdstavy a z\u00e1\u017eitky<\/b><\/em><\/p>\n<p class=\"p5\"><em>\u2022 <span class=\"s1\"><b>St\u00e1l\u00e9 expozice<\/b><\/span>: Centrum vystavuje v\u00fdb\u011br jej\u00edch nejv\u00fdznamn\u011bj\u0161\u00edch d\u011bl, v\u010detn\u011b &#8222;Dr\u00f8mmed\u00f8d&#8220; a &#8222;Etiopia&#8220;.<\/em><\/p>\n<p class=\"p5\"><em>\u2022 <span class=\"s1\"><b>Tematick\u00e9 v\u00fdstavy<\/b><\/span>: Pravideln\u011b obm\u011b\u0148ovan\u00e9 expozice, kter\u00e9 se v\u011bnuj\u00ed jej\u00edmu odkazu a modern\u00edmu textiln\u00edmu um\u011bn\u00ed.<\/em><\/p>\n<p class=\"p5\"><em>\u2022 <span class=\"s1\"><b>Workshopy a interaktivn\u00ed u\u010den\u00ed<\/b><\/span>: N\u00e1v\u0161t\u011bvn\u00edci se mohou sezn\u00e1mit s jej\u00edmi technikami tkan\u00ed a sami si je vyzkou\u0161et.<\/em><\/p>\n<p class=\"p3\"><em><b>Historick\u00fd v\u00fdznam<\/b><\/em><\/p>\n<p class=\"p5\"><em>\u2022 <span class=\"s1\"><b>Z \u00d8rlandu do sv\u011bta<\/b><\/span>: Hannah Ryggen str\u00e1vila v\u011bt\u0161inu sv\u00e9ho \u017eivota v \u00d8rlandu, kde rozv\u00edjela svou tvorbu a tkala sv\u00e1 ikonick\u00e1 d\u00edla.<\/em><\/p>\n<p class=\"p5\"><em>\u2022 <span class=\"s1\"><b>Mezin\u00e1rodn\u00ed uzn\u00e1n\u00ed<\/b><\/span>: Jej\u00ed pr\u00e1ce byla vystavena v presti\u017en\u00edch um\u011bleck\u00fdch instituc\u00edch, jako je MoMA v New Yorku a Documenta v Kasselu.<\/em><\/p>\n<p class=\"p3\"><em><b>Praktick\u00e9 informace<\/b><\/em><\/p>\n<p class=\"p5\"><em>\u2022 <span class=\"s1\"><b>Otev\u00edrac\u00ed doba<\/b><\/span>: Centrum se \u0159\u00edd\u00ed otev\u00edrac\u00ed dobou kulturn\u00edho centra \u00d8rland.<\/em><\/p>\n<p class=\"p5\"><em>\u2022 <span class=\"s1\"><b>Voln\u00fd vstup ve vybran\u00e9 dny<\/b><\/span>: N\u011bkter\u00e9 dny nab\u00edz\u00ed muzeum bezplatn\u00fd vstup nebo zv\u00fdhodn\u011bn\u00e9 vstupenky.<\/em><\/p>\n<p class=\"p5\"><em>\u2022 <span class=\"s1\"><b>Poloha<\/b><\/span>: Nach\u00e1z\u00ed se v kulturn\u00edm centru \u00d8rland v Brekstadu, nedaleko p\u0159\u00edstavi\u0161t\u011b trajekt\u016f.<\/em><\/p>\n<p class=\"p3\"><em><b>Doprava a dostupnost<\/b><\/em><\/p>\n<p class=\"p5\"><em>\u2022 <span class=\"s1\"><b>Ve\u0159ejn\u00e1 doprava<\/b><\/span>: Snadno dostupn\u00e9 rychlolod\u00ed z Trondheimu do Brekstadu.<\/em><\/p>\n<p class=\"p5\"><em>\u2022 <span class=\"s1\"><b>Parkov\u00e1n\u00ed<\/b><\/span>: Bezplatn\u00e9 parkovi\u0161t\u011b k dispozici u kulturn\u00edho centra.<\/em><\/p>\n<p class=\"p5\"><em>\u2022 <span class=\"s1\"><b>Najd\u011bte cestu do Hannah Ryggen-senteret<\/b><\/span>: Zobrazte mapu a napl\u00e1nujte si n\u00e1v\u0161t\u011bvu pomoc\u00ed <a title=\"Pod\u00edvejte se na Hannah Ryggen-senteret na Google Maps\" href=\"https:\/\/maps.app.goo.gl\/BuU7DFrQHJF6tQ4q6\">Google Maps<\/a>.<\/em><\/p>\t\t\t\t\t\t\t\t<\/div>\n\t\t\t\t<\/div>\n\t\t\t\t\t<\/div>\n\t\t<\/div>\n\t\t\t\t\t<\/div>\n\t\t<\/section>\n\t\t\t\t<section class=\"elementor-section elementor-top-section elementor-element elementor-element-7dac016e elementor-section-stretched elementor-section-boxed elementor-section-height-default elementor-section-height-default\" data-id=\"7dac016e\" data-element_type=\"section\" data-e-type=\"section\" data-settings=\"{&quot;background_background&quot;:&quot;classic&quot;,&quot;stretch_section&quot;:&quot;section-stretched&quot;,&quot;shape_divider_top&quot;:&quot;tilt&quot;,&quot;shape_divider_bottom&quot;:&quot;tilt&quot;,&quot;animation&quot;:&quot;none&quot;,&quot;animation_tablet&quot;:&quot;none&quot;,&quot;animation_mobile&quot;:&quot;none&quot;}\">\n\t\t\t\t\t<div class=\"elementor-shape elementor-shape-top\" aria-hidden=\"true\" data-negative=\"false\">\n\t\t\t<svg xmlns=\"http:\/\/www.w3.org\/2000\/svg\" viewBox=\"0 0 1000 100\" preserveAspectRatio=\"none\">\n\t<path class=\"elementor-shape-fill\" d=\"M0,6V0h1000v100L0,6z\"\/>\n<\/svg>\t\t<\/div>\n\t\t\t\t<div class=\"elementor-shape elementor-shape-bottom\" aria-hidden=\"true\" data-negative=\"false\">\n\t\t\t<svg xmlns=\"http:\/\/www.w3.org\/2000\/svg\" viewBox=\"0 0 1000 100\" preserveAspectRatio=\"none\">\n\t<path class=\"elementor-shape-fill\" d=\"M0,6V0h1000v100L0,6z\"\/>\n<\/svg>\t\t<\/div>\n\t\t\t\t\t<div class=\"elementor-container elementor-column-gap-default\">\n\t\t\t\t\t<div class=\"elementor-column elementor-col-100 elementor-top-column elementor-element elementor-element-5aa74662\" data-id=\"5aa74662\" data-element_type=\"column\" data-e-type=\"column\">\n\t\t\t<div class=\"elementor-widget-wrap elementor-element-populated\">\n\t\t\t\t\t\t<div class=\"elementor-element elementor-element-3f667965 elementor-widget elementor-widget-menu-anchor\" data-id=\"3f667965\" data-element_type=\"widget\" data-e-type=\"widget\" data-widget_type=\"menu-anchor.default\">\n\t\t\t\t<div class=\"elementor-widget-container\">\n\t\t\t\t\t\t\t<div class=\"elementor-menu-anchor\" id=\"kino_nova\"><\/div>\n\t\t\t\t\t\t<\/div>\n\t\t\t\t<\/div>\n\t\t\t\t<div class=\"elementor-element elementor-element-4b9c42a3 elementor-widget elementor-widget-text-editor\" data-id=\"4b9c42a3\" data-element_type=\"widget\" data-e-type=\"widget\" data-widget_type=\"text-editor.default\">\n\t\t\t\t<div class=\"elementor-widget-container\">\n\t\t\t\t\t\t\t\t\t<p class=\"p4\"><em><strong>Kino Nova<\/strong> je jedn\u00edm z nejmodern\u011bj\u0161\u00edch kin v Trondheimu a nach\u00e1z\u00ed se v centru m\u011bsta na ulici Olav Tryggvasons gate. D\u00edky pohodln\u00fdm sedadl\u016fm, \u0161pi\u010dkov\u00e9 kvalit\u011b zvuku a obrazu a pestr\u00e9mu programu je Kino Nova obl\u00edbenou volbou jak pro filmov\u00e9 nad\u0161ence, tak pro p\u0159\u00edle\u017eitostn\u00e9 n\u00e1v\u0161t\u011bvn\u00edky.<\/em><\/p>\n<p class=\"p3\"><em><b>Modern\u00ed vybaven\u00ed<\/b><\/em><\/p>\n<p class=\"p5\"><em>\u2022 <span class=\"s1\"><b>4K a Dolby Atmos<\/b><\/span>: Vychutnejte si filmy v k\u0159i\u0161\u0165\u00e1lov\u011b \u010dist\u00e9 kvalit\u011b s nejmodern\u011bj\u0161\u00edm zvukem.<\/em><\/p>\n<p class=\"p5\"><em>\u2022 <span class=\"s1\"><b>Pohodln\u00e1 VIP sedadla<\/b><\/span>: Extra prostorn\u00e1 a komfortn\u00ed sedadla pro luxusn\u00ed filmov\u00fd z\u00e1\u017eitek.<\/em><\/p>\n<p class=\"p5\"><em>\u2022 <span class=\"s1\"><b>Velk\u00e9 i komorn\u00ed s\u00e1ly<\/b><\/span>: Mo\u017enost sledov\u00e1n\u00ed velk\u00fdch blockbuster\u016f i men\u0161\u00edch, exkluzivn\u00edch projekc\u00ed.<\/em><\/p>\n<p class=\"p5\"><em>\u2022 <span class=\"s1\"><b>Kino s obsluhou<\/b><\/span>: Mo\u017enost objedn\u00e1n\u00ed ob\u010derstven\u00ed p\u0159\u00edmo do sedadla u vybran\u00fdch projekc\u00ed.<\/em><\/p>\n<p class=\"p3\"><em><b>Filmov\u00fd program a akce<\/b><\/em><\/p>\n<p class=\"p5\"><em>\u2022 <span class=\"s1\"><b>Hollywoodsk\u00e9 blockbustery<\/b><\/span>: Nejnov\u011bj\u0161\u00ed trh\u00e1ky od Marvel, DC a dal\u0161\u00edch velk\u00fdch studi\u00ed.<\/em><\/p>\n<p class=\"p5\"><em>\u2022 <span class=\"s1\"><b>Nez\u00e1visl\u00e9 a um\u011bleck\u00e9 filmy<\/b><\/span>: Objevte nov\u00e9 re\u017eis\u00e9ry a sn\u00edmky mimo mainstreamovou kulturu.<\/em><\/p>\n<p class=\"p5\"><em>\u2022 <span class=\"s1\"><b>\u017div\u00e1 vystoupen\u00ed a speci\u00e1ln\u00ed projekce<\/b><\/span>: Koncerty, opery a speci\u00e1ln\u00ed prom\u00edt\u00e1n\u00ed klasick\u00fdch film\u016f.<\/em><\/p>\n<p class=\"p5\"><em>\u2022 <span class=\"s1\"><b>Rodinn\u00e9 a d\u011btsk\u00e9 filmy<\/b><\/span>: Ide\u00e1ln\u00ed volba pro v\u00edkend s rodinou.<\/em><\/p>\n<p class=\"p3\"><em><b>Doprava a dostupnost<\/b><\/em><\/p>\n<p class=\"p5\"><em>\u2022 <span class=\"s1\"><b>Poloha<\/b><\/span>: Kino se nach\u00e1z\u00ed v centru Trondheimu, v bl\u00edzkosti ve\u0159ejn\u00e9 dopravy.<\/em><\/p>\n<p class=\"p5\"><em>\u2022 <span class=\"s1\"><b>Ve\u0159ejn\u00e1 doprava<\/b><\/span>: Snadn\u00fd p\u0159\u00edstup autobusem a tramvaj\u00ed.<\/em><\/p>\n<p class=\"p5\"><em>\u2022 <span class=\"s1\"><b>Parkov\u00e1n\u00ed<\/b><\/span>: Mo\u017enosti parkov\u00e1n\u00ed v okol\u00ed.<\/em><\/p>\n<p class=\"p5\"><em>\u2022 <span class=\"s1\"><b>Bezbari\u00e9rov\u00fd p\u0159\u00edstup<\/b><\/span>: Kino je p\u0159izp\u016fsobeno pro osoby na voz\u00edku.<\/em><\/p>\n<p class=\"p5\"><em>\u2022 <span class=\"s1\"><b>Najd\u011bte cestu do Kina Nova<\/b><\/span>: Zobrazte mapu a napl\u00e1nujte si n\u00e1v\u0161t\u011bvu pomoc\u00ed <a title=\"Pod\u00edvejte se na Kino Nova na Google Maps\" href=\"https:\/\/www.google.com\/maps\/search\/Kino+Nova+Trondheim\/\">Google Maps<\/a>.<\/em><\/p>\t\t\t\t\t\t\t\t<\/div>\n\t\t\t\t<\/div>\n\t\t\t\t\t<\/div>\n\t\t<\/div>\n\t\t\t\t\t<\/div>\n\t\t<\/section>\n\t\t\t\t<section class=\"elementor-section elementor-top-section elementor-element elementor-element-5d6d90ca elementor-section-full_width elementor-section-stretched elementor-section-height-default elementor-section-height-default\" data-id=\"5d6d90ca\" data-element_type=\"section\" data-e-type=\"section\" data-settings=\"{&quot;stretch_section&quot;:&quot;section-stretched&quot;}\">\n\t\t\t\t\t\t<div class=\"elementor-container elementor-column-gap-default\">\n\t\t\t\t\t<div class=\"elementor-column elementor-col-100 elementor-top-column elementor-element elementor-element-22fbc17\" data-id=\"22fbc17\" data-element_type=\"column\" data-e-type=\"column\">\n\t\t\t<div class=\"elementor-widget-wrap elementor-element-populated\">\n\t\t\t\t\t\t<div class=\"elementor-element elementor-element-22c42e9a elementor-widget elementor-widget-menu-anchor\" data-id=\"22c42e9a\" data-element_type=\"widget\" data-e-type=\"widget\" data-widget_type=\"menu-anchor.default\">\n\t\t\t\t<div class=\"elementor-widget-container\">\n\t\t\t\t\t\t\t<div class=\"elementor-menu-anchor\" id=\"kino_prinsen\"><\/div>\n\t\t\t\t\t\t<\/div>\n\t\t\t\t<\/div>\n\t\t\t\t<div class=\"elementor-element elementor-element-62591165 elementor-widget elementor-widget-text-editor\" data-id=\"62591165\" data-element_type=\"widget\" data-e-type=\"widget\" data-widget_type=\"text-editor.default\">\n\t\t\t\t<div class=\"elementor-widget-container\">\n\t\t\t\t\t\t\t\t\t<p class=\"p4\"><em><strong>Kino Prinsen<\/strong> je jedn\u00edm z nejstar\u0161\u00edch a nejobl\u00edben\u011bj\u0161\u00edch kin v Trondheimu, nach\u00e1zej\u00edc\u00ed se na ulici Prinsens gate. D\u00edky \u0161irok\u00e9mu v\u00fdb\u011bru film\u016f, velk\u00fdm s\u00e1l\u016fm a centr\u00e1ln\u00ed poloze je obl\u00edben\u00fdm m\u00edstem pro filmov\u00e9 fanou\u0161ky ve m\u011bst\u011b.<\/em><\/p>\n<p class=\"p3\"><em><b>Klasick\u00e9 kino s modern\u00edm vybaven\u00edm<\/b><\/em><\/p>\n<p class=\"p5\"><em>\u2022 <span class=\"s1\"><b>V\u00edce prom\u00edtac\u00edch s\u00e1l\u016f<\/b><\/span>: Od velk\u00fdch projekc\u00ed a\u017e po men\u0161\u00ed, komorn\u00ed s\u00e1ly pro speci\u00e1ln\u00ed filmy.<\/em><\/p>\n<p class=\"p5\"><em>\u2022 <span class=\"s1\"><b>IMAX a Dolby Atmos<\/b><\/span>: Za\u017eijte filmy s nejnov\u011bj\u0161\u00ed technologi\u00ed zvuku a obrazu.<\/em><\/p>\n<p class=\"p5\"><em>\u2022 <span class=\"s1\"><b>Pohodln\u00e1 sedadla<\/b><\/span>: Prostorn\u00e1 sedadla s optim\u00e1ln\u00edm v\u00fdhledem v ka\u017ed\u00e9m s\u00e1le.<\/em><\/p>\n<p class=\"p5\"><em>\u2022 <span class=\"s1\"><b>Kiosek s \u0161irokou nab\u00eddkou<\/b><\/span>: Popcorn, ob\u010derstven\u00ed a n\u00e1poje k dispozici.<\/em><\/p>\n<p class=\"p3\"><em><b>Filmov\u00fd program a speci\u00e1ln\u00ed projekce<\/b><\/em><\/p>\n<p class=\"p5\"><em>\u2022 <span class=\"s1\"><b>Hollywoodsk\u00e9 premi\u00e9ry<\/b><\/span>: Sledujte nejnov\u011bj\u0161\u00ed trh\u00e1ky v den jejich uveden\u00ed.<\/em><\/p>\n<p class=\"p5\"><em>\u2022 <span class=\"s1\"><b>Filmov\u00e9 festivaly a speci\u00e1ln\u00ed akce<\/b><\/span>: Exkluzivn\u00ed projekce, retro filmy a tematick\u00e9 filmov\u00e9 ve\u010dery.<\/em><\/p>\n<p class=\"p5\"><em>\u2022 <span class=\"s1\"><b>Rodinn\u00e1 prom\u00edt\u00e1n\u00ed<\/b><\/span>: D\u011btsk\u00e9 filmy a matin\u00e9 p\u0159edstaven\u00ed.<\/em><\/p>\n<p class=\"p5\"><em>\u2022 <span class=\"s1\"><b>Um\u011bleck\u00e9 a dokument\u00e1rn\u00ed filmy<\/b><\/span>: Kvalitn\u00ed sn\u00edmky mimo hlavn\u00ed proud kinematografie.<\/em><\/p>\n<p class=\"p3\"><em><b>Doprava a dostupnost<\/b><\/em><\/p>\n<p class=\"p5\"><em>\u2022 <span class=\"s1\"><b>Poloha<\/b><\/span>: Kino se nach\u00e1z\u00ed v centru Trondheimu, na ulici Prinsens gate.<\/em><\/p>\n<p class=\"p5\"><em>\u2022 <span class=\"s1\"><b>Ve\u0159ejn\u00e1 doprava<\/b><\/span>: Snadn\u00fd p\u0159\u00edstup autobusem a tramvaj\u00ed.<\/em><\/p>\n<p class=\"p5\"><em>\u2022 <span class=\"s1\"><b>Parkov\u00e1n\u00ed<\/b><\/span>: Mo\u017enosti parkov\u00e1n\u00ed v okol\u00ed.<\/em><\/p>\n<p class=\"p5\"><em>\u2022 <span class=\"s1\"><b>Bezbari\u00e9rov\u00fd p\u0159\u00edstup<\/b><\/span>: Kino je p\u0159izp\u016fsobeno pro osoby na voz\u00edku.<\/em><\/p>\n<p class=\"p5\"><em>\u2022 <span class=\"s1\"><b>Najd\u011bte cestu do Kina Prinsen<\/b><\/span>: Zobrazte mapu a napl\u00e1nujte si n\u00e1v\u0161t\u011bvu pomoc\u00ed <a title=\"Pod\u00edvejte se na Kino Prinsen na Google Maps\" href=\"https:\/\/www.google.com\/maps\/search\/Kino+Prinsen+Trondheim\/\">Google Maps<\/a>.<\/em><\/p>\t\t\t\t\t\t\t\t<\/div>\n\t\t\t\t<\/div>\n\t\t\t\t\t<\/div>\n\t\t<\/div>\n\t\t\t\t\t<\/div>\n\t\t<\/section>\n\t\t\t\t<section class=\"elementor-section elementor-top-section elementor-element elementor-element-5f781742 elementor-section-stretched elementor-section-boxed elementor-section-height-default elementor-section-height-default\" data-id=\"5f781742\" data-element_type=\"section\" data-e-type=\"section\" data-settings=\"{&quot;stretch_section&quot;:&quot;section-stretched&quot;}\">\n\t\t\t\t\t\t<div class=\"elementor-container elementor-column-gap-default\">\n\t\t\t\t\t<div class=\"elementor-column elementor-col-100 elementor-top-column elementor-element elementor-element-3383f37f\" data-id=\"3383f37f\" data-element_type=\"column\" data-e-type=\"column\" data-settings=\"{&quot;background_background&quot;:&quot;classic&quot;}\">\n\t\t\t<div class=\"elementor-widget-wrap elementor-element-populated\">\n\t\t\t\t\t\t<div class=\"elementor-element elementor-element-614a6271 elementor-widget elementor-widget-menu-anchor\" data-id=\"614a6271\" data-element_type=\"widget\" data-e-type=\"widget\" data-widget_type=\"menu-anchor.default\">\n\t\t\t\t<div class=\"elementor-widget-container\">\n\t\t\t\t\t\t\t<div class=\"elementor-menu-anchor\" id=\"ladestien\"><\/div>\n\t\t\t\t\t\t<\/div>\n\t\t\t\t<\/div>\n\t\t\t\t<div class=\"elementor-element elementor-element-51216701 elementor-widget elementor-widget-text-editor\" data-id=\"51216701\" data-element_type=\"widget\" data-e-type=\"widget\" data-widget_type=\"text-editor.default\">\n\t\t\t\t<div class=\"elementor-widget-container\">\n\t\t\t\t\t\t\t\t\t<p class=\"p4\"><em><strong>Ladestien<\/strong> je malebn\u00e1 turistick\u00e1 stezka pod\u00e9l Trondheimsfjordu, kter\u00e1 se t\u00e1hne od Lade a\u017e po Rotvoll. D\u00edky kombinaci n\u00e1dhern\u00e9 p\u0159\u00edrody, historick\u00fdch pam\u00e1tek a idylick\u00fdch odpo\u010dinkov\u00fdch m\u00edst je jednou z nejobl\u00edben\u011bj\u0161\u00edch tras v Trondheimu pro m\u00edstn\u00ed i n\u00e1v\u0161t\u011bvn\u00edky.<\/em><\/p>\n<p class=\"p3\"><em><b>Z\u00e1\u017eitky pod\u00e9l Ladestien<\/b><\/em><\/p>\n<p class=\"p5\"><em>\u2022 <span class=\"s1\"><b>Spektakul\u00e1rn\u00ed v\u00fdhledy<\/b><\/span>: U\u017eijte si panoramatick\u00e9 pohledy na Trondheimsfjord a Fosen.<\/em><\/p>\n<p class=\"p5\"><em>\u2022 <span class=\"s1\"><b>Historick\u00e1 m\u00edsta<\/b><\/span>: Stezka vede kolem star\u00fdch opevn\u011bn\u00ed, jako jsou Ringvebukta a Lade g\u00e5rd.<\/em><\/p>\n<p class=\"p5\"><em>\u2022 <span class=\"s1\"><b>Kr\u00e1sn\u00e1 koupali\u0161t\u011b<\/b><\/span>: Korsvika a Sponhuset jsou ide\u00e1ln\u00ed pro osv\u011b\u017een\u00ed v letn\u00edch dnech.<\/em><\/p>\n<p class=\"p5\"><em>\u2022 <span class=\"s1\"><b>Zv\u00ed\u0159ata a p\u0159\u00edrodn\u00ed scen\u00e9rie<\/b><\/span>: Trasa nab\u00edz\u00ed bohat\u00fd pta\u010d\u00ed \u017eivot a n\u00e1dhern\u00e9 lesn\u00ed \u00faseky.<\/em><\/p>\n<p class=\"p3\"><em><b>Ide\u00e1ln\u00ed pro v\u0161echny \u00farovn\u011b aktivity<\/b><\/em><\/p>\n<p class=\"p5\"><em>\u2022 <span class=\"s1\"><b>P\u011b\u0161\u00ed turistika a b\u011bh<\/b><\/span>: Stezka je snadno dostupn\u00e1 pro chodce i b\u011b\u017ece.<\/em><\/p>\n<p class=\"p5\"><em>\u2022 <span class=\"s1\"><b>Cyklistika<\/b><\/span>: Nen\u00e1ro\u010dn\u00e1 cyklostezka s kr\u00e1sn\u00fdmi zast\u00e1vkami.<\/em><\/p>\n<p class=\"p5\"><em>\u2022 <span class=\"s1\"><b>Vhodn\u00e9 pro rodiny<\/b><\/span>: Stezka je p\u0159izp\u016fsobena pro ko\u010d\u00e1rky a cestou najdete n\u011bkolik d\u011btsk\u00fdch h\u0159i\u0161\u0165.<\/em><\/p>\n<p class=\"p5\"><em>\u2022 <span class=\"s1\"><b>Kav\u00e1rny a odpo\u010dinkov\u00e1 m\u00edsta<\/b><\/span>: Vychutnejte si k\u00e1vu v Sponhuset nebo si dejte pauzu na lavi\u010dk\u00e1ch pod\u00e9l trasy.<\/em><\/p>\n<p class=\"p3\"><em><b>Doprava a dostupnost<\/b><\/em><\/p>\n<p class=\"p5\"><em>\u2022 <span class=\"s1\"><b>Poloha<\/b><\/span>: Stezka za\u010d\u00edn\u00e1 v Lade a vede a\u017e do Rotvoll.<\/em><\/p>\n<p class=\"p5\"><em>\u2022 <span class=\"s1\"><b>Ve\u0159ejn\u00e1 doprava<\/b><\/span>: Autobusov\u00e9 linky do Lade umo\u017e\u0148uj\u00ed snadn\u00fd za\u010d\u00e1tek trasy.<\/em><\/p>\n<p class=\"p5\"><em>\u2022 <span class=\"s1\"><b>Parkov\u00e1n\u00ed<\/b><\/span>: Bezplatn\u00e1 parkovac\u00ed m\u00edsta v Korsvika a Rotvoll.<\/em><\/p>\n<p class=\"p5\"><em>\u2022 <span class=\"s1\"><b>Bezbari\u00e9rov\u00fd p\u0159\u00edstup<\/b><\/span>: V\u011bt\u0161ina stezky je p\u0159izp\u016fsobena pro voz\u00ed\u010dk\u00e1\u0159e.<\/em><\/p>\n<p class=\"p5\"><em>\u2022 <span class=\"s1\"><b>Najd\u011bte cestu na Ladestien<\/b><\/span>: Napl\u00e1nujte si v\u00fdlet pomoc\u00ed <a title=\"Pod\u00edvejte se na Ladestien na Google Maps\" href=\"https:\/\/maps.app.goo.gl\/ZJ59zq7CArC8ksRh8\">Google Maps<\/a>.<\/em><\/p>\t\t\t\t\t\t\t\t<\/div>\n\t\t\t\t<\/div>\n\t\t\t\t\t<\/div>\n\t\t<\/div>\n\t\t\t\t\t<\/div>\n\t\t<\/section>\n\t\t\t\t<section class=\"elementor-section elementor-top-section elementor-element elementor-element-388179c9 elementor-section-full_width elementor-section-stretched elementor-section-height-default elementor-section-height-default\" data-id=\"388179c9\" data-element_type=\"section\" data-e-type=\"section\" data-settings=\"{&quot;stretch_section&quot;:&quot;section-stretched&quot;}\">\n\t\t\t\t\t\t<div class=\"elementor-container elementor-column-gap-default\">\n\t\t\t\t\t<div class=\"elementor-column elementor-col-100 elementor-top-column elementor-element elementor-element-23ebfbe1\" data-id=\"23ebfbe1\" data-element_type=\"column\" data-e-type=\"column\">\n\t\t\t<div class=\"elementor-widget-wrap elementor-element-populated\">\n\t\t\t\t\t\t<div class=\"elementor-element elementor-element-7af58e04 elementor-widget elementor-widget-menu-anchor\" data-id=\"7af58e04\" data-element_type=\"widget\" data-e-type=\"widget\" data-widget_type=\"menu-anchor.default\">\n\t\t\t\t<div class=\"elementor-widget-container\">\n\t\t\t\t\t\t\t<div class=\"elementor-menu-anchor\" id=\"marinen\"><\/div>\n\t\t\t\t\t\t<\/div>\n\t\t\t\t<\/div>\n\t\t\t\t<div class=\"elementor-element elementor-element-3c369de8 elementor-widget elementor-widget-text-editor\" data-id=\"3c369de8\" data-element_type=\"widget\" data-e-type=\"widget\" data-widget_type=\"text-editor.default\">\n\t\t\t\t<div class=\"elementor-widget-container\">\n\t\t\t\t\t\t\t\t\t<p class=\"p4\"><em><strong>Marinen<\/strong> je jedn\u00edm z nejobl\u00edben\u011bj\u0161\u00edch park\u016f v Trondheimu, kr\u00e1sn\u011b situovan\u00fd pod\u00e9l \u0159eky Nidelva s \u00fa\u017easn\u00fdm v\u00fdhledem na katedr\u00e1lu Nidaros. Park je ide\u00e1ln\u00edm m\u00edstem pro relaxaci, pikniky, kulturn\u00ed akce i spole\u010densk\u00e1 setk\u00e1n\u00ed a slou\u017e\u00ed jako zelen\u00e9 srdce m\u011bsta.<\/em><\/p>\n<p class=\"p3\"><em><b>Z\u00e1\u017eitky v parku Marinen<\/b><\/em><\/p>\n<p class=\"p5\"><em>\u2022 <span class=\"s1\"><b>V\u00fdhled na katedr\u00e1lu Nidaros<\/b><\/span>: Jedno z nejlep\u0161\u00edch m\u00edst k obdivov\u00e1n\u00ed slavn\u00e9 katedr\u00e1ly.<\/em><\/p>\n<p class=\"p5\"><em>\u2022 <span class=\"s1\"><b>Rozs\u00e1hl\u00e9 zelen\u00e9 plochy<\/b><\/span>: Perfektn\u00ed pro pikniky, opalov\u00e1n\u00ed nebo rekrea\u010dn\u00ed sporty.<\/em><\/p>\n<p class=\"p5\"><em>\u2022 <span class=\"s1\"><b>Nidelva pod\u00e9l parku<\/b><\/span>: U\u017e\u00edvejte si proch\u00e1zku pod\u00e9l \u0159eky nebo sledujte kajak\u00e1\u0159e na vod\u011b.<\/em><\/p>\n<p class=\"p5\"><em>\u2022 <span class=\"s1\"><b>Kulturn\u00ed akce<\/b><\/span>: Marinen \u010dasto host\u00ed koncerty, festivaly a oslavy 17. kv\u011btna.<\/em><\/p>\n<p class=\"p3\"><em><b>Ide\u00e1ln\u00ed pro v\u0161echny v\u011bkov\u00e9 kategorie<\/b><\/em><\/p>\n<p class=\"p5\"><em>\u2022 <span class=\"s1\"><b>Vhodn\u00e9 pro rodiny<\/b><\/span>: Bezpe\u010dn\u00e9 a prostorn\u00e9 m\u00edsto, kde si d\u011bti mohou hr\u00e1t.<\/em><\/p>\n<p class=\"p5\"><em>\u2022 <span class=\"s1\"><b>Obl\u00edben\u00e9 mezi studenty<\/b><\/span>: Obl\u00edben\u00e9 m\u00edsto setk\u00e1v\u00e1n\u00ed student\u016f a mlad\u00fdch lid\u00ed.<\/em><\/p>\n<p class=\"p5\"><em>\u2022 <span class=\"s1\"><b>Romantick\u00e1 atmosf\u00e9ra<\/b><\/span>: Idyllick\u00fd park ide\u00e1ln\u00ed pro p\u00e1ry a klidn\u00e9 proch\u00e1zky.<\/em><\/p>\n<p class=\"p3\"><em><b>Doprava a dostupnost<\/b><\/em><\/p>\n<p class=\"p5\"><em>\u2022 <span class=\"s1\"><b>Poloha<\/b><\/span>: Nach\u00e1z\u00ed se v centru Trondheimu, hned vedle katedr\u00e1ly Nidaros.<\/em><\/p>\n<p class=\"p5\"><em>\u2022 <span class=\"s1\"><b>Ve\u0159ejn\u00e1 doprava<\/b><\/span>: V bl\u00edzkosti jsou zast\u00e1vky autobus\u016f s dobr\u00fdm spojen\u00edm.<\/em><\/p>\n<p class=\"p5\"><em>\u2022 <span class=\"s1\"><b>Vhodn\u00e9 pro cyklisty<\/b><\/span>: Sou\u010d\u00e1st cyklistick\u00e9 s\u00edt\u011b Trondheimu.<\/em><\/p>\n<p class=\"p5\"><em>\u2022 <span class=\"s1\"><b>Parkov\u00e1n\u00ed<\/b><\/span>: Omezen\u00e9 parkovac\u00ed mo\u017enosti v centru m\u011bsta, doporu\u010dujeme vyu\u017e\u00edt ve\u0159ejnou dopravu.<\/em><\/p>\n<p class=\"p5\"><em>\u2022 <span class=\"s1\"><b>Najd\u011bte cestu do parku Marinen<\/b><\/span>: Napl\u00e1nujte si n\u00e1v\u0161t\u011bvu pomoc\u00ed <a title=\"Pod\u00edvejte se na Marinen na Google Maps\" href=\"https:\/\/maps.app.goo.gl\/Pxb3uqWH2TjiB685A\">Google Maps<\/a>.<\/em><\/p>\t\t\t\t\t\t\t\t<\/div>\n\t\t\t\t<\/div>\n\t\t\t\t\t<\/div>\n\t\t<\/div>\n\t\t\t\t\t<\/div>\n\t\t<\/section>\n\t\t\t\t<section class=\"elementor-section elementor-top-section elementor-element elementor-element-1d519088 elementor-section-stretched elementor-section-boxed elementor-section-height-default elementor-section-height-default\" data-id=\"1d519088\" data-element_type=\"section\" data-e-type=\"section\" data-settings=\"{&quot;background_background&quot;:&quot;classic&quot;,&quot;stretch_section&quot;:&quot;section-stretched&quot;,&quot;shape_divider_top&quot;:&quot;tilt&quot;,&quot;shape_divider_bottom&quot;:&quot;tilt&quot;,&quot;animation&quot;:&quot;none&quot;,&quot;animation_tablet&quot;:&quot;none&quot;,&quot;animation_mobile&quot;:&quot;none&quot;}\">\n\t\t\t\t\t<div class=\"elementor-shape elementor-shape-top\" aria-hidden=\"true\" data-negative=\"false\">\n\t\t\t<svg xmlns=\"http:\/\/www.w3.org\/2000\/svg\" viewBox=\"0 0 1000 100\" preserveAspectRatio=\"none\">\n\t<path class=\"elementor-shape-fill\" d=\"M0,6V0h1000v100L0,6z\"\/>\n<\/svg>\t\t<\/div>\n\t\t\t\t<div class=\"elementor-shape elementor-shape-bottom\" aria-hidden=\"true\" data-negative=\"false\">\n\t\t\t<svg xmlns=\"http:\/\/www.w3.org\/2000\/svg\" viewBox=\"0 0 1000 100\" preserveAspectRatio=\"none\">\n\t<path class=\"elementor-shape-fill\" d=\"M0,6V0h1000v100L0,6z\"\/>\n<\/svg>\t\t<\/div>\n\t\t\t\t\t<div class=\"elementor-container elementor-column-gap-default\">\n\t\t\t\t\t<div class=\"elementor-column elementor-col-100 elementor-top-column elementor-element elementor-element-26ac22d9\" data-id=\"26ac22d9\" data-element_type=\"column\" data-e-type=\"column\">\n\t\t\t<div class=\"elementor-widget-wrap elementor-element-populated\">\n\t\t\t\t\t\t<div class=\"elementor-element elementor-element-59539381 elementor-widget elementor-widget-menu-anchor\" data-id=\"59539381\" data-element_type=\"widget\" data-e-type=\"widget\" data-widget_type=\"menu-anchor.default\">\n\t\t\t\t<div class=\"elementor-widget-container\">\n\t\t\t\t\t\t\t<div class=\"elementor-menu-anchor\" id=\"munkholmen\"><\/div>\n\t\t\t\t\t\t<\/div>\n\t\t\t\t<\/div>\n\t\t\t\t<div class=\"elementor-element elementor-element-717533d6 elementor-widget elementor-widget-text-editor\" data-id=\"717533d6\" data-element_type=\"widget\" data-e-type=\"widget\" data-widget_type=\"text-editor.default\">\n\t\t\t\t<div class=\"elementor-widget-container\">\n\t\t\t\t\t\t\t\t\t<p class=\"p4\"><em><strong>Munkholmen<\/strong> je mal\u00fd ostrov v Trondheimsfjordu s bohatou histori\u00ed \u2013 slou\u017eil jako kl\u00e1\u0161ter, pevnost, v\u011bzen\u00ed i popravi\u0161t\u011b. Dnes je obl\u00edben\u00fdm v\u00fdletn\u00edm m\u00edstem pro m\u00edstn\u00ed i turisty a nab\u00edz\u00ed kombinaci historie, p\u0159\u00edrodn\u00ed kr\u00e1sy a odpo\u010dinku.<\/em><\/p>\n<p class=\"p3\"><em><b>Historie a kultura<\/b><\/em><\/p>\n<p class=\"p5\"><em>\u2022 <span class=\"s1\"><b>Kl\u00e1\u0161ter z vikinsk\u00e9 \u00e9ry<\/b><\/span>: V 11. stolet\u00ed zde byl zalo\u017een benediktinsk\u00fd kl\u00e1\u0161ter, kter\u00fd dal ostrovu jeho jm\u00e9no.<\/em><\/p>\n<p class=\"p5\"><em>\u2022 <span class=\"s1\"><b>Pevnost a obrann\u00e9 opevn\u011bn\u00ed<\/b><\/span>: V 17. stolet\u00ed se Munkholmen stal kl\u00ed\u010dovou vojenskou pevnost\u00ed na ochranu Trondheimu.<\/em><\/p>\n<p class=\"p5\"><em>\u2022 <span class=\"s1\"><b>V\u011bzen\u00ed pro v\u00fdznamn\u00e9 v\u011bzn\u011b<\/b><\/span>: Mezi nejslavn\u011bj\u0161\u00ed v\u011bzn\u011b pat\u0159il d\u00e1nsk\u00fd hrab\u011b Peder Griffenfeld, kter\u00fd zde str\u00e1vil 18 let.<\/em><\/p>\n<p class=\"p5\"><em>\u2022 <span class=\"s1\"><b>Turistick\u00e1 atrakce<\/b><\/span>: Dnes je ostrov obl\u00edben\u00fdm c\u00edlem s organizovan\u00fdmi prohl\u00eddkami b\u011bhem l\u00e9ta.<\/em><\/p>\n<p class=\"p3\"><em><b>Z\u00e1\u017eitky na Munkholmenu<\/b><\/em><\/p>\n<p class=\"p5\"><em>\u2022 <span class=\"s1\"><b>Prohl\u00eddky s pr\u016fvodcem<\/b><\/span>: Poznejte fascinuj\u00edc\u00ed historii ostrova s odborn\u00fdmi pr\u016fvodci.<\/em><\/p>\n<p class=\"p5\"><em>\u2022 <span class=\"s1\"><b>Koup\u00e1n\u00ed a opalov\u00e1n\u00ed<\/b><\/span>: U\u017eijte si letn\u00ed den na mal\u00e9 p\u00edse\u010dn\u00e9 pl\u00e1\u017ei.<\/em><\/p>\n<p class=\"p5\"><em>\u2022 <span class=\"s1\"><b>N\u00e1v\u0161t\u011bva kav\u00e1rny<\/b><\/span>: Odpo\u010di\u0148te si u j\u00eddla a n\u00e1poj\u016f v p\u0159\u00edjemn\u00e9 kav\u00e1rn\u011b na ostrov\u011b.<\/em><\/p>\n<p class=\"p5\"><em>\u2022 <span class=\"s1\"><b>Fotografick\u00e9 p\u0159\u00edle\u017eitosti<\/b><\/span>: \u00dachvatn\u00fd v\u00fdhled na Trondheim a fjord.<\/em><\/p>\n<p class=\"p3\"><em><b>Doprava a dostupnost<\/b><\/em><\/p>\n<p class=\"p5\"><em>\u2022 <span class=\"s1\"><b>Trajekt z Ravnkloa<\/b><\/span>: Lodn\u00ed doprava na Munkholmen jezd\u00ed n\u011bkolikr\u00e1t denn\u011b b\u011bhem letn\u00ed sez\u00f3ny.<\/em><\/p>\n<p class=\"p5\"><em>\u2022 <span class=\"s1\"><b>Sez\u00f3nn\u00ed provoz<\/b><\/span>: Ostrov je p\u0159\u00edstupn\u00fd pouze lod\u00ed b\u011bhem letn\u00edch m\u011bs\u00edc\u016f.<\/em><\/p>\n<p class=\"p5\"><em>\u2022 <span class=\"s1\"><b>P\u0159izp\u016fsobeno n\u00e1v\u0161t\u011bvn\u00edk\u016fm<\/b><\/span>: Jednoduch\u00e9 p\u011b\u0161\u00ed stezky umo\u017e\u0148uj\u00ed snadn\u00e9 prozkoum\u00e1n\u00ed ostrova.<\/em><\/p>\n<p class=\"p5\"><em>\u2022 <span class=\"s1\"><b>Najd\u011bte cestu na Munkholmen<\/b><\/span>: Napl\u00e1nujte si n\u00e1v\u0161t\u011bvu pomoc\u00ed <a title=\"Pod\u00edvejte se na Munkholmen na Google Maps\" href=\"https:\/\/maps.app.goo.gl\/ZxzxyP9iRmC9eaPTA\">Google Maps<\/a>.<\/em><\/p>\t\t\t\t\t\t\t\t<\/div>\n\t\t\t\t<\/div>\n\t\t\t\t\t<\/div>\n\t\t<\/div>\n\t\t\t\t\t<\/div>\n\t\t<\/section>\n\t\t\t\t<section class=\"elementor-section elementor-top-section elementor-element elementor-element-8698fcc elementor-section-full_width elementor-section-stretched elementor-section-height-default elementor-section-height-default\" data-id=\"8698fcc\" data-element_type=\"section\" data-e-type=\"section\" data-settings=\"{&quot;stretch_section&quot;:&quot;section-stretched&quot;}\">\n\t\t\t\t\t\t<div class=\"elementor-container elementor-column-gap-default\">\n\t\t\t\t\t<div class=\"elementor-column elementor-col-100 elementor-top-column elementor-element elementor-element-4f212a05\" data-id=\"4f212a05\" data-element_type=\"column\" data-e-type=\"column\">\n\t\t\t<div class=\"elementor-widget-wrap elementor-element-populated\">\n\t\t\t\t\t\t<div class=\"elementor-element elementor-element-75e77886 elementor-widget elementor-widget-menu-anchor\" data-id=\"75e77886\" data-element_type=\"widget\" data-e-type=\"widget\" data-widget_type=\"menu-anchor.default\">\n\t\t\t\t<div class=\"elementor-widget-container\">\n\t\t\t\t\t\t\t<div class=\"elementor-menu-anchor\" id=\"kystens_arv\"><\/div>\n\t\t\t\t\t\t<\/div>\n\t\t\t\t<\/div>\n\t\t\t\t<div class=\"elementor-element elementor-element-16880f25 elementor-widget elementor-widget-text-editor\" data-id=\"16880f25\" data-element_type=\"widget\" data-e-type=\"widget\" data-widget_type=\"text-editor.default\">\n\t\t\t\t<div class=\"elementor-widget-container\">\n\t\t\t\t\t\t\t\t\t<p class=\"p4\"><em><strong>Muzeum Kystens Arv<\/strong> se nach\u00e1z\u00ed v kr\u00e1sn\u00e9m prost\u0159ed\u00ed u Trondheimsfjordu ve Stadsbygd, jen kr\u00e1tkou cestu trajektem z Trondheimu. Jedn\u00e1 se o jedno z nejv\u00fdznamn\u011bj\u0161\u00edch norsk\u00fdch muze\u00ed zam\u011b\u0159en\u00fdch na pob\u0159e\u017en\u00ed kulturu, s d\u016frazem na stavbu lod\u00ed, rybolov a \u017eivot pod\u00e9l pob\u0159e\u017e\u00ed v pr\u016fb\u011bhu stalet\u00ed. Muzeum nab\u00edz\u00ed jedine\u010dnou kombinaci \u017eiv\u00fdch tradic, interaktivn\u00edch expozic a praktick\u00fdch aktivit.<\/em><\/p>\n<p class=\"p3\"><em><b>Historie a kultura<\/b><\/em><\/p>\n<p class=\"p5\"><em>\u2022 <span class=\"s1\"><b>Tradi\u010dn\u00ed stavba lod\u00ed<\/b><\/span>: Sledujte \u0159emesln\u00edky p\u0159i pr\u00e1ci na stavb\u011b a restaurov\u00e1n\u00ed d\u0159ev\u011bn\u00fdch lod\u00ed.<\/em><\/p>\n<p class=\"p5\"><em>\u2022 <span class=\"s1\"><b>Rybolov a \u017eivot na mo\u0159i<\/b><\/span>: Dozv\u00edte se, jak pob\u0159e\u017en\u00ed komunity po stalet\u00ed \u017eily z rybolovu a n\u00e1mo\u0159nictv\u00ed.<\/em><\/p>\n<p class=\"p5\"><em>\u2022 <span class=\"s1\"><b>Expozice<\/b><\/span>: Muzeum nab\u00edz\u00ed st\u00e1l\u00e9 i do\u010dasn\u00e9 v\u00fdstavy zobrazuj\u00edc\u00ed v\u00fdvoj pob\u0159e\u017en\u00ed kultury.<\/em><\/p>\n<p class=\"p5\"><em>\u2022 <span class=\"s1\"><b>\u017div\u00e1 historie<\/b><\/span>: Za\u017eijte, jak\u00fd byl \u017eivot ve star\u00e9 pob\u0159e\u017en\u00ed vesnici prost\u0159ednictv\u00edm interaktivn\u00edch expozic a akc\u00ed.<\/em><\/p>\n<p class=\"p3\"><em><b>Z\u00e1\u017eitky a aktivity<\/b><\/em><\/p>\n<p class=\"p5\"><em>\u2022 <span class=\"s1\"><b>P\u016fj\u010dovna veslic<\/b><\/span>: Vyzkou\u0161ejte si plavbu v tradi\u010dn\u00ed d\u0159ev\u011bn\u00e9 lodi na fjordu.<\/em><\/p>\n<p class=\"p5\"><em>\u2022 <span class=\"s1\"><b>D\u00edlna na stavbu lod\u00ed<\/b><\/span>: Sledujte, jak se stav\u00ed d\u0159ev\u011bn\u00e9 lod\u011b, nebo se zapojte do praktick\u00fdch kurz\u016f.<\/em><\/p>\n<p class=\"p5\"><em>\u2022 <span class=\"s1\"><b>Rodinn\u00e9 aktivity<\/b><\/span>: Ide\u00e1ln\u00ed pro d\u011bti s interaktivn\u00edmi \u00fakoly, kter\u00e9 spojuj\u00ed z\u00e1bavu a u\u010den\u00ed.<\/em><\/p>\n<p class=\"p5\"><em>\u2022 <span class=\"s1\"><b>Prohl\u00eddky s pr\u016fvodcem<\/b><\/span>: Z\u00edskejte hlub\u0161\u00ed vhled do pob\u0159e\u017en\u00ed kultury d\u00edky poutav\u00fdm prohl\u00eddk\u00e1m.<\/em><\/p>\n<p class=\"p3\"><em><b>Doprava a dostupnost<\/b><\/em><\/p>\n<p class=\"p5\"><em>\u2022 <span class=\"s1\"><b>Kr\u00e1tk\u00e1 cesta z Trondheimu<\/b><\/span>: Muzeum se nach\u00e1z\u00ed ve Stadsbygd, jen kr\u00e1tkou cestu trajektem Flakk\u2013R\u00f8rvik z Trondheimu.<\/em><\/p>\n<p class=\"p5\"><em>\u2022 <span class=\"s1\"><b>Parkov\u00e1n\u00ed<\/b><\/span>: Bezplatn\u00e9 parkovi\u0161t\u011b p\u0159\u00edmo u muzea.<\/em><\/p>\n<p class=\"p5\"><em>\u2022 <span class=\"s1\"><b>Sez\u00f3nn\u00ed otev\u00edrac\u00ed doba<\/b><\/span>: Muzeum je otev\u0159en\u00e9 celoro\u010dn\u011b, s roz\u0161\u00ed\u0159enou otev\u00edrac\u00ed dobou v letn\u00ed sez\u00f3n\u011b.<\/em><\/p>\n<p class=\"p5\"><em>\u2022 <span class=\"s1\"><b>P\u0159\u00edstupn\u00e9 v\u0161em<\/b><\/span>: Bezbari\u00e9rov\u00fd p\u0159\u00edstup pro osoby na invalidn\u00edm voz\u00edku.<\/em><\/p>\n<p class=\"p5\"><em>\u2022 <span class=\"s1\"><b>Najd\u011bte cestu do Muzea Kystens Arv<\/b><\/span>: Napl\u00e1nujte si n\u00e1v\u0161t\u011bvu pomoc\u00ed <a title=\"Pod\u00edvejte se na Muzeum Kystens Arv na Google Maps\" href=\"https:\/\/maps.app.goo.gl\/gFKXZwcPboBRQxa77\">Google Maps<\/a>.<\/em><\/p>\t\t\t\t\t\t\t\t<\/div>\n\t\t\t\t<\/div>\n\t\t\t\t\t<\/div>\n\t\t<\/div>\n\t\t\t\t\t<\/div>\n\t\t<\/section>\n\t\t\t\t<section class=\"elementor-section elementor-top-section elementor-element elementor-element-4ed77719 elementor-section-stretched elementor-section-boxed elementor-section-height-default elementor-section-height-default\" data-id=\"4ed77719\" data-element_type=\"section\" data-e-type=\"section\" data-settings=\"{&quot;stretch_section&quot;:&quot;section-stretched&quot;}\">\n\t\t\t\t\t\t<div class=\"elementor-container elementor-column-gap-default\">\n\t\t\t\t\t<div class=\"elementor-column elementor-col-100 elementor-top-column elementor-element elementor-element-27d620eb\" data-id=\"27d620eb\" data-element_type=\"column\" data-e-type=\"column\" data-settings=\"{&quot;background_background&quot;:&quot;classic&quot;}\">\n\t\t\t<div class=\"elementor-widget-wrap elementor-element-populated\">\n\t\t\t\t\t\t<div class=\"elementor-element elementor-element-49e968e5 elementor-widget elementor-widget-menu-anchor\" data-id=\"49e968e5\" data-element_type=\"widget\" data-e-type=\"widget\" data-widget_type=\"menu-anchor.default\">\n\t\t\t\t<div class=\"elementor-widget-container\">\n\t\t\t\t\t\t\t<div class=\"elementor-menu-anchor\" id=\"nasjonalmuseet\"><\/div>\n\t\t\t\t\t\t<\/div>\n\t\t\t\t<\/div>\n\t\t\t\t<div class=\"elementor-element elementor-element-2aa450ac elementor-widget elementor-widget-text-editor\" data-id=\"2aa450ac\" data-element_type=\"widget\" data-e-type=\"widget\" data-widget_type=\"text-editor.default\">\n\t\t\t\t<div class=\"elementor-widget-container\">\n\t\t\t\t\t\t\t\t\t<p class=\"p4\"><em><strong>N\u00e1rodn\u00ed muzeum dekorativn\u00edho um\u011bn\u00ed a designu<\/strong> (d\u0159\u00edve Nordenfjeldske Kunstindustrimuseum) se nach\u00e1z\u00ed v srdci Trondheimu a pat\u0159\u00ed mezi p\u0159edn\u00ed norsk\u00e1 muzea zam\u011b\u0159en\u00e1 na um\u011bleck\u00e9 \u0159emeslo, textiln\u00ed um\u011bn\u00ed a design. Muzeum m\u00e1 p\u016fsobivou sb\u00edrku historick\u00fdch i modern\u00edch d\u011bl a poskytuje vhled do toho, jak um\u011bn\u00ed a design formovaly spole\u010dnost v pr\u016fb\u011bhu \u010dasu.<\/em><\/p>\n<p class=\"p3\"><em><b>Expozice a sb\u00edrky<\/b><\/em><\/p>\n<p class=\"p5\"><em>\u2022 <span class=\"s1\"><b>Historick\u00e9 um\u011bleck\u00e9 \u0159emeslo<\/b><\/span>: Obdivujte n\u00e1dhern\u00e1 d\u00edla z obdob\u00ed renesance, baroka a rokoka, v\u010detn\u011b n\u00e1bytku, skla a keramiky.<\/em><\/p>\n<p class=\"p5\"><em>\u2022 <span class=\"s1\"><b>Japonsk\u00e9 um\u011bn\u00ed<\/b><\/span>: Muzeum m\u00e1 unik\u00e1tn\u00ed sb\u00edrku japonsk\u00fdch textili\u00ed, keramiky a lakovan\u00fdch p\u0159edm\u011bt\u016f, shrom\u00e1\u017ed\u011bn\u00fdch norsk\u00fdmi historiky um\u011bn\u00ed v 19. stolet\u00ed.<\/em><\/p>\n<p class=\"p5\"><em>\u2022 <span class=\"s1\"><b>Skandin\u00e1vsk\u00fd design<\/b><\/span>: Prozkoumejte ikonick\u00fd n\u00e1bytek a designov\u00e9 klasiky 20. stolet\u00ed, v\u010detn\u011b d\u011bl Arne Jacobsena a Alvara Aalta.<\/em><\/p>\n<p class=\"p5\"><em>\u2022 <span class=\"s1\"><b>Modern\u00ed textiln\u00ed um\u011bn\u00ed<\/b><\/span>: Objevte d\u00edla norsk\u00fdch a mezin\u00e1rodn\u00edch textiln\u00edch um\u011blc\u016f, kte\u0159\u00ed inovuj\u00ed tradi\u010dn\u00ed techniky.<\/em><\/p>\n<p class=\"p3\"><em><b>Z\u00e1\u017eitky a aktivity<\/b><\/em><\/p>\n<p class=\"p5\"><em>\u2022 <span class=\"s1\"><b>Interaktivn\u00ed expozice<\/b><\/span>: Poutav\u00e9 instalace, kde se n\u00e1v\u0161t\u011bvn\u00edci mohou dozv\u011bd\u011bt v\u00edce o designov\u00fdch procesech a materi\u00e1lech.<\/em><\/p>\n<p class=\"p5\"><em>\u2022 <span class=\"s1\"><b>Workshopy a kurzy<\/b><\/span>: Muzeum nab\u00edz\u00ed d\u00edlny zam\u011b\u0159en\u00e9 na textiln\u00ed um\u011bn\u00ed, keramiku a design n\u00e1bytku.<\/em><\/p>\n<p class=\"p5\"><em>\u2022 <span class=\"s1\"><b>Prohl\u00eddky s pr\u016fvodcem<\/b><\/span>: Z\u00fa\u010dastn\u011bte se komentovan\u00fdch prohl\u00eddek, kter\u00e9 v\u00e1m p\u0159ibl\u00ed\u017e\u00ed historii a v\u00fdznam sb\u00edrek.<\/em><\/p>\n<p class=\"p3\"><em><b>Doprava a dostupnost<\/b><\/em><\/p>\n<p class=\"p5\"><em>\u2022 <span class=\"s1\"><b>Centr\u00e1ln\u00ed poloha<\/b><\/span>: Muzeum se nach\u00e1z\u00ed na ulici Munkegata, jen kousek od Nidarosk\u00e9ho d\u00f3mu a n\u00e1m\u011bst\u00ed Torvet.<\/em><\/p>\n<p class=\"p5\"><em>\u2022 <span class=\"s1\"><b>Ve\u0159ejn\u00e1 doprava<\/b><\/span>: Snadno dostupn\u00e9 autobusem a tramvaj\u00ed z cel\u00e9ho Trondheimu.<\/em><\/p>\n<p class=\"p5\"><em>\u2022 <span class=\"s1\"><b>Otev\u00edrac\u00ed doba<\/b><\/span>: Otev\u0159eno po cel\u00fd rok, s prodlou\u017eenou otev\u00edrac\u00ed dobou v letn\u00ed sez\u00f3n\u011b.<\/em><\/p>\n<p class=\"p5\"><em>\u2022 <span class=\"s1\"><b>Bezbari\u00e9rov\u00fd p\u0159\u00edstup<\/b><\/span>: Muzeum je pln\u011b p\u0159\u00edstupn\u00e9 pro osoby na invalidn\u00edm voz\u00edku.<\/em><\/p>\n<p class=\"p5\"><em>\u2022 <span class=\"s1\"><b>Najd\u011bte cestu do muzea<\/b><\/span>: Napl\u00e1nujte si n\u00e1v\u0161t\u011bvu pomoc\u00ed <a title=\"Pod\u00edvejte se na N\u00e1rodn\u00ed muzeum dekorativn\u00edho um\u011bn\u00ed a designu na Google Maps\" href=\"https:\/\/www.google.com\/maps\/place\/National+Museum+of+Decorative+Arts\/@63.4287194,10.393878,17z\/data=!3m1!4b1!4m6!3m5!1s0x466d319a6a4b1b29:0x64b7bd3abc8ad797!8m2!3d63.428717!4d10.3964583!16s%2Fg%2F12215f3f?entry=ttu&amp;g_ep=EgoyMDI1MDMxNi4wIKXMDSoJLDEwMjExNjQwSAFQAw%3D%3D\">Google Maps<\/a>.<\/em><\/p>\t\t\t\t\t\t\t\t<\/div>\n\t\t\t\t<\/div>\n\t\t\t\t\t<\/div>\n\t\t<\/div>\n\t\t\t\t\t<\/div>\n\t\t<\/section>\n\t\t\t\t<section class=\"elementor-section elementor-top-section elementor-element elementor-element-16290331 elementor-section-full_width elementor-section-stretched elementor-section-height-default elementor-section-height-default\" data-id=\"16290331\" data-element_type=\"section\" data-e-type=\"section\" data-settings=\"{&quot;stretch_section&quot;:&quot;section-stretched&quot;}\">\n\t\t\t\t\t\t<div class=\"elementor-container elementor-column-gap-default\">\n\t\t\t\t\t<div class=\"elementor-column elementor-col-100 elementor-top-column elementor-element elementor-element-3aa1468d\" data-id=\"3aa1468d\" data-element_type=\"column\" data-e-type=\"column\">\n\t\t\t<div class=\"elementor-widget-wrap elementor-element-populated\">\n\t\t\t\t\t\t<div class=\"elementor-element elementor-element-39468b46 elementor-widget elementor-widget-menu-anchor\" data-id=\"39468b46\" data-element_type=\"widget\" data-e-type=\"widget\" data-widget_type=\"menu-anchor.default\">\n\t\t\t\t<div class=\"elementor-widget-container\">\n\t\t\t\t\t\t\t<div class=\"elementor-menu-anchor\" id=\"nidarosdomen\"><\/div>\n\t\t\t\t\t\t<\/div>\n\t\t\t\t<\/div>\n\t\t\t\t<div class=\"elementor-element elementor-element-4b2c1a15 elementor-widget elementor-widget-text-editor\" data-id=\"4b2c1a15\" data-element_type=\"widget\" data-e-type=\"widget\" data-widget_type=\"text-editor.default\">\n\t\t\t\t<div class=\"elementor-widget-container\">\n\t\t\t\t\t\t\t\t\t<p class=\"p4\"><em><strong>Nidarosk\u00e1 katedr\u00e1la<\/strong> je nejv\u011bt\u0161\u00ed st\u0159edov\u011bk\u00fd kostel ve Skandin\u00e1vii a nejv\u00fdznamn\u011bj\u0161\u00ed poutn\u00ed m\u00edsto v Norsku. Tato majest\u00e1tn\u00ed katedr\u00e1la v Trondheimu byla zalo\u017eena v 11. stolet\u00ed nad hrobem svat\u00e9ho Olafa a je ikonou norsk\u00e9 historie, architektury a v\u00edry.<\/em><\/p>\n<p class=\"p3\"><em><b>Historie a architektura<\/b><\/em><\/p>\n<p class=\"p5\"><em>\u2022 <span class=\"s1\"><b>Svat\u00fd Olaf<\/b><\/span>: Katedr\u00e1la byla postavena nad hrobem Olafa Haraldssona, norsk\u00e9ho kr\u00e1le a sv\u011btce, kter\u00fd padl v bitv\u011b u Stiklestadu v roce 1030.<\/em><\/p>\n<p class=\"p5\"><em>\u2022 <span class=\"s1\"><b>Gotick\u00e9 mistrovsk\u00e9 d\u00edlo<\/b><\/span>: Nidarosk\u00e1 katedr\u00e1la je zn\u00e1m\u00e1 svou impozantn\u00ed gotickou fas\u00e1dou, bohat\u011b zdoben\u00fdmi sochami a n\u00e1dhern\u00fdmi vitr\u00e1\u017eemi.<\/em><\/p>\n<p class=\"p5\"><em>\u2022 <span class=\"s1\"><b>Korunovace kr\u00e1l\u016f<\/b><\/span>: Tradi\u010dn\u00ed korunova\u010dn\u00ed m\u00edsto norsk\u00fdch kr\u00e1l\u016f a\u017e do roku 1906, dodnes slou\u017e\u00ed jako d\u016fle\u017eit\u00e9 m\u00edsto kr\u00e1lovsk\u00fdch ceremoni\u00ed.<\/em><\/p>\n<p class=\"p5\"><em>\u2022 <span class=\"s1\"><b>Rekonstrukce a zachov\u00e1n\u00ed<\/b><\/span>: Po stalet\u00edch po\u0161kozen\u00ed a ch\u00e1tr\u00e1n\u00ed byla katedr\u00e1la od 19. stolet\u00ed postupn\u011b obnovov\u00e1na.<\/em><\/p>\n<p class=\"p3\"><em><b>Z\u00e1\u017eitky a aktivity<\/b><\/em><\/p>\n<p class=\"p5\"><em>\u2022 <span class=\"s1\"><b>Prohl\u00eddky s pr\u016fvodcem<\/b><\/span>: Objevte historii, um\u011bn\u00ed a skryt\u00e9 detaily t\u00e9to v\u00fdjime\u010dn\u00e9 pam\u00e1tky.<\/em><\/p>\n<p class=\"p5\"><em>\u2022 <span class=\"s1\"><b>V\u00fdstup na v\u011b\u017e<\/b><\/span>: U\u017eijte si jedine\u010dn\u00fd panoramatick\u00fd v\u00fdhled na Trondheim z vrcholu katedr\u00e1ly.<\/em><\/p>\n<p class=\"p5\"><em>\u2022 <span class=\"s1\"><b>Varhann\u00ed koncerty<\/b><\/span>: Poslechn\u011bte si majest\u00e1tn\u00ed zvuk slavn\u00e9ho Steinmeyerova varhann\u00edho n\u00e1stroje.<\/em><\/p>\n<p class=\"p5\"><em>\u2022 <span class=\"s1\"><b>Olavsfest<\/b><\/span>: Ka\u017edoro\u010dn\u00ed festival, kter\u00fd spojuje hudbu, v\u00edru a kulturu na po\u010dest svat\u00e9ho Olafa.<\/em><\/p>\n<p class=\"p3\"><em><b>Doprava a dostupnost<\/b><\/em><\/p>\n<p class=\"p5\"><em>\u2022 <span class=\"s1\"><b>Centrum Trondheimu<\/b><\/span>: Nidarosk\u00e1 katedr\u00e1la se nach\u00e1z\u00ed v samotn\u00e9m srdci m\u011bsta, v p\u011b\u0161\u00ed vzd\u00e1lenosti od n\u00e1m\u011bst\u00ed Torvet a \u010dtvrti Bakklandet.<\/em><\/p>\n<p class=\"p5\"><em>\u2022 <span class=\"s1\"><b>Ve\u0159ejn\u00e1 doprava<\/b><\/span>: Snadno dostupn\u00e1 autobusem z cel\u00e9ho Trondheimu.<\/em><\/p>\n<p class=\"p5\"><em>\u2022 <span class=\"s1\"><b>Otev\u00edrac\u00ed doba<\/b><\/span>: Otev\u0159eno po cel\u00fd rok, s prodlou\u017eenou otev\u00edrac\u00ed dobou v letn\u00edch m\u011bs\u00edc\u00edch.<\/em><\/p>\n<p class=\"p5\"><em>\u2022 <span class=\"s1\"><b>Bezbari\u00e9rov\u00fd p\u0159\u00edstup<\/b><\/span>: Katedr\u00e1la je pln\u011b p\u0159\u00edstupn\u00e1 pro osoby na invalidn\u00edm voz\u00edku.<\/em><\/p>\n<p class=\"p5\"><em>\u2022 <span class=\"s1\"><b>Najd\u011bte cestu k Nidarosk\u00e9 katedr\u00e1le<\/b><\/span>: Napl\u00e1nujte si n\u00e1v\u0161t\u011bvu pomoc\u00ed <a title=\"Pod\u00edvejte se na Nidarosk\u00e1 katedr\u00e1la na Google Maps\" href=\"https:\/\/maps.app.goo.gl\/E6PNCmWsMiV3P6VU7\">Google Maps<\/a>.<\/em><\/p>\t\t\t\t\t\t\t\t<\/div>\n\t\t\t\t<\/div>\n\t\t\t\t\t<\/div>\n\t\t<\/div>\n\t\t\t\t\t<\/div>\n\t\t<\/section>\n\t\t\t\t<section class=\"elementor-section elementor-top-section elementor-element elementor-element-122d33ad elementor-section-stretched elementor-section-boxed elementor-section-height-default elementor-section-height-default\" data-id=\"122d33ad\" data-element_type=\"section\" data-e-type=\"section\" data-settings=\"{&quot;background_background&quot;:&quot;classic&quot;,&quot;stretch_section&quot;:&quot;section-stretched&quot;,&quot;shape_divider_top&quot;:&quot;tilt&quot;,&quot;shape_divider_bottom&quot;:&quot;tilt&quot;,&quot;animation&quot;:&quot;none&quot;,&quot;animation_tablet&quot;:&quot;none&quot;,&quot;animation_mobile&quot;:&quot;none&quot;}\">\n\t\t\t\t\t<div class=\"elementor-shape elementor-shape-top\" aria-hidden=\"true\" data-negative=\"false\">\n\t\t\t<svg xmlns=\"http:\/\/www.w3.org\/2000\/svg\" viewBox=\"0 0 1000 100\" preserveAspectRatio=\"none\">\n\t<path class=\"elementor-shape-fill\" d=\"M0,6V0h1000v100L0,6z\"\/>\n<\/svg>\t\t<\/div>\n\t\t\t\t<div class=\"elementor-shape elementor-shape-bottom\" aria-hidden=\"true\" data-negative=\"false\">\n\t\t\t<svg xmlns=\"http:\/\/www.w3.org\/2000\/svg\" viewBox=\"0 0 1000 100\" preserveAspectRatio=\"none\">\n\t<path class=\"elementor-shape-fill\" d=\"M0,6V0h1000v100L0,6z\"\/>\n<\/svg>\t\t<\/div>\n\t\t\t\t\t<div class=\"elementor-container elementor-column-gap-default\">\n\t\t\t\t\t<div class=\"elementor-column elementor-col-100 elementor-top-column elementor-element elementor-element-3bb12925\" data-id=\"3bb12925\" data-element_type=\"column\" data-e-type=\"column\">\n\t\t\t<div class=\"elementor-widget-wrap elementor-element-populated\">\n\t\t\t\t\t\t<div class=\"elementor-element elementor-element-727ef594 elementor-widget elementor-widget-menu-anchor\" data-id=\"727ef594\" data-element_type=\"widget\" data-e-type=\"widget\" data-widget_type=\"menu-anchor.default\">\n\t\t\t\t<div class=\"elementor-widget-container\">\n\t\t\t\t\t\t\t<div class=\"elementor-menu-anchor\" id=\"ntnu\"><\/div>\n\t\t\t\t\t\t<\/div>\n\t\t\t\t<\/div>\n\t\t\t\t<div class=\"elementor-element elementor-element-853f170 elementor-widget elementor-widget-text-editor\" data-id=\"853f170\" data-element_type=\"widget\" data-e-type=\"widget\" data-widget_type=\"text-editor.default\">\n\t\t\t\t<div class=\"elementor-widget-container\">\n\t\t\t\t\t\t\t\t\t<p class=\"p4\"><em><strong>Norsko technicko-p\u0159\u00edrodov\u011bdeck\u00e1 univerzita (NTNU)<\/strong> v Trondheimu je nejv\u011bt\u0161\u00ed univerzita v Norsku a mezin\u00e1rodn\u011b uzn\u00e1van\u00e9 centrum v\u00fdzkumu a vzd\u011bl\u00e1v\u00e1n\u00ed. Se siln\u00fdm zam\u011b\u0159en\u00edm na technologie, in\u017een\u00fdrstv\u00ed, zdravotnictv\u00ed a spole\u010densk\u00e9 v\u011bdy p\u0159itahuje NTNU studenty a v\u011bdce z cel\u00e9ho sv\u011bta.<\/em><\/p>\n<p class=\"p3\"><em><b>Historie a v\u00fdznam<\/b><\/em><\/p>\n<p class=\"p5\"><em>\u2022 <span class=\"s1\"><b>Zalo\u017eena v roce 1910<\/b><\/span>: P\u016fvodn\u011b jako NTH (Norsk\u00e1 technick\u00e1 vysok\u00e1 \u0161kola), v roce 1996 byla slou\u010dena s n\u011bkolika institucemi a stala se NTNU.<\/em><\/p>\n<p class=\"p5\"><em>\u2022 <span class=\"s1\"><b>Technologick\u00e1 metropole<\/b><\/span>: NTNU je hlavn\u00edm motorem Trondheimu jako technologick\u00e9ho centra Norska a \u00fazce spolupracuje s pr\u016fmyslem a v\u00fdzkumn\u00fdmi institucemi.<\/em><\/p>\n<p class=\"p5\"><em>\u2022 <span class=\"s1\"><b>V\u00fdzkum a inovace<\/b><\/span>: Univerzita je zn\u00e1m\u00e1 sv\u00fdm v\u00fdzkumem v oblasti um\u011bl\u00e9 inteligence, energetiky, zdravotnictv\u00ed, \u017eivotn\u00edho prost\u0159ed\u00ed a udr\u017eitelnosti.<\/em><\/p>\n<p class=\"p5\"><em>\u2022 <span class=\"s1\"><b>Studentsk\u00e9 m\u011bsto Trondheim<\/b><\/span>: S v\u00edce ne\u017e 40 000 studenty je NTNU srdcem \u017eiv\u00e9 studentsk\u00e9 komunity ve m\u011bst\u011b.<\/em><\/p>\n<p class=\"p3\"><em><b>Z\u00e1\u017eitky a atrakce<\/b><\/em><\/p>\n<p class=\"p5\"><em>\u2022 <span class=\"s1\"><b>Gl\u00f8shaugen<\/b><\/span>: Hlavn\u00ed kampus s ikonickou hlavn\u00ed budovou, architektonick\u00fdm skvostem.<\/em><\/p>\n<p class=\"p5\"><em>\u2022 <span class=\"s1\"><b>Budova p\u0159\u00edrodn\u00edch v\u011bd<\/b><\/span>: Modern\u00ed centrum v\u011bdy a technologi\u00ed s interaktivn\u00edmi expozicemi.<\/em><\/p>\n<p class=\"p5\"><em>\u2022 <span class=\"s1\"><b>V\u011bdeck\u00e9 centrum<\/b><\/span>: Obl\u00edben\u00e9 mezi rodinami a d\u011btmi, nab\u00edz\u00ed z\u00e1bavn\u00e9 experimenty a technologick\u00e9 v\u00fdstavy.<\/em><\/p>\n<p class=\"p5\"><em>\u2022 <span class=\"s1\"><b>Studentsk\u00fd spolek (Studentersamfundet)<\/b><\/span>: Nejzn\u00e1m\u011bj\u0161\u00ed studentsk\u00fd d\u016fm v Norsku, po\u0159\u00e1daj\u00edc\u00ed koncerty, debaty a kulturn\u00ed akce.<\/em><\/p>\n<p class=\"p3\"><em><b>Doprava a dostupnost<\/b><\/em><\/p>\n<p class=\"p5\"><em>\u2022 <span class=\"s1\"><b>Centrum Trondheimu<\/b><\/span>: Kampus Gl\u00f8shaugen je v doch\u00e1zkov\u00e9 vzd\u00e1lenosti od centra m\u011bsta.<\/em><\/p>\n<p class=\"p5\"><em>\u2022 <span class=\"s1\"><b>Ve\u0159ejn\u00e1 doprava<\/b><\/span>: Pravideln\u00e9 autobusov\u00e9 spoje do a z kampusu.<\/em><\/p>\n<p class=\"p5\"><em>\u2022 <span class=\"s1\"><b>Otev\u0159en\u00e9 akce<\/b><\/span>: NTNU nab\u00edz\u00ed ve\u0159ejn\u00e9 p\u0159edn\u00e1\u0161ky, exkurze a speci\u00e1ln\u00ed akce.<\/em><\/p>\n<p class=\"p5\"><em>\u2022 <span class=\"s1\"><b>Inova\u010dn\u00ed prost\u0159ed\u00ed<\/b><\/span>: Technologick\u00e9 parky a startupov\u00e9 ekosyst\u00e9my spojen\u00e9 s univerzitou poskytuj\u00ed pohled na budouc\u00ed technologick\u00e1 \u0159e\u0161en\u00ed.<\/em><\/p>\n<p class=\"p5\"><em>\u2022 <span class=\"s1\"><b>Najd\u011bte cestu k NTNU<\/b><\/span>: Napl\u00e1nujte si n\u00e1v\u0161t\u011bvu pomoc\u00ed <a title=\"Pod\u00edvejte se na NTNU na Google Maps\" href=\"https:\/\/www.google.com\/maps\/place\/Norwegian+University+of+Science+and+Technology\/@63.4194896,10.3994136,16z\/data=!3m1!4b1!4m6!3m5!1s0x466d31bfd8c0937f:0xb4fde91ca281978b!8m2!3d63.4194872!4d10.4019939!16zL20vMDFocHY1?entry=ttu&amp;g_ep=EgoyMDI1MDMxNi4wIKXMDSoJLDEwMjExNjQwSAFQAw%3D%3D\">Google Maps<\/a>.<\/em><\/p>\t\t\t\t\t\t\t\t<\/div>\n\t\t\t\t<\/div>\n\t\t\t\t\t<\/div>\n\t\t<\/div>\n\t\t\t\t\t<\/div>\n\t\t<\/section>\n\t\t\t\t<section class=\"elementor-section elementor-top-section elementor-element elementor-element-3c4f4db7 elementor-section-full_width elementor-section-stretched elementor-section-height-default elementor-section-height-default\" data-id=\"3c4f4db7\" data-element_type=\"section\" data-e-type=\"section\" data-settings=\"{&quot;stretch_section&quot;:&quot;section-stretched&quot;}\">\n\t\t\t\t\t\t<div class=\"elementor-container elementor-column-gap-default\">\n\t\t\t\t\t<div class=\"elementor-column elementor-col-100 elementor-top-column elementor-element elementor-element-61eb9e14\" data-id=\"61eb9e14\" data-element_type=\"column\" data-e-type=\"column\">\n\t\t\t<div class=\"elementor-widget-wrap elementor-element-populated\">\n\t\t\t\t\t\t<div class=\"elementor-element elementor-element-6edb236b elementor-widget elementor-widget-menu-anchor\" data-id=\"6edb236b\" data-element_type=\"widget\" data-e-type=\"widget\" data-widget_type=\"menu-anchor.default\">\n\t\t\t\t<div class=\"elementor-widget-container\">\n\t\t\t\t\t\t\t<div class=\"elementor-menu-anchor\" id=\"orkla\"><\/div>\n\t\t\t\t\t\t<\/div>\n\t\t\t\t<\/div>\n\t\t\t\t<div class=\"elementor-element elementor-element-7b475ffe elementor-widget elementor-widget-text-editor\" data-id=\"7b475ffe\" data-element_type=\"widget\" data-e-type=\"widget\" data-widget_type=\"text-editor.default\">\n\t\t\t\t<div class=\"elementor-widget-container\">\n\t\t\t\t\t\t\t\t\t<p class=\"p4\"><em><strong>Orkla pr\u016fmyslov\u00e9 muzeum<\/strong> se nach\u00e1z\u00ed v Meldalu, p\u0159ibli\u017en\u011b hodinu j\u00edzdy jihoz\u00e1padn\u011b od Trondheimu, a poskytuje vhled do norsk\u00e9 pr\u016fmyslov\u00e9 historie se zam\u011b\u0159en\u00edm na t\u011b\u017ebu, v\u00fdrobu energie a pr\u016fmyslov\u00fd rozvoj. Muzeum ukazuje, jak p\u0159\u00edrodn\u00ed zdroje a inovace formovaly region i celou zemi.<\/em><\/p>\n<p class=\"p3\"><em><b>Historie a expozice<\/b><\/em><\/p>\n<p class=\"p5\"><em>\u2022 <span class=\"s1\"><b>L\u00f8kken Verk<\/b><\/span>: Starobyl\u00e1 d\u016fln\u00ed oblast, kde t\u011b\u017eba m\u011bdi za\u010dala ji\u017e v roce 1654.<\/em><\/p>\n<p class=\"p5\"><em>\u2022 <span class=\"s1\"><b>Thamshavnbanen<\/b><\/span>: Nejstar\u0161\u00ed st\u0159\u00eddav\u011b elektrifikovan\u00e1 \u017eeleznice v Norsku, p\u016fvodn\u011b slou\u017e\u00edc\u00ed k p\u0159eprav\u011b rudy, dnes historick\u00e1 muzejn\u00ed tra\u0165.<\/em><\/p>\n<p class=\"p5\"><em>\u2022 <span class=\"s1\"><b>Pr\u016fmyslov\u00fd r\u016fst<\/b><\/span>: P\u0159\u00edb\u011bh o tom, jak se Orkla vyvinula z t\u011b\u017eebn\u00edho podniku v glob\u00e1ln\u00ed pr\u016fmyslov\u00fd koncern.<\/em><\/p>\n<p class=\"p5\"><em>\u2022 <span class=\"s1\"><b>D\u011bjiny d\u011blnictva<\/b><\/span>: Interaktivn\u00ed v\u00fdstavy o \u017eivot\u011b a pr\u00e1ci horn\u00edk\u016f v dolech.<\/em><\/p>\n<p class=\"p3\"><em><b>Z\u00e1\u017eitky a aktivity<\/b><\/em><\/p>\n<p class=\"p5\"><em>\u2022 <span class=\"s1\"><b>J\u00edzda Thamshavnbanenem<\/b><\/span>: Historick\u00e1 proj\u00ed\u017e\u010fka vlakem kr\u00e1snou krajinou z L\u00f8kken Verk do Orkangeru.<\/em><\/p>\n<p class=\"p5\"><em>\u2022 <span class=\"s1\"><b>Prohl\u00eddka dolu<\/b><\/span>: N\u00e1v\u0161t\u011bva star\u00fdch d\u016fln\u00edch prostor pro autentick\u00fd z\u00e1\u017eitek z podzemn\u00ed pr\u00e1ce.<\/em><\/p>\n<p class=\"p5\"><em>\u2022 <span class=\"s1\"><b>Pr\u016fmyslov\u00e9 v\u00fdstavy<\/b><\/span>: Modely, stroje a dokumentace o norsk\u00e9m pr\u016fmyslov\u00e9m rozvoji.<\/em><\/p>\n<p class=\"p3\"><em><b>Doprava a dostupnost<\/b><\/em><\/p>\n<p class=\"p5\"><em>\u2022 <span class=\"s1\"><b>Poloha<\/b><\/span>: P\u0159ibli\u017en\u011b 1 hodinu j\u00edzdy z Trondheimu.<\/em><\/p>\n<p class=\"p5\"><em>\u2022 <span class=\"s1\"><b>Auto a autobus<\/b><\/span>: Dobr\u00e9 silni\u010dn\u00ed spojen\u00ed a ve\u0159ejn\u00e1 doprava z Trondheimu a Orkangeru.<\/em><\/p>\n<p class=\"p5\"><em>\u2022 <span class=\"s1\"><b>Sez\u00f3nn\u00ed provoz<\/b><\/span>: N\u011bkter\u00e9 aktivity, jako j\u00edzdy vlakem, jsou dostupn\u00e9 pouze b\u011bhem letn\u00ed sez\u00f3ny.<\/em><\/p>\n<p class=\"p5\"><em>\u2022 <span class=\"s1\"><b>Najd\u011bte cestu do Orkla pr\u016fmyslov\u00e9ho muzea<\/b><\/span>: Napl\u00e1nujte si n\u00e1v\u0161t\u011bvu pomoc\u00ed <a title=\"Pod\u00edvejte se na Orkla pr\u016fmyslov\u00e9 muzeum na Google Maps\" href=\"https:\/\/www.google.com\/maps\/place\/Orkla+Industrimuseum\/@63.1249543,9.7027084,17z\/data=!3m1!4b1!4m6!3m5!1s0x461325907daa6ddd:0x3e9dbd870f2c5447!8m2!3d63.1249519!4d9.7052887!16s%2Fg%2F1hc0hqsrc?entry=ttu&amp;g_ep=EgoyMDI1MDMxNi4wIKXMDSoJLDEwMjExNjQwSAFQAw%3D%3D\">Google Maps<\/a>.<\/em><\/p>\t\t\t\t\t\t\t\t<\/div>\n\t\t\t\t<\/div>\n\t\t\t\t\t<\/div>\n\t\t<\/div>\n\t\t\t\t\t<\/div>\n\t\t<\/section>\n\t\t\t\t<section class=\"elementor-section elementor-top-section elementor-element elementor-element-259a683b elementor-section-stretched elementor-section-boxed elementor-section-height-default elementor-section-height-default\" data-id=\"259a683b\" data-element_type=\"section\" data-e-type=\"section\" data-settings=\"{&quot;stretch_section&quot;:&quot;section-stretched&quot;}\">\n\t\t\t\t\t\t<div class=\"elementor-container elementor-column-gap-default\">\n\t\t\t\t\t<div class=\"elementor-column elementor-col-100 elementor-top-column elementor-element elementor-element-29211ae4\" data-id=\"29211ae4\" data-element_type=\"column\" data-e-type=\"column\" data-settings=\"{&quot;background_background&quot;:&quot;classic&quot;}\">\n\t\t\t<div class=\"elementor-widget-wrap elementor-element-populated\">\n\t\t\t\t\t\t<div class=\"elementor-element elementor-element-515f9d20 elementor-widget elementor-widget-menu-anchor\" data-id=\"515f9d20\" data-element_type=\"widget\" data-e-type=\"widget\" data-widget_type=\"menu-anchor.default\">\n\t\t\t\t<div class=\"elementor-widget-container\">\n\t\t\t\t\t\t\t<div class=\"elementor-menu-anchor\" id=\"ringve\"><\/div>\n\t\t\t\t\t\t<\/div>\n\t\t\t\t<\/div>\n\t\t\t\t<div class=\"elementor-element elementor-element-5120e25e elementor-widget elementor-widget-text-editor\" data-id=\"5120e25e\" data-element_type=\"widget\" data-e-type=\"widget\" data-widget_type=\"text-editor.default\">\n\t\t\t\t<div class=\"elementor-widget-container\">\n\t\t\t\t\t\t\t\t\t<p class=\"p4\"><em><strong>Muzeum hudby Ringve<\/strong> se nach\u00e1z\u00ed v oblasti Lade v Trondheimu a je n\u00e1rodn\u00edm muzeem Norska pro hudbu a hudebn\u00ed n\u00e1stroje. Muzeum je zn\u00e1m\u00e9 svou impozantn\u00ed sb\u00edrkou n\u00e1stroj\u016f z cel\u00e9ho sv\u011bta a jedine\u010dnou atmosf\u00e9rou v historick\u00e9m prost\u0159ed\u00ed.<\/em><\/p>\n<p class=\"p3\"><em><b>Historie a expozice<\/b><\/em><\/p>\n<p class=\"p5\"><em>\u2022 <span class=\"s1\"><b>Ringve G\u00e5rd<\/b><\/span>: Muzeum s\u00eddl\u00ed v historick\u00e9m pansk\u00e9m s\u00eddle z 18. stolet\u00ed, obklopen\u00e9m kr\u00e1sn\u00fdmi zahradami s v\u00fdhledem na fjord.<\/em><\/p>\n<p class=\"p5\"><em>\u2022 <span class=\"s1\"><b>Hudebn\u00ed cesta kolem sv\u011bta<\/b><\/span>: V\u00edce ne\u017e 2000 hudebn\u00edch n\u00e1stroj\u016f z r\u016fzn\u00fdch obdob\u00ed a kultur.<\/em><\/p>\n<p class=\"p5\"><em>\u2022 <span class=\"s1\"><b>\u017div\u00e1 hudba<\/b><\/span>: Prohl\u00eddky s pr\u016fvodci, kte\u0159\u00ed hraj\u00ed na n\u00e1stroje pro autentick\u00fd hudebn\u00ed z\u00e1\u017eitek.<\/em><\/p>\n<p class=\"p5\"><em>\u2022 <span class=\"s1\"><b>Interaktivn\u00ed expozice<\/b><\/span>: Mo\u017enost vyzkou\u0161et si hudebn\u00ed n\u00e1stroje a objevovat hudebn\u00ed historii prost\u0159ednictv\u00edm modern\u00ed technologie.<\/em><\/p>\n<p class=\"p3\"><em><b>Z\u00e1\u017eitky a aktivity<\/b><\/em><\/p>\n<p class=\"p5\"><em>\u2022 <span class=\"s1\"><b>Hlavn\u00ed budova<\/b><\/span>: Prohl\u00eddky zam\u011b\u0159en\u00e9 na hudbu a jej\u00ed historii.<\/em><\/p>\n<p class=\"p5\"><em>\u2022 <span class=\"s1\"><b>Botanick\u00e1 zahrada Ringve<\/b><\/span>: Kr\u00e1sn\u00fd park ide\u00e1ln\u00ed pro klidnou proch\u00e1zku.<\/em><\/p>\n<p class=\"p5\"><em>\u2022 <span class=\"s1\"><b>Koncerty a akce<\/b><\/span>: Muzeum pravideln\u011b po\u0159\u00e1d\u00e1 koncerty a speci\u00e1ln\u00ed v\u00fdstavy.<\/em><\/p>\n<p class=\"p3\"><em><b>Doprava a dostupnost<\/b><\/em><\/p>\n<p class=\"p5\"><em>\u2022 <span class=\"s1\"><b>Poloha<\/b><\/span>: Lade, p\u0159ibli\u017en\u011b 10 minut autem od centra Trondheimu.<\/em><\/p>\n<p class=\"p5\"><em>\u2022 <span class=\"s1\"><b>Autobus<\/b><\/span>: Spojen\u00ed z centra m\u011bsta na Lade.<\/em><\/p>\n<p class=\"p5\"><em>\u2022 <span class=\"s1\"><b>Parkov\u00e1n\u00ed<\/b><\/span>: Bezplatn\u00e9 parkovi\u0161t\u011b k dispozici u muzea.<\/em><\/p>\n<p class=\"p5\"><em>\u2022 <span class=\"s1\"><b>Najd\u011bte cestu do Muzea hudby Ringve<\/b><\/span>: Napl\u00e1nujte si n\u00e1v\u0161t\u011bvu pomoc\u00ed <a title=\"Pod\u00edvejte se na Muzeum hudby Ringve na Google Maps\" href=\"https:\/\/www.google.com\/maps\/place\/Ringve+Music+Museum\/@63.447329,10.452066,17z\/data=!3m1!4b1!4m6!3m5!1s0x466d311cb69b1113:0x8fad850fadac8e61!8m2!3d63.4473266!4d10.4546463!16s%2Fm%2F03cmv44?entry=ttu\">Google Maps<\/a>.<\/em><\/p>\t\t\t\t\t\t\t\t<\/div>\n\t\t\t\t<\/div>\n\t\t\t\t\t<\/div>\n\t\t<\/div>\n\t\t\t\t\t<\/div>\n\t\t<\/section>\n\t\t\t\t<section class=\"elementor-section elementor-top-section elementor-element elementor-element-5f21cb17 elementor-section-full_width elementor-section-stretched elementor-section-height-default elementor-section-height-default\" data-id=\"5f21cb17\" data-element_type=\"section\" data-e-type=\"section\" data-settings=\"{&quot;stretch_section&quot;:&quot;section-stretched&quot;}\">\n\t\t\t\t\t\t<div class=\"elementor-container elementor-column-gap-default\">\n\t\t\t\t\t<div class=\"elementor-column elementor-col-100 elementor-top-column elementor-element elementor-element-6a00e3f2\" data-id=\"6a00e3f2\" data-element_type=\"column\" data-e-type=\"column\">\n\t\t\t<div class=\"elementor-widget-wrap elementor-element-populated\">\n\t\t\t\t\t\t<div class=\"elementor-element elementor-element-f1672f6 elementor-widget elementor-widget-menu-anchor\" data-id=\"f1672f6\" data-element_type=\"widget\" data-e-type=\"widget\" data-widget_type=\"menu-anchor.default\">\n\t\t\t\t<div class=\"elementor-widget-container\">\n\t\t\t\t\t\t\t<div class=\"elementor-menu-anchor\" id=\"rindal\"><\/div>\n\t\t\t\t\t\t<\/div>\n\t\t\t\t<\/div>\n\t\t\t\t<div class=\"elementor-element elementor-element-6abf2ae4 elementor-widget elementor-widget-text-editor\" data-id=\"6abf2ae4\" data-element_type=\"widget\" data-e-type=\"widget\" data-widget_type=\"text-editor.default\">\n\t\t\t\t<div class=\"elementor-widget-container\">\n\t\t\t\t\t\t\t\t\t<p class=\"p4\"><em><strong>Rindal Skimuseum<\/strong> se nach\u00e1z\u00ed v Rindalu v oblasti Nordm\u00f8re a je jedine\u010dn\u00fdm muzeem, kter\u00e9 vypr\u00e1v\u00ed p\u0159\u00edb\u011bh norsk\u00e9 v\u00fdroby ly\u017e\u00ed, ly\u017ea\u0159sk\u00e9 kultury a v\u00fdvoje ly\u017e\u00ed jako dopravn\u00edho prost\u0159edku, volno\u010dasov\u00e9 aktivity a sportu.<\/em><\/p>\n<p class=\"p3\"><em><b>Historie a expozice<\/b><\/em><\/p>\n<p class=\"p5\"><em>\u2022 <span class=\"s1\"><b>Rindal \u2013 Ly\u017ea\u0159sk\u00e1 obec<\/b><\/span>: Rindal je zn\u00e1m\u00fd jako jedna z nejv\u00fdznamn\u011bj\u0161\u00edch oblast\u00ed Norska pro v\u00fdrobu ly\u017e\u00ed a muzeum tuto tradici zachov\u00e1v\u00e1.<\/em><\/p>\n<p class=\"p5\"><em>\u2022 <span class=\"s1\"><b>Od d\u0159ev\u011bn\u00fdch ly\u017e\u00ed k modern\u00edmu vybaven\u00ed<\/b><\/span>: Muzeum ukazuje v\u00fdvoj od ru\u010dn\u011b vyr\u00e1b\u011bn\u00fdch d\u0159ev\u011bn\u00fdch ly\u017e\u00ed po dne\u0161n\u00ed modern\u00ed b\u011b\u017eeck\u00e9 a sjezdov\u00e9 ly\u017ee.<\/em><\/p>\n<p class=\"p5\"><em>\u2022 <span class=\"s1\"><b>Historick\u00e9 ly\u017ea\u0159sk\u00e9 vybaven\u00ed<\/b><\/span>: Sb\u00edrka zahrnuje star\u00e9 ly\u017ee, v\u00e1z\u00e1n\u00ed, vosky a dal\u0161\u00ed historick\u00e9 p\u0159edm\u011bty.<\/em><\/p>\n<p class=\"p5\"><em>\u2022 <span class=\"s1\"><b>Legend\u00e1rn\u00ed norsk\u00e9 ly\u017ea\u0159sk\u00e9 osobnosti<\/b><\/span>: V\u00fdstavy o slavn\u00fdch norsk\u00fdch ly\u017ea\u0159\u00edch a jejich p\u0159\u00ednosu k norsk\u00e9 i sv\u011btov\u00e9 ly\u017ea\u0159sk\u00e9 historii.<\/em><\/p>\n<p class=\"p3\"><em><b>Z\u00e1\u017eitky a aktivity<\/b><\/em><\/p>\n<p class=\"p5\"><em>\u2022 <span class=\"s1\"><b>Vyzkou\u0161ejte tradi\u010dn\u00ed ly\u017ee<\/b><\/span>: Muzeum nab\u00edz\u00ed mo\u017enost testov\u00e1n\u00ed historick\u00fdch d\u0159ev\u011bn\u00fdch ly\u017e\u00ed v zimn\u00edm obdob\u00ed.<\/em><\/p>\n<p class=\"p5\"><em>\u2022 <span class=\"s1\"><b>Prohl\u00eddky a p\u0159edn\u00e1\u0161ky<\/b><\/span>: Dozv\u00edte se v\u00edce o tom, jak ly\u017ee hr\u00e1ly kl\u00ed\u010dovou roli v norsk\u00e9 kultu\u0159e a p\u0159e\u017eit\u00ed.<\/em><\/p>\n<p class=\"p5\"><em>\u2022 <span class=\"s1\"><b>Sez\u00f3nn\u00ed akce<\/b><\/span>: Muzeum po\u0159\u00e1d\u00e1 historick\u00e9 ly\u017ea\u0159sk\u00e9 dny, workshopy a odborn\u00e9 p\u0159edn\u00e1\u0161ky.<\/em><\/p>\n<p class=\"p3\"><em><b>Doprava a dostupnost<\/b><\/em><\/p>\n<p class=\"p5\"><em>\u2022 <span class=\"s1\"><b>Poloha<\/b><\/span>: Nach\u00e1z\u00ed se v Rindalu, p\u0159ibli\u017en\u011b 1,5 hodiny j\u00edzdy od Trondheimu.<\/em><\/p>\n<p class=\"p5\"><em>\u2022 <span class=\"s1\"><b>Autobus<\/b><\/span>: Ve\u0159ejn\u00e1 doprava dostupn\u00e1 z Trondheimu p\u0159es Orkanger.<\/em><\/p>\n<p class=\"p5\"><em>\u2022 <span class=\"s1\"><b>Parkov\u00e1n\u00ed<\/b><\/span>: Zdarma parkovi\u0161t\u011b u muzea.<\/em><\/p>\n<p class=\"p5\"><em>\u2022 <span class=\"s1\"><b>Najd\u011bte cestu do Rindal Skimuseum<\/b><\/span>: Napl\u00e1nujte si n\u00e1v\u0161t\u011bvu pomoc\u00ed <a title=\"Pod\u00edvejte se na Rindal Skimuseum na Google Maps\" href=\"https:\/\/www.google.com\/maps\/search\/?api=1&amp;query=Rindal+Skimuseum\">Google Maps<\/a>.<\/em><\/p>\t\t\t\t\t\t\t\t<\/div>\n\t\t\t\t<\/div>\n\t\t\t\t\t<\/div>\n\t\t<\/div>\n\t\t\t\t\t<\/div>\n\t\t<\/section>\n\t\t\t\t<section class=\"elementor-section elementor-top-section elementor-element elementor-element-7b12688 elementor-section-stretched elementor-section-boxed elementor-section-height-default elementor-section-height-default\" data-id=\"7b12688\" data-element_type=\"section\" data-e-type=\"section\" data-settings=\"{&quot;background_background&quot;:&quot;classic&quot;,&quot;stretch_section&quot;:&quot;section-stretched&quot;,&quot;shape_divider_top&quot;:&quot;tilt&quot;,&quot;shape_divider_bottom&quot;:&quot;tilt&quot;,&quot;animation&quot;:&quot;none&quot;,&quot;animation_tablet&quot;:&quot;none&quot;,&quot;animation_mobile&quot;:&quot;none&quot;}\">\n\t\t\t\t\t<div class=\"elementor-shape elementor-shape-top\" aria-hidden=\"true\" data-negative=\"false\">\n\t\t\t<svg xmlns=\"http:\/\/www.w3.org\/2000\/svg\" viewBox=\"0 0 1000 100\" preserveAspectRatio=\"none\">\n\t<path class=\"elementor-shape-fill\" d=\"M0,6V0h1000v100L0,6z\"\/>\n<\/svg>\t\t<\/div>\n\t\t\t\t<div class=\"elementor-shape elementor-shape-bottom\" aria-hidden=\"true\" data-negative=\"false\">\n\t\t\t<svg xmlns=\"http:\/\/www.w3.org\/2000\/svg\" viewBox=\"0 0 1000 100\" preserveAspectRatio=\"none\">\n\t<path class=\"elementor-shape-fill\" d=\"M0,6V0h1000v100L0,6z\"\/>\n<\/svg>\t\t<\/div>\n\t\t\t\t\t<div class=\"elementor-container elementor-column-gap-default\">\n\t\t\t\t\t<div class=\"elementor-column elementor-col-100 elementor-top-column elementor-element elementor-element-2e44120a\" data-id=\"2e44120a\" data-element_type=\"column\" data-e-type=\"column\">\n\t\t\t<div class=\"elementor-widget-wrap elementor-element-populated\">\n\t\t\t\t\t\t<div class=\"elementor-element elementor-element-7edf2f4d elementor-widget elementor-widget-menu-anchor\" data-id=\"7edf2f4d\" data-element_type=\"widget\" data-e-type=\"widget\" data-widget_type=\"menu-anchor.default\">\n\t\t\t\t<div class=\"elementor-widget-container\">\n\t\t\t\t\t\t\t<div class=\"elementor-menu-anchor\" id=\"rockheim\"><\/div>\n\t\t\t\t\t\t<\/div>\n\t\t\t\t<\/div>\n\t\t\t\t<div class=\"elementor-element elementor-element-120a4b2c elementor-widget elementor-widget-text-editor\" data-id=\"120a4b2c\" data-element_type=\"widget\" data-e-type=\"widget\" data-widget_type=\"text-editor.default\">\n\t\t\t\t<div class=\"elementor-widget-container\">\n\t\t\t\t\t\t\t\t\t<p class=\"p4\"><em><strong>Rockheim<\/strong> se nach\u00e1z\u00ed v Trondheimu a je norsk\u00fdm n\u00e1rodn\u00edm muzeem popul\u00e1rn\u00ed hudby. Muzeum v\u00e1s provede interaktivn\u00ed cestou norskou hudebn\u00ed histori\u00ed od 50. let 20. stolet\u00ed a\u017e po sou\u010dasnost, se zam\u011b\u0159en\u00edm na rock, pop, hip-hop a elektronickou hudbu.<\/em><\/p>\n<p class=\"p3\"><em><b>Expozice a z\u00e1\u017eitky<\/b><\/em><\/p>\n<p class=\"p5\"><em>\u2022 <span class=\"s1\"><b>Hlavn\u00ed v\u00fdstava \u201eTunel \u010dasu\u201c<\/b><\/span>: Fascinuj\u00edc\u00ed cesta norskou hudebn\u00ed histori\u00ed, kde n\u00e1v\u0161t\u011bvn\u00edci mohou za\u017e\u00edt ikonick\u00e9 skladby, um\u011blce a hudebn\u00ed trendy od 50. let a\u017e po sou\u010dasnost.<\/em><\/p>\n<p class=\"p5\"><em>\u2022 <span class=\"s1\"><b>Interaktivn\u00ed instalace<\/b><\/span>: Vyzkou\u0161ejte si roli DJ, zahrajte na kytaru nebo si vytvo\u0159te vlastn\u00ed mix v digit\u00e1ln\u00edch studi\u00edch muzea.<\/em><\/p>\n<p class=\"p5\"><em>\u2022 <span class=\"s1\"><b>Tematick\u00e9 v\u00fdstavy<\/b><\/span>: Rockheim pravideln\u011b po\u0159\u00e1d\u00e1 speci\u00e1ln\u00ed v\u00fdstavy zam\u011b\u0159en\u00e9 na konkr\u00e9tn\u00ed hudebn\u00ed \u017e\u00e1nry, um\u011blce nebo hudebn\u00ed hnut\u00ed.<\/em><\/p>\n<p class=\"p5\"><em>\u2022 <span class=\"s1\"><b>Rockheim Hall of Fame<\/b><\/span>: S\u00ed\u0148 sl\u00e1vy vzd\u00e1v\u00e1 hold nejvlivn\u011bj\u0161\u00edm norsk\u00fdm hudebn\u00edm interpret\u016fm a kapel\u00e1m, od A-ha po DumDum Boys.<\/em><\/p>\n<p class=\"p3\"><em><b>Ud\u00e1losti a koncerty<\/b><\/em><\/p>\n<p class=\"p5\"><em>\u2022 <span class=\"s1\"><b>\u017div\u00e9 koncerty<\/b><\/span>: Muzeum pravideln\u011b po\u0159\u00e1d\u00e1 koncerty norsk\u00fdch i zahrani\u010dn\u00edch interpret\u016f.<\/em><\/p>\n<p class=\"p5\"><em>\u2022 <span class=\"s1\"><b>Workshopy a p\u0159edn\u00e1\u0161ky<\/b><\/span>: Z\u00fa\u010dastn\u011bte se hudebn\u00edch workshop\u016f a p\u0159edn\u00e1\u0161ek o norsk\u00e9 hudebn\u00ed historii.<\/em><\/p>\n<p class=\"p5\"><em>\u2022 <span class=\"s1\"><b>Rodinn\u00e9 aktivity<\/b><\/span>: D\u011bti a ml\u00e1de\u017e mohou za\u017e\u00edt interaktivn\u00ed hudebn\u00ed z\u00e1\u017eitky a nau\u010dit se z\u00e1klady hudebn\u00ed produkce.<\/em><\/p>\n<p class=\"p3\"><em><b>Doprava a dostupnost<\/b><\/em><\/p>\n<p class=\"p5\"><em>\u2022 <span class=\"s1\"><b>Poloha<\/b><\/span>: Rockheim se nach\u00e1z\u00ed na Bratt\u00f8rkaia, v doch\u00e1zkov\u00e9 vzd\u00e1lenosti od hlavn\u00edho n\u00e1dra\u017e\u00ed Trondheim S.<\/em><\/p>\n<p class=\"p5\"><em>\u2022 <span class=\"s1\"><b>Autobus a vlak<\/b><\/span>: Snadn\u00e1 dostupnost ve\u0159ejnou dopravou, autobusy a vlaky do Trondheim S.<\/em><\/p>\n<p class=\"p5\"><em>\u2022 <span class=\"s1\"><b>Parkov\u00e1n\u00ed<\/b><\/span>: Placen\u00e9 parkovi\u0161t\u011b k dispozici na Bratt\u00f8rkaia.<\/em><\/p>\n<p class=\"p5\"><em>\u2022 <span class=\"s1\"><b>Najd\u011bte cestu do Rockheim<\/b><\/span>: Napl\u00e1nujte si n\u00e1v\u0161t\u011bvu pomoc\u00ed <a title=\"Pod\u00edvejte se na Rockheim na Google Maps\" href=\"https:\/\/maps.app.goo.gl\/xxCAcxYJekcccFBh8\">Google Maps<\/a>.<\/em><\/p>\t\t\t\t\t\t\t\t<\/div>\n\t\t\t\t<\/div>\n\t\t\t\t\t<\/div>\n\t\t<\/div>\n\t\t\t\t\t<\/div>\n\t\t<\/section>\n\t\t\t\t<section class=\"elementor-section elementor-top-section elementor-element elementor-element-2e37b452 elementor-section-full_width elementor-section-stretched elementor-section-height-default elementor-section-height-default\" data-id=\"2e37b452\" data-element_type=\"section\" data-e-type=\"section\" data-settings=\"{&quot;stretch_section&quot;:&quot;section-stretched&quot;}\">\n\t\t\t\t\t\t<div class=\"elementor-container elementor-column-gap-default\">\n\t\t\t\t\t<div class=\"elementor-column elementor-col-100 elementor-top-column elementor-element elementor-element-23e73e0\" data-id=\"23e73e0\" data-element_type=\"column\" data-e-type=\"column\">\n\t\t\t<div class=\"elementor-widget-wrap elementor-element-populated\">\n\t\t\t\t\t\t<div class=\"elementor-element elementor-element-144ce171 elementor-widget elementor-widget-menu-anchor\" data-id=\"144ce171\" data-element_type=\"widget\" data-e-type=\"widget\" data-widget_type=\"menu-anchor.default\">\n\t\t\t\t<div class=\"elementor-widget-container\">\n\t\t\t\t\t\t\t<div class=\"elementor-menu-anchor\" id=\"solsiden\"><\/div>\n\t\t\t\t\t\t<\/div>\n\t\t\t\t<\/div>\n\t\t\t\t<div class=\"elementor-element elementor-element-197b8766 elementor-widget elementor-widget-text-editor\" data-id=\"197b8766\" data-element_type=\"widget\" data-e-type=\"widget\" data-widget_type=\"text-editor.default\">\n\t\t\t\t<div class=\"elementor-widget-container\">\n\t\t\t\t\t\t\t\t\t<p class=\"p4\"><em><strong>Solsiden<\/strong> je jednou z nej\u017eiv\u011bj\u0161\u00edch \u010d\u00e1st\u00ed Trondheimu, zn\u00e1m\u00e1 sv\u00fdm pulzuj\u00edc\u00edm m\u011bstsk\u00fdm \u017eivotem, restauracemi, obchody a venkovn\u00edmi posezen\u00edmi pod\u00e9l kan\u00e1lu. Oblast, kter\u00e1 d\u0159\u00edve slou\u017eila jako lod\u011bnice, byla p\u0159em\u011bn\u011bna na modern\u00ed obchodn\u00ed a z\u00e1bavn\u00ed \u010dtvr\u0165, ide\u00e1ln\u00ed pro m\u00edstn\u00ed i turisty.<\/em><\/p>\n<p class=\"p3\"><em><b>Gastronomie, n\u00e1kupy a no\u010dn\u00ed \u017eivot<\/b><\/em><\/p>\n<p class=\"p5\"><em>\u2022 <span class=\"s1\"><b>Restaurace a kav\u00e1rny<\/b><\/span>: Solsiden nab\u00edz\u00ed \u0161irokou \u0161k\u00e1lu podnik\u016f, od restaurac\u00ed s mo\u0159sk\u00fdmi plody po mezin\u00e1rodn\u00ed kuchyni a \u00fatuln\u00e9 kav\u00e1rny.<\/em><\/p>\n<p class=\"p5\"><em>\u2022 <span class=\"s1\"><b>N\u00e1kupy<\/b><\/span>: Obchodn\u00ed centrum Solsiden m\u00e1 pestr\u00fd v\u00fdb\u011br obchod\u016f, v\u010detn\u011b m\u00f3dy, interi\u00e9rov\u00fdch dopl\u0148k\u016f a specializovan\u00fdch prodejen.<\/em><\/p>\n<p class=\"p5\"><em>\u2022 <span class=\"s1\"><b>Bary a no\u010dn\u00ed \u017eivot<\/b><\/span>: Oblast je zn\u00e1m\u00e1 sv\u00fdm ru\u0161n\u00fdm no\u010dn\u00edm \u017eivotem, s bary a podniky s venkovn\u00edm posezen\u00edm u kan\u00e1lu.<\/em><\/p>\n<p class=\"p3\"><em><b>Z\u00e1\u017eitky a aktivity<\/b><\/em><\/p>\n<p class=\"p5\"><em>\u2022 <span class=\"s1\"><b>P\u0159\u00edstavn\u00ed promen\u00e1da<\/b><\/span>: Skv\u011bl\u00e1 proch\u00e1zka pod\u00e9l \u0159eky Nidelva a p\u0159\u00edstavu, ide\u00e1ln\u00ed pro klidn\u00fd den ve m\u011bst\u011b.<\/em><\/p>\n<p class=\"p5\"><em>\u2022 <span class=\"s1\"><b>Plavby lod\u00ed<\/b><\/span>: Ze Solsiden se m\u016f\u017eete vydat na lodn\u00ed v\u00fdlety po Trondheimsfjordu.<\/em><\/p>\n<p class=\"p5\"><em>\u2022 <span class=\"s1\"><b>Kulturn\u00ed akce<\/b><\/span>: Solsiden \u010dasto host\u00ed koncerty, festivaly a dal\u0161\u00ed ud\u00e1losti po cel\u00fd rok.<\/em><\/p>\n<p class=\"p3\"><em><b>Doprava a dostupnost<\/b><\/em><\/p>\n<p class=\"p5\"><em>\u2022 <span class=\"s1\"><b>Poloha<\/b><\/span>: Nach\u00e1z\u00ed se v centru Trondheimu, jen kr\u00e1tkou proch\u00e1zkou od hlavn\u00edho n\u00e1m\u011bst\u00ed.<\/em><\/p>\n<p class=\"p5\"><em>\u2022 <span class=\"s1\"><b>Autobusy a kola<\/b><\/span>: Dobr\u00e9 spojen\u00ed ve\u0159ejnou dopravou a dostupn\u00e9 stanice m\u011bstsk\u00fdch kol.<\/em><\/p>\n<p class=\"p5\"><em>\u2022 <span class=\"s1\"><b>Parkov\u00e1n\u00ed<\/b><\/span>: Parkovac\u00ed d\u016fm k dispozici pod obchodn\u00edm centrem Solsiden.<\/em><\/p>\n<p class=\"p5\"><em>\u2022 <span class=\"s1\"><b>Najd\u011bte cestu do Solsiden<\/b><\/span>: Napl\u00e1nujte si n\u00e1v\u0161t\u011bvu pomoc\u00ed <a title=\"Pod\u00edvejte se na Solsiden na Google Maps\" href=\"https:\/\/www.google.com\/maps\/place\/Solsiden+Senter\/@63.4348227,10.4091499,17z\/data=!3m1!4b1!4m6!3m5!1s0x466d319f9d5950c9:0x84fdc0cafdac1f84!8m2!3d63.4348203!4d10.4117302!16s%2Fg%2F120z_s05?entry=ttu\">Google Maps<\/a>.<\/em><\/p>\t\t\t\t\t\t\t\t<\/div>\n\t\t\t\t<\/div>\n\t\t\t\t\t<\/div>\n\t\t<\/div>\n\t\t\t\t\t<\/div>\n\t\t<\/section>\n\t\t\t\t<section class=\"elementor-section elementor-top-section elementor-element elementor-element-65d71cac elementor-section-stretched elementor-section-boxed elementor-section-height-default elementor-section-height-default\" data-id=\"65d71cac\" data-element_type=\"section\" data-e-type=\"section\" data-settings=\"{&quot;stretch_section&quot;:&quot;section-stretched&quot;}\">\n\t\t\t\t\t\t<div class=\"elementor-container elementor-column-gap-default\">\n\t\t\t\t\t<div class=\"elementor-column elementor-col-100 elementor-top-column elementor-element elementor-element-71a3422f\" data-id=\"71a3422f\" data-element_type=\"column\" data-e-type=\"column\" data-settings=\"{&quot;background_background&quot;:&quot;classic&quot;}\">\n\t\t\t<div class=\"elementor-widget-wrap elementor-element-populated\">\n\t\t\t\t\t\t<div class=\"elementor-element elementor-element-452a5714 elementor-widget elementor-widget-menu-anchor\" data-id=\"452a5714\" data-element_type=\"widget\" data-e-type=\"widget\" data-widget_type=\"menu-anchor.default\">\n\t\t\t\t<div class=\"elementor-widget-container\">\n\t\t\t\t\t\t\t<div class=\"elementor-menu-anchor\" id=\"olavfest\"><\/div>\n\t\t\t\t\t\t<\/div>\n\t\t\t\t<\/div>\n\t\t\t\t<div class=\"elementor-element elementor-element-7fda173a elementor-widget elementor-widget-text-editor\" data-id=\"7fda173a\" data-element_type=\"widget\" data-e-type=\"widget\" data-widget_type=\"text-editor.default\">\n\t\t\t\t<div class=\"elementor-widget-container\">\n\t\t\t\t\t\t\t\t\t<p class=\"p4\"><em><strong>Olavfest<\/strong> (d\u0159\u00edve Olavsfestdagene) je ka\u017edoro\u010dn\u00ed kulturn\u00ed a c\u00edrkevn\u00ed festival konan\u00fd v Trondheimu p\u0159i p\u0159\u00edle\u017eitosti sv\u00e1tku Olsok (29. \u010dervence), dne svat\u00e9ho Olava, patrona Norska. Festival se zam\u011b\u0159uje na propojen\u00ed v\u00edry a spole\u010dnosti a nab\u00edz\u00ed pestr\u00fd program zahrnuj\u00edc\u00ed hudbu, p\u0159edn\u00e1\u0161ky, diskuse, bohoslu\u017eby a kulturn\u00ed z\u00e1\u017eitky.<\/em><\/p>\n<p class=\"p3\"><em><b>Historie a v\u00fdznam<\/b><\/em><\/p>\n<p class=\"p5\"><em>\u2022 <span class=\"s1\"><b>Spjat\u00fd s Nidarosdomenem<\/b><\/span>: Festival m\u00e1 siln\u00e9 historick\u00e9 vazby na Nidarosdomen, katedr\u00e1lu postavenou nad hrobem svat\u00e9ho Olava, jedno z nejv\u00fdznamn\u011bj\u0161\u00edch poutn\u00edch m\u00edst ve Skandin\u00e1vii.<\/em><\/p>\n<p class=\"p5\"><em>\u2022 <span class=\"s1\"><b>Od st\u0159edov\u011bku po sou\u010dasnost<\/b><\/span>: Olavfest navazuje na tradici oslav sv\u00e1tku Olsok z obdob\u00ed st\u0159edov\u011bku, ale v modern\u00ed dob\u011b se rozvinul v \u0161iroce zam\u011b\u0159en\u00fd kulturn\u00ed a spole\u010densk\u00fd festival.<\/em><\/p>\n<p class=\"p5\"><em>\u2022 <span class=\"s1\"><b>Zalo\u017een v roce 1962<\/b><\/span>: Festival se stal jedn\u00edm z nejv\u00fdznamn\u011bj\u0161\u00edch c\u00edrkevn\u00edch a kulturn\u00edch festival\u016f v Norsku.<\/em><\/p>\n<p class=\"p3\"><em><b>Z\u00e1\u017eitky a program<\/b><\/em><\/p>\n<p class=\"p5\"><em>\u2022 <span class=\"s1\"><b>Koncerty<\/b><\/span>: Festival nab\u00edz\u00ed \u0161irokou \u0161k\u00e1lu hudby od klasick\u00e9 chr\u00e1mov\u00e9 hudby po rock, jazz a world music.<\/em><\/p>\n<p class=\"p5\"><em>\u2022 <span class=\"s1\"><b>Um\u011bn\u00ed a v\u00fdstavy<\/b><\/span>: Olavfest spolupracuje s um\u011blci a institucemi na tvorb\u011b jedine\u010dn\u00fdch v\u00fdstav a um\u011bleck\u00fdch projekt\u016f.<\/em><\/p>\n<p class=\"p5\"><em>\u2022 <span class=\"s1\"><b>Debaty a diskuse<\/b><\/span>: Otev\u0159en\u00e9 debaty o v\u00ed\u0159e, identit\u011b, spole\u010dnosti a glob\u00e1ln\u00edch v\u00fdzv\u00e1ch.<\/em><\/p>\n<p class=\"p5\"><em>\u2022 <span class=\"s1\"><b>Bohoslu\u017eby a poutn\u00ed cesty<\/b><\/span>: Festival zahrnuje speci\u00e1ln\u00ed bohoslu\u017eby a mo\u017enosti poutn\u00edch cest do Nidarosdomenu.<\/em><\/p>\n<p class=\"p3\"><em><b>Doprava a dostupnost<\/b><\/em><\/p>\n<p class=\"p5\"><em>\u2022 <span class=\"s1\"><b>Poloha<\/b><\/span>: Festival se kon\u00e1 v centru Trondheimu, s katedr\u00e1lou Nidarosdomen jako p\u0159irozen\u00fdm st\u0159edobodem.<\/em><\/p>\n<p class=\"p5\"><em>\u2022 <span class=\"s1\"><b>Ve\u0159ejn\u00e1 doprava<\/b><\/span>: Snadn\u00e1 dostupnost autobusem, vlakem a letecky p\u0159es leti\u0161t\u011b Trondheim V\u00e6rnes.<\/em><\/p>\n<p class=\"p5\"><em>\u2022 <span class=\"s1\"><b>Ubytov\u00e1n\u00ed<\/b><\/span>: Hotely a dal\u0161\u00ed ubytovac\u00ed kapacity v Trondheimu se b\u011bhem festivalu rychle zapl\u0148uj\u00ed, proto se doporu\u010duje rezervace s p\u0159edstihem.<\/em><\/p>\n<p class=\"p5\"><em>\u2022 <span class=\"s1\"><b>Najd\u011bte cestu na Olavfest<\/b><\/span>: Napl\u00e1nujte si n\u00e1v\u0161t\u011bvu pomoc\u00ed <a title=\"Pod\u00edvejte se na Olavfest na Google Maps\" href=\"https:\/\/maps.app.goo.gl\/M26RRgxQRYE7UfnD9\">Google Maps<\/a>.<\/em><\/p>\t\t\t\t\t\t\t\t<\/div>\n\t\t\t\t<\/div>\n\t\t\t\t\t<\/div>\n\t\t<\/div>\n\t\t\t\t\t<\/div>\n\t\t<\/section>\n\t\t\t\t<section class=\"elementor-section elementor-top-section elementor-element elementor-element-1b77c4d4 elementor-section-full_width elementor-section-stretched elementor-section-height-default elementor-section-height-default\" data-id=\"1b77c4d4\" data-element_type=\"section\" data-e-type=\"section\" data-settings=\"{&quot;stretch_section&quot;:&quot;section-stretched&quot;}\">\n\t\t\t\t\t\t<div class=\"elementor-container elementor-column-gap-default\">\n\t\t\t\t\t<div class=\"elementor-column elementor-col-100 elementor-top-column elementor-element elementor-element-13bf61c5\" data-id=\"13bf61c5\" data-element_type=\"column\" data-e-type=\"column\">\n\t\t\t<div class=\"elementor-widget-wrap elementor-element-populated\">\n\t\t\t\t\t\t<div class=\"elementor-element elementor-element-2f2cd74f elementor-widget elementor-widget-menu-anchor\" data-id=\"2f2cd74f\" data-element_type=\"widget\" data-e-type=\"widget\" data-widget_type=\"menu-anchor.default\">\n\t\t\t\t<div class=\"elementor-widget-container\">\n\t\t\t\t\t\t\t<div class=\"elementor-menu-anchor\" id=\"sverresborg\"><\/div>\n\t\t\t\t\t\t<\/div>\n\t\t\t\t<\/div>\n\t\t\t\t<div class=\"elementor-element elementor-element-342e5715 elementor-widget elementor-widget-text-editor\" data-id=\"342e5715\" data-element_type=\"widget\" data-e-type=\"widget\" data-widget_type=\"text-editor.default\">\n\t\t\t\t<div class=\"elementor-widget-container\">\n\t\t\t\t\t\t\t\t\t<p class=\"p4\"><em><strong>Sverresborg Tr\u00f8ndelag Folk Museum<\/strong> je jedn\u00edm z nejv\u011bt\u0161\u00edch kulturn\u011b-historick\u00fdch muze\u00ed v Norsku a nab\u00edz\u00ed fascinuj\u00edc\u00ed pohled na v\u00fdvoj \u017eivota v Tr\u00f8ndelagu v pr\u016fb\u011bhu stalet\u00ed. Muzeum se nach\u00e1z\u00ed v kr\u00e1sn\u00e9m p\u0159\u00edrodn\u00edm prost\u0159ed\u00ed v Trondheimu, kolem poz\u016fstatk\u016f st\u0159edov\u011bk\u00e9ho hradu kr\u00e1le Sverreho z 12. stolet\u00ed.<\/em><\/p>\n<p class=\"p3\"><em><b>Historie a expozice<\/b><\/em><\/p>\n<p class=\"p5\"><em>\u2022 <span class=\"s1\"><b>Sverresborg \u2013 Hrad kr\u00e1le Sverreho<\/b><\/span>: Z\u0159\u00edcenina hradu, kter\u00fd postavil kr\u00e1l Sverre, ukazuje strategick\u00fd v\u00fdznam Trondheimu a p\u0159ibli\u017euje vikinskou historii Norska.<\/em><\/p>\n<p class=\"p5\"><em>\u2022 <span class=\"s1\"><b>Skansen<\/b><\/span>: Muzeum pod \u0161ir\u00fdm nebem zahrnuje v\u00edce ne\u017e 80 autentick\u00fdch budov z cel\u00e9ho Tr\u00f8ndelagu, v\u010detn\u011b selsk\u00fdch usedlost\u00ed, m\u011bstsk\u00fdch dom\u016f, \u0161kol a obchod\u016f.<\/em><\/p>\n<p class=\"p5\"><em>\u2022 <span class=\"s1\"><b>Tr\u00f8ndersk\u00e9 m\u011bstsk\u00e9 prost\u0159ed\u00ed<\/b><\/span>: Rekonstruovan\u00e1 ulice z Trondheimu na po\u010d\u00e1tku 20. stolet\u00ed nab\u00edz\u00ed jedine\u010dn\u00fd pohled na \u017eivot ve m\u011bst\u011b p\u0159ed n\u00e1stupem modern\u00ed technologie.<\/em><\/p>\n<p class=\"p5\"><em>\u2022 <span class=\"s1\"><b>S\u00e1msk\u00e1 kultura<\/b><\/span>: Muzeum v\u011bnuje speci\u00e1ln\u00ed expozici s\u00e1msk\u00fdm tradic\u00edm v Tr\u00f8ndelagu, v\u010detn\u011b tradi\u010dn\u00edch obydl\u00ed (g\u00e1mme) a \u0159emesel duodji.<\/em><\/p>\n<p class=\"p3\"><em><b>Z\u00e1\u017eitky a aktivity<\/b><\/em><\/p>\n<p class=\"p5\"><em>\u2022 <span class=\"s1\"><b>Prohl\u00eddky s pr\u016fvodcem<\/b><\/span>: Zku\u0161en\u00ed pr\u016fvodci o\u017eivuj\u00ed historii fascinuj\u00edc\u00edmi p\u0159\u00edb\u011bhy a uk\u00e1zkami tradi\u010dn\u00edch \u0159emesel.<\/em><\/p>\n<p class=\"p5\"><em>\u2022 <span class=\"s1\"><b>Historick\u00e9 akce<\/b><\/span>: Sverresborg po\u0159\u00e1d\u00e1 trhy, tematick\u00e9 dny a historick\u00e1 p\u0159edstaven\u00ed s herci, kte\u0159\u00ed ztv\u00e1r\u0148uj\u00ed dobov\u00e9 postavy.<\/em><\/p>\n<p class=\"p5\"><em>\u2022 <span class=\"s1\"><b>Aktivity pro d\u011bti<\/b><\/span>: Rodiny se mohou zapojit do vypr\u00e1v\u011bn\u00ed poh\u00e1dek, tradi\u010dn\u00edch rukod\u011bln\u00fdch workshop\u016f a her v historick\u00e9m prost\u0159ed\u00ed.<\/em><\/p>\n<p class=\"p5\"><em>\u2022 <span class=\"s1\"><b>Sverresborg Tr\u00f8ndelag Teater<\/b><\/span>: Divadeln\u00ed p\u0159edstaven\u00ed a koncerty v autentick\u00fdch historick\u00fdch kulis\u00e1ch.<\/em><\/p>\n<p class=\"p3\"><em><b>Doprava a dostupnost<\/b><\/em><\/p>\n<p class=\"p5\"><em>\u2022 <span class=\"s1\"><b>Poloha<\/b><\/span>: Muzeum se nach\u00e1z\u00ed v Trondheimu, pouze 10 minut j\u00edzdy autem z centra m\u011bsta.<\/em><\/p>\n<p class=\"p5\"><em>\u2022 <span class=\"s1\"><b>Autobus<\/b><\/span>: Spoje z centra Trondheimu zastavuj\u00ed v bl\u00edzkosti muzea.<\/em><\/p>\n<p class=\"p5\"><em>\u2022 <span class=\"s1\"><b>Parkov\u00e1n\u00ed<\/b><\/span>: Pro n\u00e1v\u0161t\u011bvn\u00edky je k dispozici bezplatn\u00e9 parkov\u00e1n\u00ed.<\/em><\/p>\n<p class=\"p5\"><em>\u2022 <span class=\"s1\"><b>Najd\u011bte cestu do Sverresborg Tr\u00f8ndelag Folk Museum<\/b><\/span>: Napl\u00e1nujte si n\u00e1v\u0161t\u011bvu pomoc\u00ed <a title=\"Pod\u00edvejte se na Sverresborg Tr\u00f8ndelag Folk Museum na Google Maps\" href=\"https:\/\/www.google.com\/maps\/place\/Sverresborg+Tr%C3%B8ndelag+Folk+Museum\/@63.421191,10.3543217,17z\/data=!3m1!4b1!4m6!3m5!1s0x466d3218c527b4a3:0x2b338c80c9d887c0!8m2!3d63.4211886!4d10.356902!16s%2Fg%2F122n0f9k?entry=ttu\">Google Maps<\/a>.<\/em><\/p>\t\t\t\t\t\t\t\t<\/div>\n\t\t\t\t<\/div>\n\t\t\t\t\t<\/div>\n\t\t<\/div>\n\t\t\t\t\t<\/div>\n\t\t<\/section>\n\t\t\t\t<section class=\"elementor-section elementor-top-section elementor-element elementor-element-82ad8b6 elementor-section-stretched elementor-section-boxed elementor-section-height-default elementor-section-height-default\" data-id=\"82ad8b6\" data-element_type=\"section\" data-e-type=\"section\" data-settings=\"{&quot;background_background&quot;:&quot;classic&quot;,&quot;stretch_section&quot;:&quot;section-stretched&quot;,&quot;shape_divider_top&quot;:&quot;tilt&quot;,&quot;shape_divider_bottom&quot;:&quot;tilt&quot;,&quot;animation&quot;:&quot;none&quot;,&quot;animation_tablet&quot;:&quot;none&quot;,&quot;animation_mobile&quot;:&quot;none&quot;}\">\n\t\t\t\t\t<div class=\"elementor-shape elementor-shape-top\" aria-hidden=\"true\" data-negative=\"false\">\n\t\t\t<svg xmlns=\"http:\/\/www.w3.org\/2000\/svg\" viewBox=\"0 0 1000 100\" preserveAspectRatio=\"none\">\n\t<path class=\"elementor-shape-fill\" d=\"M0,6V0h1000v100L0,6z\"\/>\n<\/svg>\t\t<\/div>\n\t\t\t\t<div class=\"elementor-shape elementor-shape-bottom\" aria-hidden=\"true\" data-negative=\"false\">\n\t\t\t<svg xmlns=\"http:\/\/www.w3.org\/2000\/svg\" viewBox=\"0 0 1000 100\" preserveAspectRatio=\"none\">\n\t<path class=\"elementor-shape-fill\" d=\"M0,6V0h1000v100L0,6z\"\/>\n<\/svg>\t\t<\/div>\n\t\t\t\t\t<div class=\"elementor-container elementor-column-gap-default\">\n\t\t\t\t\t<div class=\"elementor-column elementor-col-100 elementor-top-column elementor-element elementor-element-62899769\" data-id=\"62899769\" data-element_type=\"column\" data-e-type=\"column\">\n\t\t\t<div class=\"elementor-widget-wrap elementor-element-populated\">\n\t\t\t\t\t\t<div class=\"elementor-element elementor-element-2c420f0 elementor-widget elementor-widget-menu-anchor\" data-id=\"2c420f0\" data-element_type=\"widget\" data-e-type=\"widget\" data-widget_type=\"menu-anchor.default\">\n\t\t\t\t<div class=\"elementor-widget-container\">\n\t\t\t\t\t\t\t<div class=\"elementor-menu-anchor\" id=\"coastal_museum\"><\/div>\n\t\t\t\t\t\t<\/div>\n\t\t\t\t<\/div>\n\t\t\t\t<div class=\"elementor-element elementor-element-73607478 elementor-widget elementor-widget-text-editor\" data-id=\"73607478\" data-element_type=\"widget\" data-e-type=\"widget\" data-widget_type=\"text-editor.default\">\n\t\t\t\t<div class=\"elementor-widget-container\">\n\t\t\t\t\t\t\t\t\t<p class=\"p4\"><em><strong>Kystmuseet i S\u00f8r-Tr\u00f8ndelag<\/strong> (Pob\u0159e\u017en\u00ed muzeum ji\u017en\u00edho Tr\u00f8ndelagu) se nach\u00e1z\u00ed na ostrov\u011b Hitra a nab\u00edz\u00ed jedine\u010dn\u00fd pohled na bohatou pob\u0159e\u017en\u00ed kulturu, ryb\u00e1\u0159skou historii a n\u00e1mo\u0159n\u00ed \u017eivot v t\u00e9to oblasti. Muzeum kombinuje historick\u00e9 expozice s interaktivn\u00edmi z\u00e1\u017eitky a ukazuje, jak se \u017eivot u mo\u0159e vyv\u00edjel od minulosti po sou\u010dasnost.<\/em><\/p>\n<p class=\"p3\"><em><b>Historie a expozice<\/b><\/em><\/p>\n<p class=\"p5\"><em>\u2022 <span class=\"s1\"><b>Rybolov a akvakultura<\/b><\/span>: Prozkoumejte historii pob\u0159e\u017en\u00edho rybolovu, lovu tresky a rozvoje akvakultury, kter\u00e1 je kl\u00ed\u010dov\u00e1 pro ekonomiku regionu.<\/em><\/p>\n<p class=\"p5\"><em>\u2022 <span class=\"s1\"><b>Pob\u0159e\u017en\u00ed osady v pr\u016fb\u011bhu \u010dasu<\/b><\/span>: Pod\u00edvejte se, jak lid\u00e9 na pob\u0159e\u017e\u00ed \u017eili, pracovali a p\u0159izp\u016fsobovali se drsn\u00fdm, ale bohat\u00fdm p\u0159\u00edrodn\u00edm podm\u00ednk\u00e1m.<\/em><\/p>\n<p class=\"p5\"><em>\u2022 <span class=\"s1\"><b>Star\u00e9 lod\u011b a n\u00e1stroje<\/b><\/span>: Rozs\u00e1hl\u00e1 sb\u00edrka tradi\u010dn\u00edch ryb\u00e1\u0159sk\u00fdch lod\u00ed, n\u00e1stroj\u016f a \u0159emesln\u00fdch v\u00fdrobk\u016f z minul\u00fdch generac\u00ed.<\/em><\/p>\n<p class=\"p5\"><em>\u2022 <span class=\"s1\"><b>Druh\u00e1 sv\u011btov\u00e1 v\u00e1lka na pob\u0159e\u017e\u00ed<\/b><\/span>: Expozice o n\u011bmeck\u00e9 okupaci, obrann\u00fdch stavb\u00e1ch a o tom, jak v\u00e1lku pro\u017e\u00edvalo m\u00edstn\u00ed obyvatelstvo.<\/em><\/p>\n<p class=\"p3\"><em><b>Z\u00e1\u017eitky a aktivity<\/b><\/em><\/p>\n<p class=\"p5\"><em>\u2022 <span class=\"s1\"><b>Prohl\u00eddky s pr\u016fvodcem<\/b><\/span>: Poznejte historii pob\u0159e\u017e\u00ed s odborn\u00fdmi pr\u016fvodci, kte\u0159\u00ed v\u00e1m p\u0159ibl\u00ed\u017e\u00ed n\u00e1mo\u0159n\u00ed d\u011bdictv\u00ed regionu.<\/em><\/p>\n<p class=\"p5\"><em>\u2022 <span class=\"s1\"><b>N\u00e1v\u0161t\u011bva autentick\u00fdch pob\u0159e\u017en\u00edch usedlost\u00ed<\/b><\/span>: Za\u017eijte, jak lid\u00e9 \u017eili a pracovali na pob\u0159e\u017en\u00edch farm\u00e1ch v ji\u017en\u00edm Tr\u00f8ndelagu.<\/em><\/p>\n<p class=\"p5\"><em>\u2022 <span class=\"s1\"><b>V\u00fdletn\u00ed plavby<\/b><\/span>: Vydejte se na v\u00fdlety lod\u00ed, kter\u00e9 v\u00e1s zavedou k pob\u0159e\u017en\u00edm krajin\u00e1m, ryb\u00e1\u0159sk\u00fdm vesnic\u00edm a ostrov\u016fm v okol\u00ed.<\/em><\/p>\n<p class=\"p5\"><em>\u2022 <span class=\"s1\"><b>Rybolov a n\u00e1mo\u0159n\u00ed \u017eivot<\/b><\/span>: Praktick\u00e9 aktivity, kde si n\u00e1v\u0161t\u011bvn\u00edci mohou vyzkou\u0161et tradi\u010dn\u00ed rybolov a ka\u017edodenn\u00ed \u017eivot na mo\u0159i.<\/em><\/p>\n<p class=\"p3\"><em><b>Doprava a dostupnost<\/b><\/em><\/p>\n<p class=\"p5\"><em>\u2022 <span class=\"s1\"><b>Poloha<\/b><\/span>: Muzeum se nach\u00e1z\u00ed na ostrov\u011b Hitra, p\u0159ibli\u017en\u011b 2 hodiny od Trondheimu.<\/em><\/p>\n<p class=\"p5\"><em>\u2022 <span class=\"s1\"><b>Autobus<\/b><\/span>: Spojen\u00ed autobusem z Trondheimu a Orkangeru na Hitru je k dispozici.<\/em><\/p>\n<p class=\"p5\"><em>\u2022 <span class=\"s1\"><b>Parkov\u00e1n\u00ed<\/b><\/span>: Pro n\u00e1v\u0161t\u011bvn\u00edky je k dispozici bezplatn\u00e9 parkov\u00e1n\u00ed.<\/em><\/p>\n<p class=\"p5\"><em>\u2022 <span class=\"s1\"><b>Najd\u011bte cestu do Kystmuseet i S\u00f8r-Tr\u00f8ndelag<\/b><\/span>: Napl\u00e1nujte si n\u00e1v\u0161t\u011bvu pomoc\u00ed <a title=\"Pod\u00edvejte se na Kystmuseet i S\u00f8r-Tr\u00f8ndelag na Google Maps\" href=\"https:\/\/maps.app.goo.gl\/zaq3HkHvazo7zr188\">Google Maps<\/a>.<\/em><\/p>\t\t\t\t\t\t\t\t<\/div>\n\t\t\t\t<\/div>\n\t\t\t\t\t<\/div>\n\t\t<\/div>\n\t\t\t\t\t<\/div>\n\t\t<\/section>\n\t\t\t\t<section class=\"elementor-section elementor-top-section elementor-element elementor-element-5fc4fe81 elementor-section-full_width elementor-section-stretched elementor-section-height-default elementor-section-height-default\" data-id=\"5fc4fe81\" data-element_type=\"section\" data-e-type=\"section\" data-settings=\"{&quot;stretch_section&quot;:&quot;section-stretched&quot;}\">\n\t\t\t\t\t\t<div class=\"elementor-container elementor-column-gap-default\">\n\t\t\t\t\t<div class=\"elementor-column elementor-col-100 elementor-top-column elementor-element elementor-element-46d8b4fd\" data-id=\"46d8b4fd\" data-element_type=\"column\" data-e-type=\"column\">\n\t\t\t<div class=\"elementor-widget-wrap elementor-element-populated\">\n\t\t\t\t\t\t<div class=\"elementor-element elementor-element-621c047c elementor-widget elementor-widget-menu-anchor\" data-id=\"621c047c\" data-element_type=\"widget\" data-e-type=\"widget\" data-widget_type=\"menu-anchor.default\">\n\t\t\t\t<div class=\"elementor-widget-container\">\n\t\t\t\t\t\t\t<div class=\"elementor-menu-anchor\" id=\"museum_deaf\"><\/div>\n\t\t\t\t\t\t<\/div>\n\t\t\t\t<\/div>\n\t\t\t\t<div class=\"elementor-element elementor-element-7c4c40d0 elementor-widget elementor-widget-text-editor\" data-id=\"7c4c40d0\" data-element_type=\"widget\" data-e-type=\"widget\" data-widget_type=\"text-editor.default\">\n\t\t\t\t<div class=\"elementor-widget-container\">\n\t\t\t\t\t\t\t\t\t<p class=\"p4\"><em><strong>N\u00e1rodn\u00ed muzeum kultury a historie nesly\u0161\u00edc\u00edch<\/strong> (The National Museum of Deaf, Culture, and History) se nach\u00e1z\u00ed v Trondheimu a je jedin\u00fdm muzeem v Norsku v\u011bnovan\u00fdm historii, jazyku a kultu\u0159e nesly\u0161\u00edc\u00edch. Nab\u00edz\u00ed fascinuj\u00edc\u00ed pohled na v\u00fdvoj komunity nesly\u0161\u00edc\u00edch a v\u00fdznam znakov\u00e9ho jazyka jako kl\u00ed\u010dov\u00e9 sou\u010d\u00e1sti identity a komunikace.<\/em><\/p>\n<p class=\"p3\"><em><b>Historie a expozice<\/b><\/em><\/p>\n<p class=\"p5\"><em>\u2022 <span class=\"s1\"><b>Historie komunity nesly\u0161\u00edc\u00edch v Norsku<\/b><\/span>: V\u00fdstavy ukazuj\u00ed, jak nesly\u0161\u00edc\u00ed \u017eili, komunikovali a bojovali za sv\u00e1 pr\u00e1va v pr\u016fb\u011bhu d\u011bjin.<\/em><\/p>\n<p class=\"p5\"><em>\u2022 <span class=\"s1\"><b>V\u00fdvoj znakov\u00e9ho jazyka<\/b><\/span>: Interaktivn\u00ed expozice p\u0159edstavuj\u00edc\u00ed v\u00fdvoj norsk\u00e9ho znakov\u00e9ho jazyka (NTS) a jeho v\u00fdznam ve vzd\u011bl\u00e1v\u00e1n\u00ed i spole\u010densk\u00e9m \u017eivot\u011b.<\/em><\/p>\n<p class=\"p5\"><em>\u2022 <span class=\"s1\"><b>\u0160kolstv\u00ed a vzd\u011bl\u00e1v\u00e1n\u00ed<\/b><\/span>: Muzeum dokumentuje vznik \u0161kol pro nesly\u0161\u00edc\u00ed v Norsku a jejich roli v rozvoji spole\u010dnosti.<\/em><\/p>\n<p class=\"p5\"><em>\u2022 <span class=\"s1\"><b>Nesly\u0161\u00edc\u00ed v um\u011bn\u00ed a kultu\u0159e<\/b><\/span>: Sb\u00edrka um\u011bleck\u00fdch d\u011bl, literatury a film\u016f vytvo\u0159en\u00fdch nesly\u0161\u00edc\u00edmi um\u011blci a spisovateli.<\/em><\/p>\n<p class=\"p3\"><em><b>Z\u00e1\u017eitky a aktivity<\/b><\/em><\/p>\n<p class=\"p5\"><em>\u2022 <span class=\"s1\"><b>Interaktivn\u00ed d\u00edlny znakov\u00e9ho jazyka<\/b><\/span>: N\u00e1v\u0161t\u011bvn\u00edci se mohou nau\u010dit z\u00e1kladn\u00ed znakovou \u0159e\u010d a pochopit vizu\u00e1ln\u00ed komunikaci nesly\u0161\u00edc\u00edch.<\/em><\/p>\n<p class=\"p5\"><em>\u2022 <span class=\"s1\"><b>Prohl\u00eddky s tlumo\u010dn\u00edky do znakov\u00e9ho jazyka<\/b><\/span>: Speci\u00e1ln\u00ed prohl\u00eddky v norsk\u00e9m znakov\u00e9m jazyce pro nesly\u0161\u00edc\u00ed i sly\u0161\u00edc\u00ed n\u00e1v\u0161t\u011bvn\u00edky.<\/em><\/p>\n<p class=\"p5\"><em>\u2022 <span class=\"s1\"><b>Prom\u00edt\u00e1n\u00ed film\u016f a p\u0159edn\u00e1\u0161ky<\/b><\/span>: Muzeum pravideln\u011b po\u0159\u00e1d\u00e1 filmov\u00e9 projekce, semin\u00e1\u0159e a p\u0159edn\u00e1\u0161ky o kultu\u0159e, historii a pr\u00e1vech nesly\u0161\u00edc\u00edch.<\/em><\/p>\n<p class=\"p5\"><em>\u2022 <span class=\"s1\"><b>Setk\u00e1n\u00ed s v\u00fdznamn\u00fdmi osobnostmi nesly\u0161\u00edc\u00edch<\/b><\/span>: Speci\u00e1ln\u00ed akce, kde se n\u00e1v\u0161t\u011bvn\u00edci mohou setkat s um\u011blci, spisovateli a aktivisty z komunity nesly\u0161\u00edc\u00edch.<\/em><\/p>\n<p class=\"p3\"><em><b>Doprava a dostupnost<\/b><\/em><\/p>\n<p class=\"p5\"><em>\u2022 <span class=\"s1\"><b>Poloha<\/b><\/span>: Muzeum se nach\u00e1z\u00ed v centru Trondheimu a je snadno dostupn\u00e9 ve\u0159ejnou dopravou.<\/em><\/p>\n<p class=\"p5\"><em>\u2022 <span class=\"s1\"><b>Ve\u0159ejn\u00e1 doprava<\/b><\/span>: Kr\u00e1tk\u00e1 vzd\u00e1lenost od hlavn\u00edho vlakov\u00e9ho n\u00e1dra\u017e\u00ed Trondheim a dobr\u00e9 autobusov\u00e9 spojen\u00ed.<\/em><\/p>\n<p class=\"p5\"><em>\u2022 <span class=\"s1\"><b>P\u0159\u00edstupnost<\/b><\/span>: Muzeum je pln\u011b p\u0159izp\u016fsobeno nesly\u0161\u00edc\u00edm a sluchov\u011b posti\u017een\u00fdm n\u00e1v\u0161t\u011bvn\u00edk\u016fm, s vizu\u00e1ln\u00edmi pom\u016fckami a tlumo\u010dn\u00edky do znakov\u00e9ho jazyka.<\/em><\/p>\n<p class=\"p5\"><em>\u2022 <span class=\"s1\"><b>Parkov\u00e1n\u00ed<\/b><\/span>: K dispozici je bezplatn\u00e9 parkov\u00e1n\u00ed v bl\u00edzkosti muzea.<\/em><\/p>\n<p class=\"p5\"><em>\u2022 <span class=\"s1\"><b>Najd\u011bte cestu do N\u00e1rodn\u00edho muzea kultury a historie nesly\u0161\u00edc\u00edch<\/b><\/span>: Napl\u00e1nujte si n\u00e1v\u0161t\u011bvu pomoc\u00ed <a title=\"Pod\u00edvejte se na N\u00e1rodn\u00ed muzeum kultury a historie nesly\u0161\u00edc\u00edch na Google Maps\" href=\"https:\/\/maps.app.goo.gl\/3cPcPy5BV7ESkX9R9\">Google Maps<\/a>.<\/em><\/p>\t\t\t\t\t\t\t\t<\/div>\n\t\t\t\t<\/div>\n\t\t\t\t\t<\/div>\n\t\t<\/div>\n\t\t\t\t\t<\/div>\n\t\t<\/section>\n\t\t\t\t<section class=\"elementor-section elementor-top-section elementor-element elementor-element-5f72f224 elementor-section-stretched elementor-section-boxed elementor-section-height-default elementor-section-height-default\" data-id=\"5f72f224\" data-element_type=\"section\" data-e-type=\"section\" data-settings=\"{&quot;stretch_section&quot;:&quot;section-stretched&quot;}\">\n\t\t\t\t\t\t<div class=\"elementor-container elementor-column-gap-default\">\n\t\t\t\t\t<div class=\"elementor-column elementor-col-100 elementor-top-column elementor-element elementor-element-54ffadfb\" data-id=\"54ffadfb\" data-element_type=\"column\" data-e-type=\"column\" data-settings=\"{&quot;background_background&quot;:&quot;classic&quot;}\">\n\t\t\t<div class=\"elementor-widget-wrap elementor-element-populated\">\n\t\t\t\t\t\t<div class=\"elementor-element elementor-element-45aa7451 elementor-widget elementor-widget-menu-anchor\" data-id=\"45aa7451\" data-element_type=\"widget\" data-e-type=\"widget\" data-widget_type=\"menu-anchor.default\">\n\t\t\t\t<div class=\"elementor-widget-container\">\n\t\t\t\t\t\t\t<div class=\"elementor-menu-anchor\" id=\"roros_museum\"><\/div>\n\t\t\t\t\t\t<\/div>\n\t\t\t\t<\/div>\n\t\t\t\t<div class=\"elementor-element elementor-element-74a9bac2 elementor-widget elementor-widget-text-editor\" data-id=\"74a9bac2\" data-element_type=\"widget\" data-e-type=\"widget\" data-widget_type=\"text-editor.default\">\n\t\t\t\t<div class=\"elementor-widget-container\">\n\t\t\t\t\t\t\t\t\t<p class=\"p4\"><em><strong>Muzeum R\u00f8ros<\/strong> nab\u00edz\u00ed fascinuj\u00edc\u00ed pohled na bohat\u00e9 kulturn\u00ed d\u011bdictv\u00ed R\u00f8rosu, historii t\u011b\u017eby a \u017eivot v jednom z nejunik\u00e1tn\u011bj\u0161\u00edch norsk\u00fdch horsk\u00fdch m\u011bst. Muzeum se nach\u00e1z\u00ed v srdci R\u00f8rosu, kter\u00fd je zaps\u00e1n na seznamu sv\u011btov\u00e9ho d\u011bdictv\u00ed UNESCO, a provede n\u00e1v\u0161t\u011bvn\u00edky 350 lety hornictv\u00ed, s\u00e1msk\u00e9 kultury a zp\u016fsobu \u017eivota horsk\u00fdch obyvatel.<\/em><\/p>\n<p class=\"p3\"><em><b>Historie a expozice<\/b><\/em><\/p>\n<p class=\"p5\"><em>\u2022 <span class=\"s1\"><b>R\u00f8rosk\u00e1 m\u011bd\u011bn\u00e1 hu\u0165<\/b><\/span>: Poznejte historii t\u011b\u017eby m\u011bdi, kter\u00e1 poh\u00e1n\u011bla ekonomiku R\u00f8rosu v\u00edce ne\u017e 300 let, od roku 1644 do roku 1977.<\/em><\/p>\n<p class=\"p5\"><em>\u2022 <span class=\"s1\"><b>Smelthytta<\/b><\/span>: Hlavn\u00ed budova muzea v R\u00f8rosu s expozicemi o hornictv\u00ed, tradi\u010dn\u00edch \u0159emeslech a v\u00fdvoji m\u011bsta.<\/em><\/p>\n<p class=\"p5\"><em>\u2022 <span class=\"s1\"><b>S\u00e1msk\u00e1 kultura<\/b><\/span>: V\u00fdstava v\u011bnovan\u00e1 historii ji\u017en\u00edch S\u00e1m\u016f, chovu sob\u016f a jejich sou\u017eit\u00ed s horskou p\u0159\u00edrodou.<\/em><\/p>\n<p class=\"p5\"><em>\u2022 <span class=\"s1\"><b>Unik\u00e1tn\u00ed d\u0159ev\u011bn\u00e1 architektura m\u011bsta<\/b><\/span>: Poznejte, jak byl R\u00f8ros postaven, s tradi\u010dn\u00edmi srubov\u00fdmi domy a dvory.<\/em><\/p>\n<p class=\"p3\"><em><b>Z\u00e1\u017eitky a aktivity<\/b><\/em><\/p>\n<p class=\"p5\"><em>\u2022 <span class=\"s1\"><b>Prohl\u00eddky historick\u00e9ho centra<\/b><\/span>: P\u0159ipojte se k pr\u016fvodc\u016fm a objevte jedine\u010dn\u00e9 uli\u010dky tohoto sv\u011btov\u00e9ho d\u011bdictv\u00ed.<\/em><\/p>\n<p class=\"p5\"><em>\u2022 <span class=\"s1\"><b>Prohl\u00eddka dolu<\/b><\/span>: Nav\u0161tivte d\u016fl Olavsgruva a za\u017eijte autentickou atmosf\u00e9ru pr\u00e1ce horn\u00edk\u016f v podzem\u00ed.<\/em><\/p>\n<p class=\"p5\"><em>\u2022 <span class=\"s1\"><b>Zimn\u00ed z\u00e1\u017eitky<\/b><\/span>: Nav\u0161tivte R\u00f8ros b\u011bhem R\u00f8rosmartnan, jednoho z nejstar\u0161\u00edch trh\u016f v Norsku, nebo si u\u017eijte zasn\u011b\u017een\u00e9 horsk\u00e9 m\u011bsto.<\/em><\/p>\n<p class=\"p5\"><em>\u2022 <span class=\"s1\"><b>Vyzkou\u0161ejte si tradi\u010dn\u00ed \u0159emesla<\/b><\/span>: Z\u00fa\u010dastn\u011bte se workshop\u016f a nau\u010dte se star\u00e9 techniky kov\u00e1\u0159stv\u00ed, \u0159ezb\u00e1\u0159stv\u00ed a tkan\u00ed.<\/em><\/p>\n<p class=\"p3\"><em><b>Doprava a dostupnost<\/b><\/em><\/p>\n<p class=\"p5\"><em>\u2022 <span class=\"s1\"><b>Poloha<\/b><\/span>: R\u00f8ros se nach\u00e1z\u00ed p\u0159ibli\u017en\u011b 2,5 hodiny od Trondheimu autem nebo vlakem.<\/em><\/p>\n<p class=\"p5\"><em>\u2022 <span class=\"s1\"><b>Ve\u0159ejn\u00e1 doprava<\/b><\/span>: Vlakov\u00e9 spojen\u00ed mezi Trondheimem a R\u00f8rosem nab\u00edz\u00ed malebnou cestu horskou krajinou.<\/em><\/p>\n<p class=\"p5\"><em>\u2022 <span class=\"s1\"><b>P\u0159\u00edstupnost<\/b><\/span>: Muzeum je pln\u011b p\u0159\u00edstupn\u00e9 pro v\u0161echny n\u00e1v\u0161t\u011bvn\u00edky, v\u010detn\u011b voz\u00ed\u010dk\u00e1\u0159\u016f.<\/em><\/p>\n<p class=\"p5\"><em>\u2022 <span class=\"s1\"><b>Parkov\u00e1n\u00ed<\/b><\/span>: K dispozici jsou bezplatn\u00e1 i placen\u00e1 parkovac\u00ed m\u00edsta pobl\u00ed\u017e muzea.<\/em><\/p>\n<p class=\"p5\"><em>\u2022 <span class=\"s1\"><b>Najd\u011bte cestu do Muzea R\u00f8ros<\/b><\/span>: Napl\u00e1nujte si n\u00e1v\u0161t\u011bvu pomoc\u00ed <a title=\"Pod\u00edvejte se na Muzeum R\u00f8ros na Google Maps\" href=\"https:\/\/maps.app.goo.gl\/ZmXiY4CoN4bmsrFp8\">Google Maps<\/a>.<\/em><\/p>\t\t\t\t\t\t\t\t<\/div>\n\t\t\t\t<\/div>\n\t\t\t\t\t<\/div>\n\t\t<\/div>\n\t\t\t\t\t<\/div>\n\t\t<\/section>\n\t\t\t\t<section class=\"elementor-section elementor-top-section elementor-element elementor-element-742203f3 elementor-section-full_width elementor-section-stretched elementor-section-height-default elementor-section-height-default\" data-id=\"742203f3\" data-element_type=\"section\" data-e-type=\"section\" data-settings=\"{&quot;stretch_section&quot;:&quot;section-stretched&quot;}\">\n\t\t\t\t\t\t<div class=\"elementor-container elementor-column-gap-default\">\n\t\t\t\t\t<div class=\"elementor-column elementor-col-100 elementor-top-column elementor-element elementor-element-79a3b02a\" data-id=\"79a3b02a\" data-element_type=\"column\" data-e-type=\"column\">\n\t\t\t<div class=\"elementor-widget-wrap elementor-element-populated\">\n\t\t\t\t\t\t<div class=\"elementor-element elementor-element-13a59b4b elementor-widget elementor-widget-menu-anchor\" data-id=\"13a59b4b\" data-element_type=\"widget\" data-e-type=\"widget\" data-widget_type=\"menu-anchor.default\">\n\t\t\t\t<div class=\"elementor-widget-container\">\n\t\t\t\t\t\t\t<div class=\"elementor-menu-anchor\" id=\"trampe\"><\/div>\n\t\t\t\t\t\t<\/div>\n\t\t\t\t<\/div>\n\t\t\t\t<div class=\"elementor-element elementor-element-2219d88c elementor-widget elementor-widget-text-editor\" data-id=\"2219d88c\" data-element_type=\"widget\" data-e-type=\"widget\" data-widget_type=\"text-editor.default\">\n\t\t\t\t<div class=\"elementor-widget-container\">\n\t\t\t\t\t\t\t\t\t<p class=\"p4\"><em><strong>Trampe Cyklov\u00fdtah<\/strong> v Trondheimu je jedine\u010dn\u00e9 a inovativn\u00ed \u0159e\u0161en\u00ed pro cyklisty a z\u00e1rove\u0148 jedin\u00fd sv\u00e9ho druhu na sv\u011bt\u011b. Tento cyklov\u00fdtah, um\u00edst\u011bn\u00fd v ulici Brubakken u star\u00e9ho m\u011bstsk\u00e9ho mostu (Gamle Bybro), pom\u00e1h\u00e1 cyklist\u016fm zdolat strm\u00e9 stoup\u00e1n\u00ed k pevnosti Kristiansten. Od sv\u00e9ho uveden\u00ed do provozu v roce 1993 se Trampe stal obl\u00edbenou atrakc\u00ed a symbolem p\u0159\u00edv\u011btiv\u00e9ho p\u0159\u00edstupu Trondheimu k cyklistick\u00e9 doprav\u011b.<\/em><\/p>\n<p class=\"p3\"><em><b>Jak funguje Trampe?<\/b><\/em><\/p>\n<p class=\"p5\"><em>\u2022 <span class=\"s1\"><b>Jednoduch\u00e9 pou\u017eit\u00ed<\/b><\/span>: Sta\u010d\u00ed um\u00edstit jednu nohu na podp\u011brnou plo\u0161inu a stisknout startovac\u00ed tla\u010d\u00edtko \u2013 kovov\u00e1 deska v\u00e1s jemn\u011b vytla\u010d\u00ed do kopce.<\/em><\/p>\n<p class=\"p5\"><em>\u2022 <span class=\"s1\"><b>Rychl\u00e9 a efektivn\u00ed<\/b><\/span>: V\u00fdtah doprav\u00ed cyklistu po 130 metr\u016f dlouh\u00e9 trase na vrchol Brubakkenu b\u011bhem n\u011bkolika sekund.<\/em><\/p>\n<p class=\"p5\"><em>\u2022 <span class=\"s1\"><b>Bezpe\u010dnost<\/b><\/span>: Syst\u00e9m je navr\u017een tak, aby byl bezpe\u010dn\u00fd a snadno pou\u017eiteln\u00fd jak pro m\u00edstn\u00ed obyvatele, tak pro turisty.<\/em><\/p>\n<p class=\"p3\"><em><b>Z\u00e1\u017eitek z j\u00edzdy<\/b><\/em><\/p>\n<p class=\"p5\"><em>\u2022 <span class=\"s1\"><b>Unik\u00e1t ve sv\u011bt\u011b<\/b><\/span>: Trampe je jedin\u00fd pln\u011b funk\u010dn\u00ed cyklov\u00fdtah sv\u00e9ho druhu na sv\u011bt\u011b.<\/em><\/p>\n<p class=\"p5\"><em>\u2022 <span class=\"s1\"><b>Ide\u00e1ln\u00ed pro turisty<\/b><\/span>: Z\u00e1bavn\u00fd a praktick\u00fd zp\u016fsob, jak prozkoumat Trondheim na kole.<\/em><\/p>\n<p class=\"p5\"><em>\u2022 <span class=\"s1\"><b>Kr\u00e1sn\u00fd v\u00fdhled<\/b><\/span>: Na vrcholu se v\u00e1m naskytne \u00fa\u017easn\u00fd pohled na \u0159eku Nidelva a centrum Trondheimu.<\/em><\/p>\n<p class=\"p3\"><em><b>Historie a v\u00fdvoj<\/b><\/em><\/p>\n<p class=\"p5\"><em>\u2022 <span class=\"s1\"><b>Vynalezen v Trondheimu<\/b><\/span>: Cyklov\u00fdtah byl vyvinut Jarlem Wanwikem jako zp\u016fsob, jak usnadnit cyklistickou dopravu ve strm\u00fdch ulic\u00edch.<\/em><\/p>\n<p class=\"p5\"><em>\u2022 <span class=\"s1\"><b>Modernizace<\/b><\/span>: V roce 2013 byl syst\u00e9m vylep\u0161en a p\u0159ejmenov\u00e1n na CycloCable, d\u00edky spolupr\u00e1ci s francouzskou spole\u010dnost\u00ed POMA specializuj\u00edc\u00ed se na lanovou dopravu.<\/em><\/p>\n<p class=\"p5\"><em>\u2022 <span class=\"s1\"><b>Inspirace pro m\u011bsta po cel\u00e9m sv\u011bt\u011b<\/b><\/span>: Po \u00fasp\u011bchu v Trondheimu zva\u017euje zaveden\u00ed podobn\u00e9ho syst\u00e9mu \u0159ada dal\u0161\u00edch m\u011bst.<\/em><\/p>\n<p class=\"p3\"><em><b>Doprava a dostupnost<\/b><\/em><\/p>\n<p class=\"p5\"><em>\u2022 <span class=\"s1\"><b>Poloha<\/b><\/span>: Brubakken, v bl\u00edzkosti star\u00e9ho m\u011bstsk\u00e9ho mostu (Gamle Bybro) a \u010dtvrti Bakklandet.<\/em><\/p>\n<p class=\"p5\"><em>\u2022 <span class=\"s1\"><b>P\u0159\u00edstupnost<\/b><\/span>: Cyklov\u00fdtah je zdarma a p\u0159\u00edstupn\u00fd v\u0161em cyklist\u016fm.<\/em><\/p>\n<p class=\"p5\"><em>\u2022 <span class=\"s1\"><b>Bl\u00edzko ve\u0159ejn\u00e9 dopravy<\/b><\/span>: V doch\u00e1zkov\u00e9 vzd\u00e1lenosti od centra Trondheimu a s dobrou dostupnost\u00ed autobusov\u00fdch linek.<\/em><\/p>\n<p class=\"p5\"><em>\u2022 <span class=\"s1\"><b>P\u016fj\u010dovny kol<\/b><\/span>: P\u016fj\u010dte si kolo z jedn\u00e9 z m\u011bstsk\u00fdch p\u016fj\u010doven a vyzkou\u0161ejte cyklov\u00fdtah sami.<\/em><\/p>\n<p class=\"p5\"><em>\u2022 <span class=\"s1\"><b>Najd\u011bte cestu k Trampe Cyklov\u00fdtahu<\/b><\/span>: Napl\u00e1nujte si n\u00e1v\u0161t\u011bvu pomoc\u00ed <a title=\"Pod\u00edvejte se na Trampe Cyklov\u00fdtah na Google Maps\" href=\"https:\/\/maps.app.goo.gl\/HtN7QzxDSGU1NyRq6\">Google Maps<\/a>.<\/em><\/p>\t\t\t\t\t\t\t\t<\/div>\n\t\t\t\t<\/div>\n\t\t\t\t\t<\/div>\n\t\t<\/div>\n\t\t\t\t\t<\/div>\n\t\t<\/section>\n\t\t\t\t<section class=\"elementor-section elementor-top-section elementor-element elementor-element-226ea85f elementor-section-stretched elementor-section-boxed elementor-section-height-default elementor-section-height-default\" data-id=\"226ea85f\" data-element_type=\"section\" data-e-type=\"section\" data-settings=\"{&quot;background_background&quot;:&quot;classic&quot;,&quot;stretch_section&quot;:&quot;section-stretched&quot;,&quot;shape_divider_top&quot;:&quot;tilt&quot;,&quot;shape_divider_bottom&quot;:&quot;tilt&quot;,&quot;animation&quot;:&quot;none&quot;,&quot;animation_tablet&quot;:&quot;none&quot;,&quot;animation_mobile&quot;:&quot;none&quot;}\">\n\t\t\t\t\t<div class=\"elementor-shape elementor-shape-top\" aria-hidden=\"true\" data-negative=\"false\">\n\t\t\t<svg xmlns=\"http:\/\/www.w3.org\/2000\/svg\" viewBox=\"0 0 1000 100\" preserveAspectRatio=\"none\">\n\t<path class=\"elementor-shape-fill\" d=\"M0,6V0h1000v100L0,6z\"\/>\n<\/svg>\t\t<\/div>\n\t\t\t\t<div class=\"elementor-shape elementor-shape-bottom\" aria-hidden=\"true\" data-negative=\"false\">\n\t\t\t<svg xmlns=\"http:\/\/www.w3.org\/2000\/svg\" viewBox=\"0 0 1000 100\" preserveAspectRatio=\"none\">\n\t<path class=\"elementor-shape-fill\" d=\"M0,6V0h1000v100L0,6z\"\/>\n<\/svg>\t\t<\/div>\n\t\t\t\t\t<div class=\"elementor-container elementor-column-gap-default\">\n\t\t\t\t\t<div class=\"elementor-column elementor-col-100 elementor-top-column elementor-element elementor-element-644e0665\" data-id=\"644e0665\" data-element_type=\"column\" data-e-type=\"column\">\n\t\t\t<div class=\"elementor-widget-wrap elementor-element-populated\">\n\t\t\t\t\t\t<div class=\"elementor-element elementor-element-64995cec elementor-widget elementor-widget-menu-anchor\" data-id=\"64995cec\" data-element_type=\"widget\" data-e-type=\"widget\" data-widget_type=\"menu-anchor.default\">\n\t\t\t\t<div class=\"elementor-widget-container\">\n\t\t\t\t\t\t\t<div class=\"elementor-menu-anchor\" id=\"kunstmuseum\"><\/div>\n\t\t\t\t\t\t<\/div>\n\t\t\t\t<\/div>\n\t\t\t\t<div class=\"elementor-element elementor-element-2400aae elementor-widget elementor-widget-text-editor\" data-id=\"2400aae\" data-element_type=\"widget\" data-e-type=\"widget\" data-widget_type=\"text-editor.default\">\n\t\t\t\t<div class=\"elementor-widget-container\">\n\t\t\t\t\t\t\t\t\t<p class=\"p4\"><em><strong>Trondheim Kunstmuseum<\/strong> (TKM) je jedn\u00edm z p\u0159edn\u00edch norsk\u00fdch um\u011bleck\u00fdch muze\u00ed, zn\u00e1m\u00e9 svou p\u016fsobivou sb\u00edrkou norsk\u00e9ho i mezin\u00e1rodn\u00edho um\u011bn\u00ed. Muzeum se nach\u00e1z\u00ed v srdci Trondheimu, hned vedle Nidarosk\u00e9ho d\u00f3mu, a nab\u00edz\u00ed jak st\u00e1l\u00e9, tak do\u010dasn\u00e9 v\u00fdstavy sahaj\u00edc\u00ed od klasick\u00e9ho um\u011bn\u00ed po modern\u00ed sou\u010dasn\u00e1 d\u00edla.<\/em><\/p>\n<p class=\"p3\"><em><b>Expozice a sb\u00edrky<\/b><\/em><\/p>\n<p class=\"p5\"><em>\u2022 <span class=\"s1\"><b>St\u00e1l\u00e1 sb\u00edrka<\/b><\/span>: Trondheim Kunstmuseum uchov\u00e1v\u00e1 jednu z nejv\u00fdznamn\u011bj\u0161\u00edch um\u011bleck\u00fdch sb\u00edrek v Norsku s d\u00edly od 19. stolet\u00ed a\u017e po sou\u010dasnost.<\/em><\/p>\n<p class=\"p5\"><em>\u2022 <span class=\"s1\"><b>Edvard Munch<\/b><\/span>: Muzeum vlastn\u00ed n\u011bkolik d\u011bl tohoto slavn\u00e9ho um\u011blce, v\u010detn\u011b vz\u00e1cn\u00fdch maleb a grafick\u00fdch tisk\u016f.<\/em><\/p>\n<p class=\"p5\"><em>\u2022 <span class=\"s1\"><b>Sou\u010dasn\u00e9 um\u011bn\u00ed<\/b><\/span>: Pravideln\u011b obm\u011b\u0148ovan\u00e9 v\u00fdstavy p\u0159edstavuj\u00ed norsk\u00e9 i mezin\u00e1rodn\u00ed sou\u010dasn\u00e9 um\u011blce.<\/em><\/p>\n<p class=\"p5\"><em>\u2022 <span class=\"s1\"><b>Do\u010dasn\u00e9 v\u00fdstavy<\/b><\/span>: Muzeum je zn\u00e1m\u00e9 sv\u00fdmi dynamick\u00fdmi expozicemi, kter\u00e9 \u010dasto reflektuj\u00ed aktu\u00e1ln\u00ed t\u00e9mata ve spole\u010dnosti a um\u011bn\u00ed.<\/em><\/p>\n<p class=\"p3\"><em><b>Z\u00e1\u017eitky a aktivity<\/b><\/em><\/p>\n<p class=\"p5\"><em>\u2022 <span class=\"s1\"><b>KunstLab<\/b><\/span>: Interaktivn\u00ed prostor pro d\u011bti a ml\u00e1de\u017e, kter\u00fd podporuje objevov\u00e1n\u00ed um\u011bn\u00ed prost\u0159ednictv\u00edm hry a experimentov\u00e1n\u00ed.<\/em><\/p>\n<p class=\"p5\"><em>\u2022 <span class=\"s1\"><b>Prohl\u00eddky s pr\u016fvodcem<\/b><\/span>: Komentovan\u00e9 prohl\u00eddky nab\u00edzej\u00edc\u00ed hlub\u0161\u00ed vhled do um\u011bleck\u00fdch d\u011bl a jejich historick\u00e9ho kontextu.<\/em><\/p>\n<p class=\"p5\"><em>\u2022 <span class=\"s1\"><b>Um\u011bn\u00ed ve ve\u0159ejn\u00e9m prostoru<\/b><\/span>: Muzeum spravuje n\u011bkolik um\u011bleck\u00fdch projekt\u016f po cel\u00e9m Trondheimu, kter\u00e9 propojuj\u00ed um\u011bn\u00ed s m\u011bstsk\u00fdm prost\u0159ed\u00edm.<\/em><\/p>\n<p class=\"p5\"><em>\u2022 <span class=\"s1\"><b>Speci\u00e1ln\u00ed akce<\/b><\/span>: Pravideln\u00e9 p\u0159edn\u00e1\u0161ky, workshopy a filmov\u00e1 prom\u00edt\u00e1n\u00ed zam\u011b\u0159en\u00e1 na um\u011bn\u00ed.<\/em><\/p>\n<p class=\"p3\"><em><b>Dv\u011b lokality \u2013 TKM Bispegata a TKM Gr\u00e5m\u00f8lna<\/b><\/em><\/p>\n<p class=\"p5\"><em>\u2022 <span class=\"s1\"><b>TKM Bispegata<\/b><\/span>: Hlavn\u00ed budova u Nidarosk\u00e9ho d\u00f3mu, kde se nach\u00e1z\u00ed st\u00e1l\u00e1 sb\u00edrka a rozs\u00e1hlej\u0161\u00ed v\u00fdstavy.<\/em><\/p>\n<p class=\"p5\"><em>\u2022 <span class=\"s1\"><b>TKM Gr\u00e5m\u00f8lna<\/b><\/span>: Pobo\u010dka pobl\u00ed\u017e Solsiden, zam\u011b\u0159en\u00e1 na sou\u010dasn\u00e9 um\u011bn\u00ed a do\u010dasn\u00e9 expozice.<\/em><\/p>\n<p class=\"p3\"><em><b>Doprava a dostupnost<\/b><\/em><\/p>\n<p class=\"p5\"><em>\u2022 <span class=\"s1\"><b>Poloha<\/b><\/span>: Muzeum se nach\u00e1z\u00ed v centru Trondheimu, pobl\u00ed\u017e Nidarosk\u00e9ho d\u00f3mu a Arcibiskupsk\u00e9ho pal\u00e1ce.<\/em><\/p>\n<p class=\"p5\"><em>\u2022 <span class=\"s1\"><b>Otev\u00edrac\u00ed doba<\/b><\/span>: Li\u0161\u00ed se podle sez\u00f3ny, aktu\u00e1ln\u00ed informace naleznete na webov\u00fdch str\u00e1nk\u00e1ch muzea.<\/em><\/p>\n<p class=\"p5\"><em>\u2022 <span class=\"s1\"><b>Ve\u0159ejn\u00e1 doprava<\/b><\/span>: Muzeum je v p\u011b\u0161\u00ed vzd\u00e1lenosti od hlavn\u00edch autobusov\u00fdch zast\u00e1vek v centru m\u011bsta.<\/em><\/p>\n<p class=\"p5\"><em>\u2022 <span class=\"s1\"><b>Kav\u00e1rna a muzeum shop<\/b><\/span>: Nab\u00edz\u00ed um\u011bleck\u00e9 knihy, suven\u00fdry a p\u0159\u00edjemnou kav\u00e1rnu s v\u00fdhledem na Nidarosk\u00fd d\u00f3m.<\/em><\/p>\n<p class=\"p5\"><em>\u2022 <span class=\"s1\"><b>Najd\u011bte cestu do Trondheim Kunstmuseum<\/b><\/span>: Napl\u00e1nujte si n\u00e1v\u0161t\u011bvu pomoc\u00ed <a title=\"Pod\u00edvejte se na Trondheim Kunstmuseum na Google Maps\" href=\"https:\/\/maps.app.goo.gl\/nKURxYBjVaAqEFwM7\">Google Maps<\/a>.<\/em><\/p>\t\t\t\t\t\t\t\t<\/div>\n\t\t\t\t<\/div>\n\t\t\t\t\t<\/div>\n\t\t<\/div>\n\t\t\t\t\t<\/div>\n\t\t<\/section>\n\t\t\t\t<section class=\"elementor-section elementor-top-section elementor-element elementor-element-416f40f2 elementor-section-full_width elementor-section-stretched elementor-section-height-default elementor-section-height-default\" data-id=\"416f40f2\" data-element_type=\"section\" data-e-type=\"section\" data-settings=\"{&quot;stretch_section&quot;:&quot;section-stretched&quot;}\">\n\t\t\t\t\t\t<div class=\"elementor-container elementor-column-gap-default\">\n\t\t\t\t\t<div class=\"elementor-column elementor-col-100 elementor-top-column elementor-element elementor-element-58ec548b\" data-id=\"58ec548b\" data-element_type=\"column\" data-e-type=\"column\">\n\t\t\t<div class=\"elementor-widget-wrap elementor-element-populated\">\n\t\t\t\t\t\t<div class=\"elementor-element elementor-element-3482c8f5 elementor-widget elementor-widget-menu-anchor\" data-id=\"3482c8f5\" data-element_type=\"widget\" data-e-type=\"widget\" data-widget_type=\"menu-anchor.default\">\n\t\t\t\t<div class=\"elementor-widget-container\">\n\t\t\t\t\t\t\t<div class=\"elementor-menu-anchor\" id=\"maritime_museum\"><\/div>\n\t\t\t\t\t\t<\/div>\n\t\t\t\t<\/div>\n\t\t\t\t<div class=\"elementor-element elementor-element-1d9e8395 elementor-widget elementor-widget-text-editor\" data-id=\"1d9e8395\" data-element_type=\"widget\" data-e-type=\"widget\" data-widget_type=\"text-editor.default\">\n\t\t\t\t<div class=\"elementor-widget-container\">\n\t\t\t\t\t\t\t\t\t<p class=\"p4\"><em><strong>Trondheim Maritime Museum<\/strong> nab\u00edz\u00ed jedine\u010dn\u00fd pohled na bohatou n\u00e1mo\u0159n\u00ed historii m\u011bsta. Muzeum se nach\u00e1z\u00ed v jednom z nejstar\u0161\u00edch skladov\u00fdch dom\u016f v Trondheimu u p\u0159\u00edstavu a vypr\u00e1v\u00ed p\u0159\u00edb\u011bh lodn\u00ed dopravy, obchodu, navigace a \u017eivota na pob\u0159e\u017e\u00ed.<\/em><\/p>\n<p class=\"p3\"><em><b>Historie a expozice<\/b><\/em><\/p>\n<p class=\"p5\"><em>\u2022 <span class=\"s1\"><b>N\u00e1mo\u0159n\u00ed d\u011bdictv\u00ed Trondheimu<\/b><\/span>: Muzeum ukazuje, jak se Trondheim vyvinul v d\u016fle\u017eit\u00e9 obchodn\u00ed a n\u00e1mo\u0159n\u00ed m\u011bsto.<\/em><\/p>\n<p class=\"p5\"><em>\u2022 <span class=\"s1\"><b>Modely lod\u00ed a naviga\u010dn\u00ed n\u00e1stroje<\/b><\/span>: Rozs\u00e1hl\u00e1 sb\u00edrka detailn\u00edch model\u016f lod\u00ed, historick\u00fdch map a naviga\u010dn\u00edch pom\u016fcek.<\/em><\/p>\n<p class=\"p5\"><em>\u2022 <span class=\"s1\"><b>Obchod a lodn\u00ed doprava<\/b><\/span>: Dozv\u00edte se o roli Trondheimu v norsk\u00e9m i mezin\u00e1rodn\u00edm obchodu, od hansovn\u00ed \u00e9ry po modern\u00ed n\u00e1mo\u0159n\u00ed pr\u016fmysl.<\/em><\/p>\n<p class=\"p5\"><em>\u2022 <span class=\"s1\"><b>\u017divot na mo\u0159i<\/b><\/span>: Objevte, jak vypadala ka\u017edodenn\u00ed rutina n\u00e1mo\u0159n\u00edk\u016f a ryb\u00e1\u0159\u016f v r\u016fzn\u00fdch obdob\u00edch.<\/em><\/p>\n<p class=\"p3\"><em><b>Z\u00e1\u017eitky a aktivity<\/b><\/em><\/p>\n<p class=\"p5\"><em>\u2022 <span class=\"s1\"><b>Interaktivn\u00ed expozice<\/b><\/span>: Vyzkou\u0161ejte star\u00e9 naviga\u010dn\u00ed techniky a za\u017eijte \u017eivot n\u00e1mo\u0159n\u00edk\u016f prost\u0159ednictv\u00edm interaktivn\u00edch instalac\u00ed.<\/em><\/p>\n<p class=\"p5\"><em>\u2022 <span class=\"s1\"><b>Rodinn\u00e9 aktivity<\/b><\/span>: Muzeum nab\u00edz\u00ed z\u00e1bavn\u00e9 programy pro d\u011bti, jako jsou honby za pokladem a n\u00e1mo\u0159n\u00ed d\u00edlny.<\/em><\/p>\n<p class=\"p5\"><em>\u2022 <span class=\"s1\"><b>Prohl\u00eddky s pr\u016fvodcem<\/b><\/span>: Dozv\u00edte se v\u00edce o n\u00e1mo\u0159n\u00ed historii Trondheimu od zku\u0161en\u00fdch pr\u016fvodc\u016f.<\/em><\/p>\n<p class=\"p3\"><em><b>Plavby a p\u0159\u00edstavn\u00ed expozice<\/b><\/em><\/p>\n<p class=\"p5\"><em>\u2022 <span class=\"s1\"><b>Historick\u00e9 p\u0159\u00edstavn\u00ed mapy<\/b><\/span>: Sledujte, jak se p\u0159\u00edstavn\u00ed oblast Trondheimu m\u011bnila v pr\u016fb\u011bhu let.<\/em><\/p>\n<p class=\"p5\"><em>\u2022 <span class=\"s1\"><b>Tradi\u010dn\u00ed stavba lod\u00ed<\/b><\/span>: Seznamte se s tradi\u010dn\u00edmi technikami stavby a \u00fadr\u017eby lod\u00ed.<\/em><\/p>\n<p class=\"p5\"><em>\u2022 <span class=\"s1\"><b>Pob\u0159e\u017en\u00ed kultura<\/b><\/span>: Pono\u0159te se do p\u0159\u00edb\u011bh\u016f ryb\u00e1\u0159\u016f, obchodn\u00edk\u016f a n\u00e1mo\u0159n\u00edk\u016f z regionu Tr\u00f8ndelag.<\/em><\/p>\n<p class=\"p3\"><em><b>Doprava a dostupnost<\/b><\/em><\/p>\n<p class=\"p5\"><em>\u2022 <span class=\"s1\"><b>Poloha<\/b><\/span>: Muzeum se nach\u00e1z\u00ed v centru Trondheimu, v bl\u00edzkosti p\u0159\u00edstavu a Solsiden.<\/em><\/p>\n<p class=\"p5\"><em>\u2022 <span class=\"s1\"><b>Otev\u00edrac\u00ed doba<\/b><\/span>: Li\u0161\u00ed se podle sez\u00f3ny, aktu\u00e1ln\u00ed informace naleznete na webov\u00fdch str\u00e1nk\u00e1ch muzea.<\/em><\/p>\n<p class=\"p5\"><em>\u2022 <span class=\"s1\"><b>Ve\u0159ejn\u00e1 doprava<\/b><\/span>: Muzeum je v p\u011b\u0161\u00ed vzd\u00e1lenosti od centra a snadno dostupn\u00e9 autobusem.<\/em><\/p>\n<p class=\"p5\"><em>\u2022 <span class=\"s1\"><b>Muzejn\u00ed obchod<\/b><\/span>: Nab\u00edz\u00ed knihy, suven\u00fdry a n\u00e1mo\u0159n\u00ed p\u0159edm\u011bty k prodeji.<\/em><\/p>\n<p class=\"p5\"><em>\u2022 <span class=\"s1\"><b>Najd\u011bte cestu do Trondheim Maritime Museum<\/b><\/span>: Napl\u00e1nujte si n\u00e1v\u0161t\u011bvu pomoc\u00ed <a title=\"Pod\u00edvejte se na Trondheim Maritime Museum na Google Maps\" href=\"https:\/\/maps.app.goo.gl\/Wogta2qp6GxaFMk26\">Google Maps<\/a>.<\/em><\/p>\t\t\t\t\t\t\t\t<\/div>\n\t\t\t\t<\/div>\n\t\t\t\t\t<\/div>\n\t\t<\/div>\n\t\t\t\t\t<\/div>\n\t\t<\/section>\n\t\t\t\t<section class=\"elementor-section elementor-top-section elementor-element elementor-element-1a734dff elementor-section-stretched elementor-section-boxed elementor-section-height-default elementor-section-height-default\" data-id=\"1a734dff\" data-element_type=\"section\" data-e-type=\"section\" data-settings=\"{&quot;stretch_section&quot;:&quot;section-stretched&quot;}\">\n\t\t\t\t\t\t<div class=\"elementor-container elementor-column-gap-default\">\n\t\t\t\t\t<div class=\"elementor-column elementor-col-100 elementor-top-column elementor-element elementor-element-190926d0\" data-id=\"190926d0\" data-element_type=\"column\" data-e-type=\"column\" data-settings=\"{&quot;background_background&quot;:&quot;classic&quot;}\">\n\t\t\t<div class=\"elementor-widget-wrap elementor-element-populated\">\n\t\t\t\t\t\t<div class=\"elementor-element elementor-element-55875738 elementor-widget elementor-widget-menu-anchor\" data-id=\"55875738\" data-element_type=\"widget\" data-e-type=\"widget\" data-widget_type=\"menu-anchor.default\">\n\t\t\t\t<div class=\"elementor-widget-container\">\n\t\t\t\t\t\t\t<div class=\"elementor-menu-anchor\" id=\"trondelag_teater\"><\/div>\n\t\t\t\t\t\t<\/div>\n\t\t\t\t<\/div>\n\t\t\t\t<div class=\"elementor-element elementor-element-57eb06ac elementor-widget elementor-widget-text-editor\" data-id=\"57eb06ac\" data-element_type=\"widget\" data-e-type=\"widget\" data-widget_type=\"text-editor.default\">\n\t\t\t\t<div class=\"elementor-widget-container\">\n\t\t\t\t\t\t\t\t\t<p class=\"p4\"><em><strong>Tr\u00f8ndelag Teater<\/strong> je jednou z p\u0159edn\u00edch norsk\u00fdch kulturn\u00edch instituc\u00ed a od roku 1816 hraje kl\u00ed\u010dovou roli v divadeln\u00edm \u017eivot\u011b Trondheimu. Divadlo je zn\u00e1m\u00e9 sv\u00fdm pestr\u00fdm reperto\u00e1rem, kter\u00fd zahrnuje klasick\u00e1 dramata, modern\u00ed inscenace i muzik\u00e1ly.<\/em><\/p>\n<p class=\"p3\"><em><b>Historie a architektura<\/b><\/em><\/p>\n<p class=\"p5\"><em>\u2022 <span class=\"s1\"><b>Zalo\u017eeno v roce 1816<\/b><\/span>: Tr\u00f8ndelag Teater je nejstar\u0161\u00ed st\u00e1le funguj\u00edc\u00ed divadlo v Norsku.<\/em><\/p>\n<p class=\"p5\"><em>\u2022 <span class=\"s1\"><b>D\u016fle\u017eit\u00e1 kulturn\u00ed sc\u00e9na<\/b><\/span>: Divadlo uvedlo d\u00edla od Ibsena, Shakespeara i inovativn\u00ed sou\u010dasn\u00e9 inscenace.<\/em><\/p>\n<p class=\"p5\"><em>\u2022 <span class=\"s1\"><b>Kombinace klasiky a moderny<\/b><\/span>: Budova spojuje historickou fas\u00e1du s modern\u00edm jevi\u0161t\u011bm po rekonstrukci v roce 1997.<\/em><\/p>\n<p class=\"p3\"><em><b>Program a p\u0159edstaven\u00ed<\/b><\/em><\/p>\n<p class=\"p5\"><em>\u2022 <span class=\"s1\"><b>Klasick\u00e1 divadeln\u00ed d\u00edla<\/b><\/span>: Inscenace Ibsena, Shakespeara a dal\u0161\u00edch v\u00fdznamn\u00fdch dramatik\u016f.<\/em><\/p>\n<p class=\"p5\"><em>\u2022 <span class=\"s1\"><b>Sou\u010dasn\u00e1 norsk\u00e1 dramatika<\/b><\/span>: Premi\u00e9ry a modern\u00ed norsk\u00e9 hry.<\/em><\/p>\n<p class=\"p5\"><em>\u2022 <span class=\"s1\"><b>Muzik\u00e1ly a rodinn\u00e1 p\u0159edstaven\u00ed<\/b><\/span>: Produkce pro celou rodinu, \u010dasto s hudbou a tancem.<\/em><\/p>\n<p class=\"p5\"><em>\u2022 <span class=\"s1\"><b>Experiment\u00e1ln\u00ed produkce<\/b><\/span>: Spolupr\u00e1ce s nov\u00fdmi divadeln\u00edmi skupinami a um\u011blci.<\/em><\/p>\n<p class=\"p3\"><em><b>N\u00e1v\u0161t\u011bva a z\u00e1\u017eitky<\/b><\/em><\/p>\n<p class=\"p5\"><em>\u2022 <span class=\"s1\"><b>Prohl\u00eddky s pr\u016fvodcem<\/b><\/span>: Seznamte se s histori\u00ed divadla a pod\u00edvejte se do z\u00e1kulis\u00ed.<\/em><\/p>\n<p class=\"p5\"><em>\u2022 <span class=\"s1\"><b>Divadeln\u00ed kav\u00e1rna<\/b><\/span>: Dejte si n\u011bco k j\u00eddlu p\u0159ed p\u0159edstaven\u00edm v kav\u00e1rn\u011b divadla.<\/em><\/p>\n<p class=\"p5\"><em>\u2022 <span class=\"s1\"><b>Um\u011bleck\u00e9 akce<\/b><\/span>: P\u0159edn\u00e1\u0161ky, workshopy a diskuse s herci a re\u017eis\u00e9ry.<\/em><\/p>\n<p class=\"p3\"><em><b>Doprava a dostupnost<\/b><\/em><\/p>\n<p class=\"p5\"><em>\u2022 <span class=\"s1\"><b>Poloha<\/b><\/span>: Nach\u00e1z\u00ed se v centru Trondheimu, kousek od hlavn\u00edho n\u00e1m\u011bst\u00ed.<\/em><\/p>\n<p class=\"p5\"><em>\u2022 <span class=\"s1\"><b>Autobus a tramvaj<\/b><\/span>: Snadno dostupn\u00e9 ve\u0159ejnou dopravou.<\/em><\/p>\n<p class=\"p5\"><em>\u2022 <span class=\"s1\"><b>Vstupenky<\/b><\/span>: Lze zakoupit online nebo na pokladn\u011b divadla.<\/em><\/p>\n<p class=\"p5\"><em>\u2022 <span class=\"s1\"><b>P\u0159\u00edstupnost<\/b><\/span>: Bezbari\u00e9rov\u00fd p\u0159\u00edstup pro voz\u00ed\u010dk\u00e1\u0159e a vybaven\u00ed pro sluchov\u011b posti\u017een\u00e9.<\/em><\/p>\n<p class=\"p5\"><em>\u2022 <span class=\"s1\"><b>Najd\u011bte cestu do Tr\u00f8ndelag Teater<\/b><\/span>: Napl\u00e1nujte si n\u00e1v\u0161t\u011bvu pomoc\u00ed <a title=\"Pod\u00edvejte se na Tr\u00f8ndelag Teater na Google Maps\" href=\"https:\/\/maps.app.goo.gl\/1DYmHpfpErKKfYEe6\">Google Maps<\/a>.<\/em><\/p>\t\t\t\t\t\t\t\t<\/div>\n\t\t\t\t<\/div>\n\t\t\t\t\t<\/div>\n\t\t<\/div>\n\t\t\t\t\t<\/div>\n\t\t<\/section>\n\t\t\t\t<section class=\"elementor-section elementor-top-section elementor-element elementor-element-65dd4870 elementor-section-full_width elementor-section-stretched elementor-section-height-default elementor-section-height-default\" data-id=\"65dd4870\" data-element_type=\"section\" data-e-type=\"section\" data-settings=\"{&quot;stretch_section&quot;:&quot;section-stretched&quot;}\">\n\t\t\t\t\t\t<div class=\"elementor-container elementor-column-gap-default\">\n\t\t\t\t\t<div class=\"elementor-column elementor-col-100 elementor-top-column elementor-element elementor-element-6771b3f6\" data-id=\"6771b3f6\" data-element_type=\"column\" data-e-type=\"column\">\n\t\t\t<div class=\"elementor-widget-wrap elementor-element-populated\">\n\t\t\t\t\t\t<div class=\"elementor-element elementor-element-3b640c00 elementor-widget elementor-widget-menu-anchor\" data-id=\"3b640c00\" data-element_type=\"widget\" data-e-type=\"widget\" data-widget_type=\"menu-anchor.default\">\n\t\t\t\t<div class=\"elementor-widget-container\">\n\t\t\t\t\t\t\t<div class=\"elementor-menu-anchor\" id=\"vitensenteret\"><\/div>\n\t\t\t\t\t\t<\/div>\n\t\t\t\t<\/div>\n\t\t\t\t<div class=\"elementor-element elementor-element-36f8f7d9 elementor-widget elementor-widget-text-editor\" data-id=\"36f8f7d9\" data-element_type=\"widget\" data-e-type=\"widget\" data-widget_type=\"text-editor.default\">\n\t\t\t\t<div class=\"elementor-widget-container\">\n\t\t\t\t\t\t\t\t\t<p class=\"p4\"><em><strong>Vitensenteret v Trondheimu<\/strong> je obl\u00edben\u00e9 centrum z\u00e1\u017eitkov\u00e9ho vzd\u011bl\u00e1v\u00e1n\u00ed pro v\u0161echny v\u011bkov\u00e9 kategorie, kde si n\u00e1v\u0161t\u011bvn\u00edci mohou hravou formou vyzkou\u0161et v\u011bdu a technologii prost\u0159ednictv\u00edm interaktivn\u00edch expozic a experiment\u016f. Centrum se nach\u00e1z\u00ed v srdci Trondheimu a je ide\u00e1ln\u00edm m\u00edstem pro rodiny i \u0161koly.<\/em><\/p>\n<p class=\"p3\"><em><b>Interaktivn\u00ed expozice<\/b><\/em><\/p>\n<p class=\"p5\"><em>\u2022 <span class=\"s1\"><b>Fyzika a mechanika<\/b><\/span>: Vyzkou\u0161ejte Newtonovy z\u00e1kony a pochopte, jak funguj\u00ed s\u00edly a pohyb.<\/em><\/p>\n<p class=\"p5\"><em>\u2022 <span class=\"s1\"><b>Vesm\u00edr a astronomie<\/b><\/span>: Prozkoumejte slune\u010dn\u00ed soustavu, seznamte se s hv\u011bzdami a planetami a vyzkou\u0161ejte interaktivn\u00ed hv\u011bzdnou mapu.<\/em><\/p>\n<p class=\"p5\"><em>\u2022 <span class=\"s1\"><b>Mozek a smysly<\/b><\/span>: Objevte, jak funguje lidsk\u00fd mozek pomoc\u00ed optick\u00fdch iluz\u00ed a smyslov\u00fdch experiment\u016f.<\/em><\/p>\n<p class=\"p5\"><em>\u2022 <span class=\"s1\"><b>Udr\u017eitelnost a technologie<\/b><\/span>: Nau\u010dte se o ekologick\u00fdch \u0159e\u0161en\u00edch, obnoviteln\u00fdch zdroj\u00edch energie a technologi\u00edch budoucnosti.<\/em><\/p>\n<p class=\"p3\"><em><b>Aktivity a z\u00e1\u017eitky<\/b><\/em><\/p>\n<p class=\"p5\"><em>\u2022 <span class=\"s1\"><b>Planet\u00e1rium<\/b><\/span>: \u00da\u017easn\u00e1 cesta vesm\u00edrem s fascinuj\u00edc\u00edmi vizu\u00e1ln\u00edmi efekty.<\/em><\/p>\n<p class=\"p5\"><em>\u2022 <span class=\"s1\"><b>Experiment\u00e1ln\u00ed laborato\u0159<\/b><\/span>: Sta\u0148te se na chv\u00edli v\u011bdcem a vyzkou\u0161ejte vlastn\u00ed experimenty.<\/em><\/p>\n<p class=\"p5\"><em>\u2022 <span class=\"s1\"><b>Programov\u00e1n\u00ed robot\u016f<\/b><\/span>: Nau\u010dte se z\u00e1klady k\u00f3dov\u00e1n\u00ed a zjist\u011bte, jak lze naprogramovat roboty pro r\u016fzn\u00e9 \u00fakoly.<\/em><\/p>\n<p class=\"p5\"><em>\u2022 <span class=\"s1\"><b>V\u00edkendov\u00e9 aktivity a pr\u00e1zdninov\u00e9 programy<\/b><\/span>: Speci\u00e1ln\u00ed akce s poutav\u00fdmi v\u011bdeck\u00fdmi uk\u00e1zkami.<\/em><\/p>\n<p class=\"p3\"><em><b>Ide\u00e1ln\u00ed pro rodiny a \u0161koln\u00ed t\u0159\u00eddy<\/b><\/em><\/p>\n<p class=\"p5\"><em>\u2022 <span class=\"s1\"><b>U\u010den\u00ed hrou<\/b><\/span>: Centrum je navr\u017eeno tak, aby v\u011bda byla z\u00e1bavn\u00e1 a poutav\u00e1 i pro d\u011bti.<\/em><\/p>\n<p class=\"p5\"><em>\u2022 <span class=\"s1\"><b>\u0160koln\u00ed exkurze<\/b><\/span>: P\u0159izp\u016fsoben\u00e9 vzd\u011bl\u00e1vac\u00ed programy pro r\u016fzn\u00e9 v\u011bkov\u00e9 skupiny.<\/em><\/p>\n<p class=\"p5\"><em>\u2022 <span class=\"s1\"><b>Rodinn\u00e1 kav\u00e1rna<\/b><\/span>: Odpo\u010dinek s ob\u010derstven\u00edm v p\u0159\u00edjemn\u00e9m prost\u0159ed\u00ed centra.<\/em><\/p>\n<p class=\"p3\"><em><b>Doprava a dostupnost<\/b><\/em><\/p>\n<p class=\"p5\"><em>\u2022 <span class=\"s1\"><b>Poloha<\/b><\/span>: Nach\u00e1z\u00ed se v centru Trondheimu, pobl\u00ed\u017e Solsiden.<\/em><\/p>\n<p class=\"p5\"><em>\u2022 <span class=\"s1\"><b>Ve\u0159ejn\u00e1 doprava<\/b><\/span>: Snadn\u00e1 dostupnost autobusem a tramvaj\u00ed.<\/em><\/p>\n<p class=\"p5\"><em>\u2022 <span class=\"s1\"><b>Parkov\u00e1n\u00ed<\/b><\/span>: Mo\u017enost parkov\u00e1n\u00ed v okol\u00ed.<\/em><\/p>\n<p class=\"p5\"><em>\u2022 <span class=\"s1\"><b>Bezbari\u00e9rov\u00fd p\u0159\u00edstup<\/b><\/span>: Centrum je p\u0159izp\u016fsobeno pro n\u00e1v\u0161t\u011bvn\u00edky na voz\u00edku.<\/em><\/p>\n<p class=\"p5\"><em>\u2022 <span class=\"s1\"><b>Najd\u011bte cestu do Vitensenteret v Trondheimu<\/b><\/span>: Napl\u00e1nujte si n\u00e1v\u0161t\u011bvu pomoc\u00ed <a title=\"Pod\u00edvejte se na Vitensenteret v Trondheimu na Google Maps\" href=\"https:\/\/maps.app.goo.gl\/5rS1wvZ4kzP3tHFL7\">Google Maps<\/a>.<\/em><\/p>\t\t\t\t\t\t\t\t<\/div>\n\t\t\t\t<\/div>\n\t\t\t\t\t<\/div>\n\t\t<\/div>\n\t\t\t\t\t<\/div>\n\t\t<\/section>\n\t\t\t\t<section class=\"elementor-section elementor-top-section elementor-element elementor-element-86ff70f elementor-section-stretched elementor-section-boxed elementor-section-height-default elementor-section-height-default\" data-id=\"86ff70f\" data-element_type=\"section\" data-e-type=\"section\" data-settings=\"{&quot;background_background&quot;:&quot;classic&quot;,&quot;stretch_section&quot;:&quot;section-stretched&quot;,&quot;shape_divider_top&quot;:&quot;tilt&quot;,&quot;shape_divider_bottom&quot;:&quot;tilt&quot;,&quot;animation&quot;:&quot;none&quot;,&quot;animation_tablet&quot;:&quot;none&quot;,&quot;animation_mobile&quot;:&quot;none&quot;}\">\n\t\t\t\t\t<div class=\"elementor-shape elementor-shape-top\" aria-hidden=\"true\" data-negative=\"false\">\n\t\t\t<svg xmlns=\"http:\/\/www.w3.org\/2000\/svg\" viewBox=\"0 0 1000 100\" preserveAspectRatio=\"none\">\n\t<path class=\"elementor-shape-fill\" d=\"M0,6V0h1000v100L0,6z\"\/>\n<\/svg>\t\t<\/div>\n\t\t\t\t<div class=\"elementor-shape elementor-shape-bottom\" aria-hidden=\"true\" data-negative=\"false\">\n\t\t\t<svg xmlns=\"http:\/\/www.w3.org\/2000\/svg\" viewBox=\"0 0 1000 100\" preserveAspectRatio=\"none\">\n\t<path class=\"elementor-shape-fill\" d=\"M0,6V0h1000v100L0,6z\"\/>\n<\/svg>\t\t<\/div>\n\t\t\t\t\t<div class=\"elementor-container elementor-column-gap-default\">\n\t\t\t\t\t<div class=\"elementor-column elementor-col-100 elementor-top-column elementor-element elementor-element-fd4e0fb\" data-id=\"fd4e0fb\" data-element_type=\"column\" data-e-type=\"column\">\n\t\t\t<div class=\"elementor-widget-wrap elementor-element-populated\">\n\t\t\t\t\t\t<div class=\"elementor-element elementor-element-226811d elementor-widget elementor-widget-text-editor\" data-id=\"226811d\" data-element_type=\"widget\" data-e-type=\"widget\" data-widget_type=\"text-editor.default\">\n\t\t\t\t<div class=\"elementor-widget-container\">\n\t\t\t\t\t\t\t\t\t<p class=\"p1\"><em><b>Muzea a kina \u2013 Objevte kulturu a z\u00e1bavu v Trondheimu<\/b><\/em><\/p><p class=\"p3\"><em>\u00a0 \u00a0 Objevte bohat\u00fd kulturn\u00ed \u017eivot Trondheimu s fascinuj\u00edc\u00edmi muzei a modern\u00edmi kiny! M\u011bsto nab\u00edz\u00ed v\u0161e od historick\u00fdch expozic a um\u011bleck\u00fdch galeri\u00ed a\u017e po filmov\u00e9 z\u00e1\u017eitky v nejvy\u0161\u0161\u00ed kvalit\u011b. A\u0165 u\u017e se chcete pono\u0159it do historie m\u011bsta nebo si u\u017e\u00edt filmov\u00fd ve\u010der, Trondheim m\u00e1 n\u011bco pro ka\u017ed\u00e9ho.<\/em><\/p><p class=\"p3\"><em>\ud83c\udfad \ud83d\udcfd\ufe0f Klikn\u011bte zde a <a href=\"https:\/\/www.hindrumfjordsenter.no\/cs\/vitejte\/obchody_s_potravinami_a_restaurace\/mesto_trondheim\/muzea-trondheim-jizni-trondelag-kultura-kino\/\">prozkoumejte muzea a kina v Trondheimu<\/a>!<\/em><\/p>\t\t\t\t\t\t\t\t<\/div>\n\t\t\t\t<\/div>\n\t\t\t\t\t<\/div>\n\t\t<\/div>\n\t\t\t\t\t<\/div>\n\t\t<\/section>\n\t\t\t\t<section class=\"elementor-section elementor-top-section elementor-element elementor-element-6344c1b elementor-section-full_width elementor-section-stretched elementor-hidden-mobile elementor-hidden-tablet elementor-section-height-default elementor-section-height-default\" data-id=\"6344c1b\" data-element_type=\"section\" data-e-type=\"section\" data-settings=\"{&quot;stretch_section&quot;:&quot;section-stretched&quot;}\">\n\t\t\t\t\t\t<div class=\"elementor-container elementor-column-gap-default\">\n\t\t\t\t\t<div class=\"elementor-column elementor-col-100 elementor-top-column elementor-element elementor-element-89e3ea5\" data-id=\"89e3ea5\" data-element_type=\"column\" data-e-type=\"column\">\n\t\t\t<div class=\"elementor-widget-wrap elementor-element-populated\">\n\t\t\t\t\t\t<div class=\"elementor-element elementor-element-88fde4e elementor-hidden-tablet elementor-hidden-mobile elementor-widget elementor-widget-image\" data-id=\"88fde4e\" data-element_type=\"widget\" data-e-type=\"widget\" data-widget_type=\"image.default\">\n\t\t\t\t<div class=\"elementor-widget-container\">\n\t\t\t\t\t\t\t\t\t\t\t\t\t\t\t<img decoding=\"async\" src=\"https:\/\/www.hindrumfjordsenter.no\/wp-content\/uploads\/elementor\/thumbs\/cropped-cropped-Shutterstock-gradient-luted-scaled-1-pjcafvor01anubya0vax5wt55k4lxjvtaa0whhsiek.webp\" title=\"cropped-cropped-Shutterstock-gradient-luted-scaled-1.webp\" alt=\"cropped-cropped-Shutterstock-gradient-luted-scaled-1.webp\" loading=\"lazy\" \/>\t\t\t\t\t\t\t\t\t\t\t\t\t\t\t<\/div>\n\t\t\t\t<\/div>\n\t\t\t\t\t<\/div>\n\t\t<\/div>\n\t\t\t\t\t<\/div>\n\t\t<\/section>\n\t\t\t\t<section class=\"elementor-section elementor-top-section elementor-element elementor-element-38d5fccc elementor-section-content-top elementor-section-full_width elementor-section-height-default elementor-section-height-default\" data-id=\"38d5fccc\" data-element_type=\"section\" data-e-type=\"section\" data-settings=\"{&quot;background_background&quot;:&quot;classic&quot;}\">\n\t\t\t\t\t\t<div class=\"elementor-container elementor-column-gap-default\">\n\t\t\t\t\t<div class=\"elementor-column elementor-col-25 elementor-top-column elementor-element elementor-element-379eb59d\" data-id=\"379eb59d\" data-element_type=\"column\" data-e-type=\"column\">\n\t\t\t<div class=\"elementor-widget-wrap elementor-element-populated\">\n\t\t\t\t\t\t<div class=\"elementor-element elementor-element-5a679fd7 elementor-widget elementor-widget-heading\" data-id=\"5a679fd7\" data-element_type=\"widget\" data-e-type=\"widget\" data-widget_type=\"heading.default\">\n\t\t\t\t<div class=\"elementor-widget-container\">\n\t\t\t\t\t<h4 class=\"elementor-heading-title elementor-size-default\">Navigering<\/h4>\t\t\t\t<\/div>\n\t\t\t\t<\/div>\n\t\t\t\t<div class=\"elementor-element elementor-element-5e547b9e elementor-mobile-align-start elementor-align-start elementor-icon-list--layout-inline elementor-list-item-link-full_width elementor-widget elementor-widget-icon-list\" data-id=\"5e547b9e\" data-element_type=\"widget\" data-e-type=\"widget\" data-widget_type=\"icon-list.default\">\n\t\t\t\t<div class=\"elementor-widget-container\">\n\t\t\t\t\t\t\t<ul class=\"elementor-icon-list-items elementor-inline-items\">\n\t\t\t\t\t\t\t<li class=\"elementor-icon-list-item elementor-inline-item\">\n\t\t\t\t\t\t\t\t\t\t\t<a href=\"https:\/\/www.hindrumfjordsenter.no\/\">\n\n\t\t\t\t\t\t\t\t\t\t\t\t<span class=\"elementor-icon-list-icon\">\n\t\t\t\t\t\t\t<i aria-hidden=\"true\" class=\"fas fa-chevron-right\"><\/i>\t\t\t\t\t\t<\/span>\n\t\t\t\t\t\t\t\t\t\t<span class=\"elementor-icon-list-text\">velkommen<\/span>\n\t\t\t\t\t\t\t\t\t\t\t<\/a>\n\t\t\t\t\t\t\t\t\t<\/li>\n\t\t\t\t\t\t\t\t<li class=\"elementor-icon-list-item elementor-inline-item\">\n\t\t\t\t\t\t\t\t\t\t\t<a href=\"https:\/\/www.hindrumfjordsenter.no\/overnatting\/\">\n\n\t\t\t\t\t\t\t\t\t\t\t\t<span class=\"elementor-icon-list-icon\">\n\t\t\t\t\t\t\t<i aria-hidden=\"true\" class=\"fas fa-chevron-right\"><\/i>\t\t\t\t\t\t<\/span>\n\t\t\t\t\t\t\t\t\t\t<span class=\"elementor-icon-list-text\">v\u00e5re feriehus<\/span>\n\t\t\t\t\t\t\t\t\t\t\t<\/a>\n\t\t\t\t\t\t\t\t\t<\/li>\n\t\t\t\t\t\t\t\t<li class=\"elementor-icon-list-item elementor-inline-item\">\n\t\t\t\t\t\t\t\t\t\t\t<a href=\"https:\/\/www.hindrumfjordsenter.no\/opplevelser\/fiske-eventyr\/\">\n\n\t\t\t\t\t\t\t\t\t\t\t\t<span class=\"elementor-icon-list-icon\">\n\t\t\t\t\t\t\t<i aria-hidden=\"true\" class=\"fas fa-chevron-right\"><\/i>\t\t\t\t\t\t<\/span>\n\t\t\t\t\t\t\t\t\t\t<span class=\"elementor-icon-list-text\">fiske eventyr<\/span>\n\t\t\t\t\t\t\t\t\t\t\t<\/a>\n\t\t\t\t\t\t\t\t\t<\/li>\n\t\t\t\t\t\t\t\t<li class=\"elementor-icon-list-item elementor-inline-item\">\n\t\t\t\t\t\t\t\t\t\t\t<a href=\"https:\/\/www.hindrumfjordsenter.no\/opplevelser\/munkstigen\/\">\n\n\t\t\t\t\t\t\t\t\t\t\t\t<span class=\"elementor-icon-list-icon\">\n\t\t\t\t\t\t\t<i aria-hidden=\"true\" class=\"fas fa-chevron-right\"><\/i>\t\t\t\t\t\t<\/span>\n\t\t\t\t\t\t\t\t\t\t<span class=\"elementor-icon-list-text\">munkstigen<\/span>\n\t\t\t\t\t\t\t\t\t\t\t<\/a>\n\t\t\t\t\t\t\t\t\t<\/li>\n\t\t\t\t\t\t\t\t<li class=\"elementor-icon-list-item elementor-inline-item\">\n\t\t\t\t\t\t\t\t\t\t\t<a href=\"https:\/\/www.hindrumfjordsenter.no\/bater\/\">\n\n\t\t\t\t\t\t\t\t\t\t\t\t<span class=\"elementor-icon-list-icon\">\n\t\t\t\t\t\t\t<i aria-hidden=\"true\" class=\"fas fa-chevron-right\"><\/i>\t\t\t\t\t\t<\/span>\n\t\t\t\t\t\t\t\t\t\t<span class=\"elementor-icon-list-text\">v\u00e5re b\u00e5ter<\/span>\n\t\t\t\t\t\t\t\t\t\t\t<\/a>\n\t\t\t\t\t\t\t\t\t<\/li>\n\t\t\t\t\t\t\t\t<li class=\"elementor-icon-list-item elementor-inline-item\">\n\t\t\t\t\t\t\t\t\t\t\t<a href=\"https:\/\/www.hindrumfjordsenter.no\/overnatting\/camping\/\">\n\n\t\t\t\t\t\t\t\t\t\t\t\t<span class=\"elementor-icon-list-icon\">\n\t\t\t\t\t\t\t<i aria-hidden=\"true\" class=\"fas fa-chevron-right\"><\/i>\t\t\t\t\t\t<\/span>\n\t\t\t\t\t\t\t\t\t\t<span class=\"elementor-icon-list-text\">camping<\/span>\n\t\t\t\t\t\t\t\t\t\t\t<\/a>\n\t\t\t\t\t\t\t\t\t<\/li>\n\t\t\t\t\t\t\t\t<li class=\"elementor-icon-list-item elementor-inline-item\">\n\t\t\t\t\t\t\t\t\t\t\t<a href=\"https:\/\/www.hindrumfjordsenter.no\/konferanse-selskap\/\">\n\n\t\t\t\t\t\t\t\t\t\t\t\t<span class=\"elementor-icon-list-icon\">\n\t\t\t\t\t\t\t<i aria-hidden=\"true\" class=\"fas fa-chevron-right\"><\/i>\t\t\t\t\t\t<\/span>\n\t\t\t\t\t\t\t\t\t\t<span class=\"elementor-icon-list-text\">konferanse og selskaps lokaler<\/span>\n\t\t\t\t\t\t\t\t\t\t\t<\/a>\n\t\t\t\t\t\t\t\t\t<\/li>\n\t\t\t\t\t\t\t\t<li class=\"elementor-icon-list-item elementor-inline-item\">\n\t\t\t\t\t\t\t\t\t\t\t<a href=\"https:\/\/www.hindrumfjordsenter.no\/opplevelser\/\">\n\n\t\t\t\t\t\t\t\t\t\t\t\t<span class=\"elementor-icon-list-icon\">\n\t\t\t\t\t\t\t<i aria-hidden=\"true\" class=\"fas fa-chevron-right\"><\/i>\t\t\t\t\t\t<\/span>\n\t\t\t\t\t\t\t\t\t\t<span class=\"elementor-icon-list-text\">flere ting \u00e5 oppleve<\/span>\n\t\t\t\t\t\t\t\t\t\t\t<\/a>\n\t\t\t\t\t\t\t\t\t<\/li>\n\t\t\t\t\t\t\t\t<li class=\"elementor-icon-list-item elementor-inline-item\">\n\t\t\t\t\t\t\t\t\t\t\t<a href=\"https:\/\/www.hindrumfjordsenter.no\/om-oss\/\">\n\n\t\t\t\t\t\t\t\t\t\t\t\t<span class=\"elementor-icon-list-icon\">\n\t\t\t\t\t\t\t<i aria-hidden=\"true\" class=\"fas fa-chevron-right\"><\/i>\t\t\t\t\t\t<\/span>\n\t\t\t\t\t\t\t\t\t\t<span class=\"elementor-icon-list-text\">om oss<\/span>\n\t\t\t\t\t\t\t\t\t\t\t<\/a>\n\t\t\t\t\t\t\t\t\t<\/li>\n\t\t\t\t\t\t\t\t<li class=\"elementor-icon-list-item elementor-inline-item\">\n\t\t\t\t\t\t\t\t\t\t\t<a href=\"https:\/\/www.hindrumfjordsenter.no\/nod-nummer\/\">\n\n\t\t\t\t\t\t\t\t\t\t\t\t<span class=\"elementor-icon-list-icon\">\n\t\t\t\t\t\t\t<i aria-hidden=\"true\" class=\"fas fa-chevron-right\"><\/i>\t\t\t\t\t\t<\/span>\n\t\t\t\t\t\t\t\t\t\t<span class=\"elementor-icon-list-text\">n\u00f8dnummer<\/span>\n\t\t\t\t\t\t\t\t\t\t\t<\/a>\n\t\t\t\t\t\t\t\t\t<\/li>\n\t\t\t\t\t\t\t\t<li class=\"elementor-icon-list-item elementor-inline-item\">\n\t\t\t\t\t\t\t\t\t\t\t<a href=\"https:\/\/yesfish.no\/\">\n\n\t\t\t\t\t\t\t\t\t\t\t\t<span class=\"elementor-icon-list-icon\">\n\t\t\t\t\t\t\t<i aria-hidden=\"true\" class=\"fas fa-chevron-right\"><\/i>\t\t\t\t\t\t<\/span>\n\t\t\t\t\t\t\t\t\t\t<span class=\"elementor-icon-list-text\">fangst registrering<\/span>\n\t\t\t\t\t\t\t\t\t\t\t<\/a>\n\t\t\t\t\t\t\t\t\t<\/li>\n\t\t\t\t\t\t\t\t<li class=\"elementor-icon-list-item elementor-inline-item\">\n\t\t\t\t\t\t\t\t\t\t\t<a href=\"https:\/\/www.hindrumfjordsenter.no\/om-oss\/generelle-avtalevilkar\/\">\n\n\t\t\t\t\t\t\t\t\t\t\t\t<span class=\"elementor-icon-list-icon\">\n\t\t\t\t\t\t\t<i aria-hidden=\"true\" class=\"fas fa-chevron-right\"><\/i>\t\t\t\t\t\t<\/span>\n\t\t\t\t\t\t\t\t\t\t<span class=\"elementor-icon-list-text\">generelle avtalevilk\u00e5r<\/span>\n\t\t\t\t\t\t\t\t\t\t\t<\/a>\n\t\t\t\t\t\t\t\t\t<\/li>\n\t\t\t\t\t\t\t\t<li class=\"elementor-icon-list-item elementor-inline-item\">\n\t\t\t\t\t\t\t\t\t\t\t<a href=\"https:\/\/www.hindrumfjordsenter.no\/vervarsel\/\">\n\n\t\t\t\t\t\t\t\t\t\t\t\t<span class=\"elementor-icon-list-icon\">\n\t\t\t\t\t\t\t<i aria-hidden=\"true\" class=\"fas fa-chevron-right\"><\/i>\t\t\t\t\t\t<\/span>\n\t\t\t\t\t\t\t\t\t\t<span class=\"elementor-icon-list-text\">v\u00e6rmelding<\/span>\n\t\t\t\t\t\t\t\t\t\t\t<\/a>\n\t\t\t\t\t\t\t\t\t<\/li>\n\t\t\t\t\t\t\t\t<li class=\"elementor-icon-list-item elementor-inline-item\">\n\t\t\t\t\t\t\t\t\t\t\t<a href=\"https:\/\/www.hindrumfjordsenter.no\/om-oss\/\">\n\n\t\t\t\t\t\t\t\t\t\t\t\t<span class=\"elementor-icon-list-icon\">\n\t\t\t\t\t\t\t<i aria-hidden=\"true\" class=\"fas fa-chevron-right\"><\/i>\t\t\t\t\t\t<\/span>\n\t\t\t\t\t\t\t\t\t\t<span class=\"elementor-icon-list-text\">ORG: NO 913431162 MVA\u200b<\/span>\n\t\t\t\t\t\t\t\t\t\t\t<\/a>\n\t\t\t\t\t\t\t\t\t<\/li>\n\t\t\t\t\t\t<\/ul>\n\t\t\t\t\t\t<\/div>\n\t\t\t\t<\/div>\n\t\t\t\t\t<\/div>\n\t\t<\/div>\n\t\t\t\t<div class=\"elementor-column elementor-col-25 elementor-top-column elementor-element elementor-element-652604df\" data-id=\"652604df\" data-element_type=\"column\" data-e-type=\"column\">\n\t\t\t<div class=\"elementor-widget-wrap\">\n\t\t\t\t\t\t\t<\/div>\n\t\t<\/div>\n\t\t\t\t<div class=\"elementor-column elementor-col-25 elementor-top-column elementor-element elementor-element-1efefdf3\" data-id=\"1efefdf3\" data-element_type=\"column\" data-e-type=\"column\">\n\t\t\t<div class=\"elementor-widget-wrap elementor-element-populated\">\n\t\t\t\t\t\t<div class=\"elementor-element elementor-element-4d19affa elementor-widget elementor-widget-heading\" data-id=\"4d19affa\" data-element_type=\"widget\" data-e-type=\"widget\" data-widget_type=\"heading.default\">\n\t\t\t\t<div class=\"elementor-widget-container\">\n\t\t\t\t\t<h4 class=\"elementor-heading-title elementor-size-default\">Kontakt oss<\/h4>\t\t\t\t<\/div>\n\t\t\t\t<\/div>\n\t\t\t\t<div class=\"elementor-element elementor-element-300d8862 elementor-icon-list--layout-traditional elementor-list-item-link-full_width elementor-widget elementor-widget-icon-list\" data-id=\"300d8862\" data-element_type=\"widget\" data-e-type=\"widget\" data-widget_type=\"icon-list.default\">\n\t\t\t\t<div class=\"elementor-widget-container\">\n\t\t\t\t\t\t\t<ul class=\"elementor-icon-list-items\">\n\t\t\t\t\t\t\t<li class=\"elementor-icon-list-item\">\n\t\t\t\t\t\t\t\t\t\t\t<a href=\"https:\/\/www.hindrumfjordsenter.no\/#hvor_er_vi\">\n\n\t\t\t\t\t\t\t\t\t\t\t\t<span class=\"elementor-icon-list-icon\">\n\t\t\t\t\t\t\t<i aria-hidden=\"true\" class=\"fas fa-map-marker-alt\"><\/i>\t\t\t\t\t\t<\/span>\n\t\t\t\t\t\t\t\t\t\t<span class=\"elementor-icon-list-text\">Drakestranda 1300<br>7125 Vanvikan<br>Norge<\/span>\n\t\t\t\t\t\t\t\t\t\t\t<\/a>\n\t\t\t\t\t\t\t\t\t<\/li>\n\t\t\t\t\t\t\t\t<li class=\"elementor-icon-list-item\">\n\t\t\t\t\t\t\t\t\t\t\t<a href=\"tel:+47%2072%2090%2092%2000\u200b\">\n\n\t\t\t\t\t\t\t\t\t\t\t\t<span class=\"elementor-icon-list-icon\">\n\t\t\t\t\t\t\t<i aria-hidden=\"true\" class=\"fas fa-phone\"><\/i>\t\t\t\t\t\t<\/span>\n\t\t\t\t\t\t\t\t\t\t<span class=\"elementor-icon-list-text\">+ 47 72 90 92 00<\/span>\n\t\t\t\t\t\t\t\t\t\t\t<\/a>\n\t\t\t\t\t\t\t\t\t<\/li>\n\t\t\t\t\t\t\t\t<li class=\"elementor-icon-list-item\">\n\t\t\t\t\t\t\t\t\t\t\t<a href=\"mailto:post@hindrumfjordsenter.no\">\n\n\t\t\t\t\t\t\t\t\t\t\t\t<span class=\"elementor-icon-list-icon\">\n\t\t\t\t\t\t\t<i aria-hidden=\"true\" class=\"far fa-envelope-open\"><\/i>\t\t\t\t\t\t<\/span>\n\t\t\t\t\t\t\t\t\t\t<span class=\"elementor-icon-list-text\">post@hindrumfjordsenter.no<\/span>\n\t\t\t\t\t\t\t\t\t\t\t<\/a>\n\t\t\t\t\t\t\t\t\t<\/li>\n\t\t\t\t\t\t<\/ul>\n\t\t\t\t\t\t<\/div>\n\t\t\t\t<\/div>\n\t\t\t\t<div class=\"elementor-element elementor-element-547aa5f9 elementor-widget elementor-widget-heading\" data-id=\"547aa5f9\" data-element_type=\"widget\" data-e-type=\"widget\" data-widget_type=\"heading.default\">\n\t\t\t\t<div class=\"elementor-widget-container\">\n\t\t\t\t\t<h4 class=\"elementor-heading-title elementor-size-default\">\u00c5pningstider<\/h4>\t\t\t\t<\/div>\n\t\t\t\t<\/div>\n\t\t\t\t<div class=\"elementor-element elementor-element-4815878c elementor-widget elementor-widget-text-editor\" data-id=\"4815878c\" data-element_type=\"widget\" data-e-type=\"widget\" data-widget_type=\"text-editor.default\">\n\t\t\t\t<div class=\"elementor-widget-container\">\n\t\t\t\t\t\t\t\t\t<p>Alle dager 09:00 &#8211; 18:00<\/p>\t\t\t\t\t\t\t\t<\/div>\n\t\t\t\t<\/div>\n\t\t\t\t\t<\/div>\n\t\t<\/div>\n\t\t\t\t<div class=\"elementor-column elementor-col-25 elementor-top-column elementor-element elementor-element-7a241ea1\" data-id=\"7a241ea1\" data-element_type=\"column\" data-e-type=\"column\">\n\t\t\t<div class=\"elementor-widget-wrap elementor-element-populated\">\n\t\t\t\t\t\t<div class=\"elementor-element elementor-element-2bfaddb9 elementor-widget elementor-widget-heading\" data-id=\"2bfaddb9\" data-element_type=\"widget\" data-e-type=\"widget\" data-widget_type=\"heading.default\">\n\t\t\t\t<div class=\"elementor-widget-container\">\n\t\t\t\t\t<h4 class=\"elementor-heading-title elementor-size-default\">F\u00f8lg oss<\/h4>\t\t\t\t<\/div>\n\t\t\t\t<\/div>\n\t\t\t\t<div class=\"elementor-element elementor-element-7171be72 elementor-shape-circle elementor-grid-0 e-grid-align-center elementor-widget elementor-widget-social-icons\" data-id=\"7171be72\" data-element_type=\"widget\" data-e-type=\"widget\" data-widget_type=\"social-icons.default\">\n\t\t\t\t<div class=\"elementor-widget-container\">\n\t\t\t\t\t\t\t<div class=\"elementor-social-icons-wrapper elementor-grid\" role=\"list\">\n\t\t\t\t\t\t\t<span class=\"elementor-grid-item\" role=\"listitem\">\n\t\t\t\t\t<a class=\"elementor-icon elementor-social-icon elementor-social-icon-facebook elementor-animation-shrink elementor-repeater-item-90cb531\" href=\"https:\/\/www.facebook.com\/hindrumfjordsenter\" target=\"_blank\">\n\t\t\t\t\t\t<span class=\"elementor-screen-only\">Facebook<\/span>\n\t\t\t\t\t\t<i aria-hidden=\"true\" class=\"fab fa-facebook\"><\/i>\t\t\t\t\t<\/a>\n\t\t\t\t<\/span>\n\t\t\t\t\t\t\t<span class=\"elementor-grid-item\" role=\"listitem\">\n\t\t\t\t\t<a class=\"elementor-icon elementor-social-icon elementor-social-icon-instagram elementor-animation-shrink elementor-repeater-item-44445bd\" href=\"https:\/\/www.instagram.com\/hindrumfjordsenter\/\" target=\"_blank\">\n\t\t\t\t\t\t<span class=\"elementor-screen-only\">Instagram<\/span>\n\t\t\t\t\t\t<i aria-hidden=\"true\" class=\"fab fa-instagram\"><\/i>\t\t\t\t\t<\/a>\n\t\t\t\t<\/span>\n\t\t\t\t\t\t\t<span class=\"elementor-grid-item\" role=\"listitem\">\n\t\t\t\t\t<a class=\"elementor-icon elementor-social-icon elementor-social-icon-tripadvisor elementor-animation-shrink elementor-repeater-item-c5e2f5e\" href=\"https:\/\/www.tripadvisor.com\/HotelsManagementCenter?detail=17733201\" target=\"_blank\">\n\t\t\t\t\t\t<span class=\"elementor-screen-only\">Tripadvisor<\/span>\n\t\t\t\t\t\t<i aria-hidden=\"true\" class=\"fab fa-tripadvisor\"><\/i>\t\t\t\t\t<\/a>\n\t\t\t\t<\/span>\n\t\t\t\t\t<\/div>\n\t\t\t\t\t\t<\/div>\n\t\t\t\t<\/div>\n\t\t\t\t<div class=\"elementor-element elementor-element-234945f8 elementor-widget elementor-widget-spacer\" data-id=\"234945f8\" data-element_type=\"widget\" data-e-type=\"widget\" data-widget_type=\"spacer.default\">\n\t\t\t\t<div class=\"elementor-widget-container\">\n\t\t\t\t\t\t\t<div class=\"elementor-spacer\">\n\t\t\t<div class=\"elementor-spacer-inner\"><\/div>\n\t\t<\/div>\n\t\t\t\t\t\t<\/div>\n\t\t\t\t<\/div>\n\t\t\t\t\t<\/div>\n\t\t<\/div>\n\t\t\t\t\t<\/div>\n\t\t<\/section>\n\t\t\t\t<section class=\"elementor-section elementor-top-section elementor-element elementor-element-528c5e32 elementor-section-full_width elementor-section-height-default elementor-section-height-default\" data-id=\"528c5e32\" data-element_type=\"section\" data-e-type=\"section\" data-settings=\"{&quot;background_background&quot;:&quot;classic&quot;}\">\n\t\t\t\t\t\t<div class=\"elementor-container elementor-column-gap-default\">\n\t\t\t\t\t<div class=\"elementor-column elementor-col-100 elementor-top-column elementor-element elementor-element-42971605\" data-id=\"42971605\" data-element_type=\"column\" data-e-type=\"column\">\n\t\t\t<div class=\"elementor-widget-wrap elementor-element-populated\">\n\t\t\t\t\t\t<div class=\"elementor-element elementor-element-5cfde2e7 elementor-widget elementor-widget-image\" data-id=\"5cfde2e7\" data-element_type=\"widget\" data-e-type=\"widget\" data-widget_type=\"image.default\">\n\t\t\t\t<div class=\"elementor-widget-container\">\n\t\t\t\t\t\t\t\t\t\t\t\t\t\t\t\t<a href=\"https:\/\/www.hindrumfjordsenter.no\/\">\n\t\t\t\t\t\t\t<img fetchpriority=\"high\" decoding=\"async\" width=\"1041\" height=\"229\" src=\"https:\/\/www.hindrumfjordsenter.no\/wp-content\/uploads\/2021\/12\/Logo-2021-250x55-trans.png\" class=\"attachment-full size-full wp-image-37260\" alt=\"Hindrum Fjordsenter logo with compass rose transparent\" srcset=\"https:\/\/www.hindrumfjordsenter.no\/wp-content\/uploads\/2021\/12\/Logo-2021-250x55-trans.png 1041w, https:\/\/www.hindrumfjordsenter.no\/wp-content\/uploads\/2021\/12\/Logo-2021-250x55-trans-300x66.png 300w, https:\/\/www.hindrumfjordsenter.no\/wp-content\/uploads\/2021\/12\/Logo-2021-250x55-trans-1024x225.png 1024w, https:\/\/www.hindrumfjordsenter.no\/wp-content\/uploads\/2021\/12\/Logo-2021-250x55-trans-768x169.png 768w, https:\/\/www.hindrumfjordsenter.no\/wp-content\/uploads\/2021\/12\/Logo-2021-250x55-trans-920x202.png 920w, https:\/\/www.hindrumfjordsenter.no\/wp-content\/uploads\/2021\/12\/Logo-2021-250x55-trans-230x51.png 230w, https:\/\/www.hindrumfjordsenter.no\/wp-content\/uploads\/2021\/12\/Logo-2021-250x55-trans-350x77.png 350w, https:\/\/www.hindrumfjordsenter.no\/wp-content\/uploads\/2021\/12\/Logo-2021-250x55-trans-480x106.png 480w\" sizes=\"(max-width: 1041px) 100vw, 1041px\" \/>\t\t\t\t\t\t\t\t<\/a>\n\t\t\t\t\t\t\t\t\t\t\t\t\t\t\t<\/div>\n\t\t\t\t<\/div>\n\t\t\t\t\t<\/div>\n\t\t<\/div>\n\t\t\t\t\t<\/div>\n\t\t<\/section>\n\t\t\t\t<\/div>\n\t\t","protected":false},"excerpt":{"rendered":"<p>Trondheim Index \u2013 Din Guide til Historiske Skatter, Naturperler og Attraksjoner Fra middelalderens Nidarosdomen til moderne museer og vakre turomr\u00e5der \u2013 her [&hellip;]<\/p>\n","protected":false},"author":2,"featured_media":48978,"parent":3710,"menu_order":2,"comment_status":"closed","ping_status":"closed","template":"","meta":{"_eb_attr":"","footnotes":""},"class_list":["post-62367","page","type-page","status-publish","has-post-thumbnail","hentry"],"yoast_head":"<!-- This site is optimized with the Yoast SEO Premium plugin v27.4 (Yoast SEO v27.4) - https:\/\/yoast.com\/product\/yoast-seo-premium-wordpress\/ -->\n<title>Trondheim \u2013 p\u0159ehled \u2013 Historie, P\u0159\u00edroda a Pam\u00e1tky<\/title>\n<meta name=\"description\" content=\"Objevte Trondheim! Historie, p\u0159\u00edroda a kultura v srdci Tr\u00f8ndelagu. Muzea, pam\u00e1tky a atrakce v dosahu Hindrum Fjordsenter.\" \/>\n<meta name=\"robots\" content=\"index, follow, max-snippet:-1, max-image-preview:large, max-video-preview:-1\" \/>\n<link rel=\"canonical\" href=\"https:\/\/www.hindrumfjordsenter.no\/cs\/vitejte\/obchody_s_potravinami_a_restaurace\/mesto_trondheim\/muzea-priroda-atrakce-trondheim\/\" \/>\n<meta property=\"og:locale\" content=\"cs_CZ\" \/>\n<meta property=\"og:type\" content=\"article\" \/>\n<meta property=\"og:title\" content=\"Trondheim by kun en time \u00e5 kj\u00f8re fra Hindrum Fjordsenter (ferge inkludert)\" \/>\n<meta property=\"og:description\" content=\"Trondheim var Norges hovedstad fra 1030 til 1217. Her har du blant annet Nidaros katedral. Byen har spilt en n\u00f8kkelrolle i Norges historie.\" \/>\n<meta property=\"og:url\" content=\"https:\/\/www.hindrumfjordsenter.no\/cs\/vitejte\/obchody_s_potravinami_a_restaurace\/mesto_trondheim\/muzea-priroda-atrakce-trondheim\/\" \/>\n<meta property=\"og:site_name\" content=\"Hindrum Fjordsenter\" \/>\n<meta property=\"article:publisher\" content=\"https:\/\/www.facebook.com\/hindrumfjordsenter\/\" \/>\n<meta property=\"article:modified_time\" content=\"2025-03-29T18:57:27+00:00\" \/>\n<meta property=\"og:image\" content=\"https:\/\/www.hindrumfjordsenter.no\/wp-content\/uploads\/2022\/03\/Boats-mainpage-550x400-11.png\" \/>\n\t<meta property=\"og:image:width\" content=\"550\" \/>\n\t<meta property=\"og:image:height\" content=\"400\" \/>\n\t<meta property=\"og:image:type\" content=\"image\/png\" \/>\n<meta name=\"twitter:card\" content=\"summary_large_image\" \/>\n<meta name=\"twitter:title\" content=\"Trondheim by kun en time \u00e5 kj\u00f8re fra Hindrum Fjordsenter (ferge inkludert)\" \/>\n<meta name=\"twitter:description\" content=\"Trondheim var Norges hovedstad fra 1030 til 1217. Her har du blant annet Nidaros katedral. Byen har spilt en n\u00f8kkelrolle i Norges historie.\" \/>\n<meta name=\"twitter:image\" content=\"https:\/\/www.hindrumfjordsenter.no\/wp-content\/uploads\/2022\/03\/Boats-mainpage-550x400-11.png\" \/>\n<meta name=\"twitter:label1\" content=\"Odhadovan\u00e1 doba \u010dten\u00ed\" \/>\n\t<meta name=\"twitter:data1\" content=\"39 minut\" \/>\n<script type=\"application\/ld+json\" class=\"yoast-schema-graph\">{\"@context\":\"https:\\\/\\\/schema.org\",\"@graph\":[{\"@type\":\"WebPage\",\"@id\":\"https:\\\/\\\/www.hindrumfjordsenter.no\\\/cs\\\/vitejte\\\/obchody_s_potravinami_a_restaurace\\\/mesto_trondheim\\\/muzea-priroda-atrakce-trondheim\\\/\",\"url\":\"https:\\\/\\\/www.hindrumfjordsenter.no\\\/cs\\\/vitejte\\\/obchody_s_potravinami_a_restaurace\\\/mesto_trondheim\\\/muzea-priroda-atrakce-trondheim\\\/\",\"name\":\"Trondheim \u2013 p\u0159ehled \u2013 Historie, P\u0159\u00edroda a Pam\u00e1tky\",\"isPartOf\":{\"@id\":\"https:\\\/\\\/www.hindrumfjordsenter.no\\\/cs\\\/#website\"},\"primaryImageOfPage\":{\"@id\":\"https:\\\/\\\/www.hindrumfjordsenter.no\\\/cs\\\/vitejte\\\/obchody_s_potravinami_a_restaurace\\\/mesto_trondheim\\\/muzea-priroda-atrakce-trondheim\\\/#primaryimage\"},\"image\":{\"@id\":\"https:\\\/\\\/www.hindrumfjordsenter.no\\\/cs\\\/vitejte\\\/obchody_s_potravinami_a_restaurace\\\/mesto_trondheim\\\/muzea-priroda-atrakce-trondheim\\\/#primaryimage\"},\"thumbnailUrl\":\"https:\\\/\\\/www.hindrumfjordsenter.no\\\/wp-content\\\/uploads\\\/2022\\\/04\\\/standard_trondheim.webp\",\"datePublished\":\"2025-03-17T13:00:32+00:00\",\"dateModified\":\"2025-03-29T18:57:27+00:00\",\"description\":\"Objevte Trondheim! Historie, p\u0159\u00edroda a kultura v srdci Tr\u00f8ndelagu. Muzea, pam\u00e1tky a atrakce v dosahu Hindrum Fjordsenter.\",\"breadcrumb\":{\"@id\":\"https:\\\/\\\/www.hindrumfjordsenter.no\\\/cs\\\/vitejte\\\/obchody_s_potravinami_a_restaurace\\\/mesto_trondheim\\\/muzea-priroda-atrakce-trondheim\\\/#breadcrumb\"},\"inLanguage\":\"cs\",\"potentialAction\":[{\"@type\":\"ReadAction\",\"target\":[\"https:\\\/\\\/www.hindrumfjordsenter.no\\\/cs\\\/vitejte\\\/obchody_s_potravinami_a_restaurace\\\/mesto_trondheim\\\/muzea-priroda-atrakce-trondheim\\\/\"]}]},{\"@type\":\"ImageObject\",\"inLanguage\":\"cs\",\"@id\":\"https:\\\/\\\/www.hindrumfjordsenter.no\\\/cs\\\/vitejte\\\/obchody_s_potravinami_a_restaurace\\\/mesto_trondheim\\\/muzea-priroda-atrakce-trondheim\\\/#primaryimage\",\"url\":\"https:\\\/\\\/www.hindrumfjordsenter.no\\\/wp-content\\\/uploads\\\/2022\\\/04\\\/standard_trondheim.webp\",\"contentUrl\":\"https:\\\/\\\/www.hindrumfjordsenter.no\\\/wp-content\\\/uploads\\\/2022\\\/04\\\/standard_trondheim.webp\",\"width\":990,\"height\":1200,\"caption\":\"Weapon shield Trondheim city\"},{\"@type\":\"BreadcrumbList\",\"@id\":\"https:\\\/\\\/www.hindrumfjordsenter.no\\\/cs\\\/vitejte\\\/obchody_s_potravinami_a_restaurace\\\/mesto_trondheim\\\/muzea-priroda-atrakce-trondheim\\\/#breadcrumb\",\"itemListElement\":[{\"@type\":\"ListItem\",\"position\":1,\"name\":\"Home\",\"item\":\"https:\\\/\\\/www.hindrumfjordsenter.no\\\/cs\\\/\"},{\"@type\":\"ListItem\",\"position\":2,\"name\":\"V\u00edtejte\",\"item\":\"https:\\\/\\\/www.hindrumfjordsenter.no\\\/cs\\\/\"},{\"@type\":\"ListItem\",\"position\":3,\"name\":\"Obchody,restaurace a slu\u017eby v okol\u00ed\",\"item\":\"https:\\\/\\\/www.hindrumfjordsenter.no\\\/cs\\\/vitejte\\\/obchody_s_potravinami_a_restaurace\\\/\"},{\"@type\":\"ListItem\",\"position\":4,\"name\":\"Trondheim \u2013 M\u011bsto, kde se setk\u00e1v\u00e1 historie, technologie a p\u0159\u00edroda\",\"item\":\"https:\\\/\\\/www.hindrumfjordsenter.no\\\/cs\\\/vitejte\\\/obchody_s_potravinami_a_restaurace\\\/mesto_trondheim\\\/\"},{\"@type\":\"ListItem\",\"position\":5,\"name\":\"Trondheim P\u0159ehled\"}]},{\"@type\":\"WebSite\",\"@id\":\"https:\\\/\\\/www.hindrumfjordsenter.no\\\/cs\\\/#website\",\"url\":\"https:\\\/\\\/www.hindrumfjordsenter.no\\\/cs\\\/\",\"name\":\"Hindrum Fjordsenter\",\"description\":\"Fjord Paradise\",\"publisher\":{\"@id\":\"https:\\\/\\\/www.hindrumfjordsenter.no\\\/cs\\\/#organization\"},\"potentialAction\":[{\"@type\":\"SearchAction\",\"target\":{\"@type\":\"EntryPoint\",\"urlTemplate\":\"https:\\\/\\\/www.hindrumfjordsenter.no\\\/cs\\\/?s={search_term_string}\"},\"query-input\":{\"@type\":\"PropertyValueSpecification\",\"valueRequired\":true,\"valueName\":\"search_term_string\"}}],\"inLanguage\":\"cs\"},{\"@type\":\"Organization\",\"@id\":\"https:\\\/\\\/www.hindrumfjordsenter.no\\\/cs\\\/#organization\",\"name\":\"Hindrum Fjordsenter\",\"url\":\"https:\\\/\\\/www.hindrumfjordsenter.no\\\/cs\\\/\",\"logo\":{\"@type\":\"ImageObject\",\"inLanguage\":\"cs\",\"@id\":\"https:\\\/\\\/www.hindrumfjordsenter.no\\\/cs\\\/#\\\/schema\\\/logo\\\/image\\\/\",\"url\":\"https:\\\/\\\/www.hindrumfjordsenter.no\\\/wp-content\\\/uploads\\\/2021\\\/12\\\/Site-icon-desember-2021.webp\",\"contentUrl\":\"https:\\\/\\\/www.hindrumfjordsenter.no\\\/wp-content\\\/uploads\\\/2021\\\/12\\\/Site-icon-desember-2021.webp\",\"width\":512,\"height\":512,\"caption\":\"Hindrum Fjordsenter\"},\"image\":{\"@id\":\"https:\\\/\\\/www.hindrumfjordsenter.no\\\/cs\\\/#\\\/schema\\\/logo\\\/image\\\/\"},\"sameAs\":[\"https:\\\/\\\/www.facebook.com\\\/hindrumfjordsenter\\\/\"]}]}<\/script>\n<!-- \/ Yoast SEO Premium plugin. -->","yoast_head_json":{"title":"Trondheim \u2013 p\u0159ehled \u2013 Historie, P\u0159\u00edroda a Pam\u00e1tky","description":"Objevte Trondheim! Historie, p\u0159\u00edroda a kultura v srdci Tr\u00f8ndelagu. Muzea, pam\u00e1tky a atrakce v dosahu Hindrum Fjordsenter.","robots":{"index":"index","follow":"follow","max-snippet":"max-snippet:-1","max-image-preview":"max-image-preview:large","max-video-preview":"max-video-preview:-1"},"canonical":"https:\/\/www.hindrumfjordsenter.no\/cs\/vitejte\/obchody_s_potravinami_a_restaurace\/mesto_trondheim\/muzea-priroda-atrakce-trondheim\/","og_locale":"cs_CZ","og_type":"article","og_title":"Trondheim by kun en time \u00e5 kj\u00f8re fra Hindrum Fjordsenter (ferge inkludert)","og_description":"Trondheim var Norges hovedstad fra 1030 til 1217. Her har du blant annet Nidaros katedral. Byen har spilt en n\u00f8kkelrolle i Norges historie.","og_url":"https:\/\/www.hindrumfjordsenter.no\/cs\/vitejte\/obchody_s_potravinami_a_restaurace\/mesto_trondheim\/muzea-priroda-atrakce-trondheim\/","og_site_name":"Hindrum Fjordsenter","article_publisher":"https:\/\/www.facebook.com\/hindrumfjordsenter\/","article_modified_time":"2025-03-29T18:57:27+00:00","og_image":[{"width":550,"height":400,"url":"https:\/\/www.hindrumfjordsenter.no\/wp-content\/uploads\/2022\/03\/Boats-mainpage-550x400-11.png","type":"image\/png"}],"twitter_card":"summary_large_image","twitter_title":"Trondheim by kun en time \u00e5 kj\u00f8re fra Hindrum Fjordsenter (ferge inkludert)","twitter_description":"Trondheim var Norges hovedstad fra 1030 til 1217. Her har du blant annet Nidaros katedral. Byen har spilt en n\u00f8kkelrolle i Norges historie.","twitter_image":"https:\/\/www.hindrumfjordsenter.no\/wp-content\/uploads\/2022\/03\/Boats-mainpage-550x400-11.png","twitter_misc":{"Odhadovan\u00e1 doba \u010dten\u00ed":"39 minut"},"schema":{"@context":"https:\/\/schema.org","@graph":[{"@type":"WebPage","@id":"https:\/\/www.hindrumfjordsenter.no\/cs\/vitejte\/obchody_s_potravinami_a_restaurace\/mesto_trondheim\/muzea-priroda-atrakce-trondheim\/","url":"https:\/\/www.hindrumfjordsenter.no\/cs\/vitejte\/obchody_s_potravinami_a_restaurace\/mesto_trondheim\/muzea-priroda-atrakce-trondheim\/","name":"Trondheim \u2013 p\u0159ehled \u2013 Historie, P\u0159\u00edroda a Pam\u00e1tky","isPartOf":{"@id":"https:\/\/www.hindrumfjordsenter.no\/cs\/#website"},"primaryImageOfPage":{"@id":"https:\/\/www.hindrumfjordsenter.no\/cs\/vitejte\/obchody_s_potravinami_a_restaurace\/mesto_trondheim\/muzea-priroda-atrakce-trondheim\/#primaryimage"},"image":{"@id":"https:\/\/www.hindrumfjordsenter.no\/cs\/vitejte\/obchody_s_potravinami_a_restaurace\/mesto_trondheim\/muzea-priroda-atrakce-trondheim\/#primaryimage"},"thumbnailUrl":"https:\/\/www.hindrumfjordsenter.no\/wp-content\/uploads\/2022\/04\/standard_trondheim.webp","datePublished":"2025-03-17T13:00:32+00:00","dateModified":"2025-03-29T18:57:27+00:00","description":"Objevte Trondheim! Historie, p\u0159\u00edroda a kultura v srdci Tr\u00f8ndelagu. Muzea, pam\u00e1tky a atrakce v dosahu Hindrum Fjordsenter.","breadcrumb":{"@id":"https:\/\/www.hindrumfjordsenter.no\/cs\/vitejte\/obchody_s_potravinami_a_restaurace\/mesto_trondheim\/muzea-priroda-atrakce-trondheim\/#breadcrumb"},"inLanguage":"cs","potentialAction":[{"@type":"ReadAction","target":["https:\/\/www.hindrumfjordsenter.no\/cs\/vitejte\/obchody_s_potravinami_a_restaurace\/mesto_trondheim\/muzea-priroda-atrakce-trondheim\/"]}]},{"@type":"ImageObject","inLanguage":"cs","@id":"https:\/\/www.hindrumfjordsenter.no\/cs\/vitejte\/obchody_s_potravinami_a_restaurace\/mesto_trondheim\/muzea-priroda-atrakce-trondheim\/#primaryimage","url":"https:\/\/www.hindrumfjordsenter.no\/wp-content\/uploads\/2022\/04\/standard_trondheim.webp","contentUrl":"https:\/\/www.hindrumfjordsenter.no\/wp-content\/uploads\/2022\/04\/standard_trondheim.webp","width":990,"height":1200,"caption":"Weapon shield Trondheim city"},{"@type":"BreadcrumbList","@id":"https:\/\/www.hindrumfjordsenter.no\/cs\/vitejte\/obchody_s_potravinami_a_restaurace\/mesto_trondheim\/muzea-priroda-atrakce-trondheim\/#breadcrumb","itemListElement":[{"@type":"ListItem","position":1,"name":"Home","item":"https:\/\/www.hindrumfjordsenter.no\/cs\/"},{"@type":"ListItem","position":2,"name":"V\u00edtejte","item":"https:\/\/www.hindrumfjordsenter.no\/cs\/"},{"@type":"ListItem","position":3,"name":"Obchody,restaurace a slu\u017eby v okol\u00ed","item":"https:\/\/www.hindrumfjordsenter.no\/cs\/vitejte\/obchody_s_potravinami_a_restaurace\/"},{"@type":"ListItem","position":4,"name":"Trondheim \u2013 M\u011bsto, kde se setk\u00e1v\u00e1 historie, technologie a p\u0159\u00edroda","item":"https:\/\/www.hindrumfjordsenter.no\/cs\/vitejte\/obchody_s_potravinami_a_restaurace\/mesto_trondheim\/"},{"@type":"ListItem","position":5,"name":"Trondheim P\u0159ehled"}]},{"@type":"WebSite","@id":"https:\/\/www.hindrumfjordsenter.no\/cs\/#website","url":"https:\/\/www.hindrumfjordsenter.no\/cs\/","name":"Hindrum Fjordsenter","description":"Fjord Paradise","publisher":{"@id":"https:\/\/www.hindrumfjordsenter.no\/cs\/#organization"},"potentialAction":[{"@type":"SearchAction","target":{"@type":"EntryPoint","urlTemplate":"https:\/\/www.hindrumfjordsenter.no\/cs\/?s={search_term_string}"},"query-input":{"@type":"PropertyValueSpecification","valueRequired":true,"valueName":"search_term_string"}}],"inLanguage":"cs"},{"@type":"Organization","@id":"https:\/\/www.hindrumfjordsenter.no\/cs\/#organization","name":"Hindrum Fjordsenter","url":"https:\/\/www.hindrumfjordsenter.no\/cs\/","logo":{"@type":"ImageObject","inLanguage":"cs","@id":"https:\/\/www.hindrumfjordsenter.no\/cs\/#\/schema\/logo\/image\/","url":"https:\/\/www.hindrumfjordsenter.no\/wp-content\/uploads\/2021\/12\/Site-icon-desember-2021.webp","contentUrl":"https:\/\/www.hindrumfjordsenter.no\/wp-content\/uploads\/2021\/12\/Site-icon-desember-2021.webp","width":512,"height":512,"caption":"Hindrum Fjordsenter"},"image":{"@id":"https:\/\/www.hindrumfjordsenter.no\/cs\/#\/schema\/logo\/image\/"},"sameAs":["https:\/\/www.facebook.com\/hindrumfjordsenter\/"]}]}},"_links":{"self":[{"href":"https:\/\/www.hindrumfjordsenter.no\/cs\/wp-json\/wp\/v2\/pages\/62367","targetHints":{"allow":["GET"]}}],"collection":[{"href":"https:\/\/www.hindrumfjordsenter.no\/cs\/wp-json\/wp\/v2\/pages"}],"about":[{"href":"https:\/\/www.hindrumfjordsenter.no\/cs\/wp-json\/wp\/v2\/types\/page"}],"author":[{"embeddable":true,"href":"https:\/\/www.hindrumfjordsenter.no\/cs\/wp-json\/wp\/v2\/users\/2"}],"replies":[{"embeddable":true,"href":"https:\/\/www.hindrumfjordsenter.no\/cs\/wp-json\/wp\/v2\/comments?post=62367"}],"version-history":[{"count":6,"href":"https:\/\/www.hindrumfjordsenter.no\/cs\/wp-json\/wp\/v2\/pages\/62367\/revisions"}],"predecessor-version":[{"id":62966,"href":"https:\/\/www.hindrumfjordsenter.no\/cs\/wp-json\/wp\/v2\/pages\/62367\/revisions\/62966"}],"up":[{"embeddable":true,"href":"https:\/\/www.hindrumfjordsenter.no\/cs\/wp-json\/wp\/v2\/pages\/3710"}],"wp:featuredmedia":[{"embeddable":true,"href":"https:\/\/www.hindrumfjordsenter.no\/cs\/wp-json\/wp\/v2\/media\/48978"}],"wp:attachment":[{"href":"https:\/\/www.hindrumfjordsenter.no\/cs\/wp-json\/wp\/v2\/media?parent=62367"}],"curies":[{"name":"wp","href":"https:\/\/api.w.org\/{rel}","templated":true}]}}